{"id":11961,"date":"2018-10-10T21:44:38","date_gmt":"2018-10-10T19:44:38","guid":{"rendered":"https:\/\/arhitekta.co.rs\/en\/?page_id=11961"},"modified":"2021-11-12T15:56:56","modified_gmt":"2021-11-12T13:56:56","slug":"news","status":"publish","type":"page","link":"https:\/\/arhitekta.co.rs\/en\/news\/","title":{"rendered":"NEWS"},"content":{"rendered":"<div class=\"limit-wrapper\"><div class=\"row \"><div class=\"wpv-grid grid-1-1  wpv-first-level first unextended no-extended-padding\" style=\"padding-top:0.05px;padding-bottom:0.05px;\" id=\"wpv-column-0b29446c11c890071667839961f3f22c\" ><h1 style=\"text-align: center;\">NEWS<\/h1>\n<h3 style=\"text-align: center;\">Novelties and events, the latest products, famous brands and ideas from top designers<div class=\"push \" style=\"height:30px\"><\/div><\/h3><\/div><\/div><\/div>\n<div class=\"limit-wrapper\"><div class=\"row \"><div class=\"wpv-grid grid-1-1  wpv-first-level first unextended no-extended-padding\" style=\"padding-top:0.05px;padding-bottom:0.05px;\" id=\"wpv-column-db65db9c8b30d8df45112eadccded573\" ><div class=\"loop-wrapper clearfix news row masonry not-paginated vamtam-cubeportfolio cbp\" data-columns=\"2\"  data-options=\"{&quot;layoutMode&quot;:&quot;mosaic&quot;,&quot;sortToPreventGaps&quot;:true,&quot;defaultFilter&quot;:&quot;*&quot;,&quot;animationType&quot;:&quot;quicksand&quot;,&quot;gapHorizontal&quot;:0,&quot;gapVertical&quot;:30,&quot;gridAdjustment&quot;:&quot;responsive&quot;,&quot;mediaQueries&quot;:[{&quot;width&quot;:625,&quot;cols&quot;:2},{&quot;width&quot;:297.5,&quot;cols&quot;:1}],&quot;displayType&quot;:&quot;bottomToTop&quot;,&quot;displayTypeSpeed&quot;:100}\">\n\t\t\t<div class=\"page-content post-header grid-1-2 clearboth list-item cbp-item post-29446 post type-post status-publish format-standard has-post-thumbnail hentry category-arhitekta-forum category-events category-news tag-arhitekta-forum-5 tag-arhitekta-magazine tag-belgrade-architecture tag-mts-dvorana tag-reurbanization tag-urbanism\" >\n\t\t\t\t<div>\n\t\t\t\t\t<div class=\"post-article has-image-wrapper \">\n\t<div class=\"standard-post-format clearfix as-image \">\n\t\t<div class=\"post-media-date\">\n\t\t\t<div class=\"thumbnail\">\n\t\t\t\t\t\t\t<a href=\"https:\/\/arhitekta.co.rs\/en\/events\/arhitekta-forum-5-belgrade-reurbanization\/\" title=\"Arhitekta Forum 5: Reurbanization as the Key to Future Cities\">\n\t\t\t\t\t<img loading=\"lazy\" decoding=\"async\" width=\"685\" height=\"343\" src=\"https:\/\/arhitekta.co.rs\/en\/wp-content\/uploads\/2026\/04\/Arhitekta-Forum-5-685x343.jpg\" class=\"attachment-theme-normal-2 size-theme-normal-2 wp-post-image\" alt=\"\" srcset=\"https:\/\/arhitekta.co.rs\/en\/wp-content\/uploads\/2026\/04\/Arhitekta-Forum-5-685x343.jpg 685w, https:\/\/arhitekta.co.rs\/en\/wp-content\/uploads\/2026\/04\/Arhitekta-Forum-5-768x384.jpg 768w, https:\/\/arhitekta.co.rs\/en\/wp-content\/uploads\/2026\/04\/Arhitekta-Forum-5-500x250.jpg 500w, https:\/\/arhitekta.co.rs\/en\/wp-content\/uploads\/2026\/04\/Arhitekta-Forum-5-800x400.jpg 800w, https:\/\/arhitekta.co.rs\/en\/wp-content\/uploads\/2026\/04\/Arhitekta-Forum-5-446x223.jpg 446w, https:\/\/arhitekta.co.rs\/en\/wp-content\/uploads\/2026\/04\/Arhitekta-Forum-5-327x164.jpg 327w, https:\/\/arhitekta.co.rs\/en\/wp-content\/uploads\/2026\/04\/Arhitekta-Forum-5-600x300.jpg 600w, https:\/\/arhitekta.co.rs\/en\/wp-content\/uploads\/2026\/04\/Arhitekta-Forum-5.jpg 1000w\" sizes=\"auto, (min-width: 900px) 50vw, 100vw\" \/>\t\t\t\t\t<span class='icon shortcode theme  use-hover' style=''>&#58897;<\/span>\t\t\t\t<\/a>\n\t\t\t\t\t<\/div>\n\t\t<div class=\"post-actions-wrapper clearfix\">\n\t\t\t\t\t<div class=\"post-date\">\n\t\t\t\tApril 9, 2026\t\t\t<\/div>\n\t\t\t\t\t\t\t\n\t\t\t\t\t\t<\/div>\n\n<\/div>\n\t<div class=\"post-content-wrapper\">\n\t\t\t\t<header class=\"single\">\n\t\t\t<div class=\"content\">\n\t\t\t\t<h3>\n\t\t\t\t\t<a href=\"https:\/\/arhitekta.co.rs\/en\/events\/arhitekta-forum-5-belgrade-reurbanization\/\" title=\"Arhitekta Forum 5: Reurbanization as the Key to Future Cities\" class=\"entry-title\">Arhitekta Forum 5: Reurbanization as the Key to Future Cities<\/a>\n\t\t\t\t<\/h3>\n\t\t\t<\/div>\n\t\t<\/header>\n\t\n\t\t<div class=\"post-content-outer\">\n\t\t\t<p>On May 9, 2026, Belgrade will once again become the epicenter of the architectural profession&#8230;.<\/p>\n\t\t<\/div>\n\n\t\t\n\t\t\t\t\t<div class=\"post-content-meta\">\n\t\t\t\t<div>\n\t\t\t\t\tPosted in:  <a href=\"https:\/\/arhitekta.co.rs\/en\/category\/arhitekta-forum\/\" rel=\"category tag\">Arhitekta Forum<\/a>, <a href=\"https:\/\/arhitekta.co.rs\/en\/category\/events\/\" rel=\"category tag\">Events<\/a>, <a href=\"https:\/\/arhitekta.co.rs\/en\/category\/news\/\" rel=\"category tag\">News<\/a>\t\t\t\t<\/div>\n\t\t\t\t<div class=\"the-tags\">Tags: <a href=\"https:\/\/arhitekta.co.rs\/en\/tag\/arhitekta-forum-5\/\" rel=\"tag\">Arhitekta Forum 5<\/a>, <a href=\"https:\/\/arhitekta.co.rs\/en\/tag\/arhitekta-magazine\/\" rel=\"tag\">Arhitekta Magazine<\/a>, <a href=\"https:\/\/arhitekta.co.rs\/en\/tag\/belgrade-architecture\/\" rel=\"tag\">Belgrade Architecture<\/a>, <a href=\"https:\/\/arhitekta.co.rs\/en\/tag\/mts-dvorana\/\" rel=\"tag\">MTS Dvorana<\/a>, <a href=\"https:\/\/arhitekta.co.rs\/en\/tag\/reurbanization\/\" rel=\"tag\">Reurbanization<\/a>, <a href=\"https:\/\/arhitekta.co.rs\/en\/tag\/urbanism\/\" rel=\"tag\">urbanism<\/a><\/div>\t\t\t<\/div>\n\t\t\t<\/div>\n\t<\/div>\n<\/div>\n\t\t\t\t<\/div>\n\t\t\t<\/div>\n\t\t\t<div class=\"page-content post-header grid-1-2 list-item cbp-item post-29423 post type-post status-publish format-standard has-post-thumbnail hentry category-events category-news tag-budapest-architecture-events tag-climate-adaptive-design tag-edge-architecture-festival-budapest-2026 tag-edge-fest-budapest tag-epiteszforum tag-experimental-architecture tag-future-cities tag-mvrdv tag-oppenheim-architecture tag-studio-gang tag-urban-design tag-winy-maas\" >\n\t\t\t\t<div>\n\t\t\t\t\t<div class=\"post-article has-image-wrapper \">\n\t<div class=\"standard-post-format clearfix as-image \">\n\t\t<div class=\"post-media-date\">\n\t\t\t<div class=\"thumbnail\">\n\t\t\t\t\t\t\t<a href=\"https:\/\/arhitekta.co.rs\/en\/events\/edge-architecture-festival-budapest-2026\/\" title=\"Winy Maas (MVRDV), Studio Gang and Oppenheim Architecture Among Speakers at EDGE Architecture Festival Budapest 2026\">\n\t\t\t\t\t<img loading=\"lazy\" decoding=\"async\" width=\"685\" height=\"457\" src=\"https:\/\/arhitekta.co.rs\/en\/wp-content\/uploads\/2026\/04\/EDGE-Fest-roundtable-685x457.jpg\" class=\"attachment-theme-normal-2 size-theme-normal-2 wp-post-image\" alt=\"Highlights from the EDGE Architecture Festival Budapest 2025 - EDGE Fest Archive\" srcset=\"https:\/\/arhitekta.co.rs\/en\/wp-content\/uploads\/2026\/04\/EDGE-Fest-roundtable-685x457.jpg 685w, https:\/\/arhitekta.co.rs\/en\/wp-content\/uploads\/2026\/04\/EDGE-Fest-roundtable-768x512.jpg 768w, https:\/\/arhitekta.co.rs\/en\/wp-content\/uploads\/2026\/04\/EDGE-Fest-roundtable-500x334.jpg 500w, https:\/\/arhitekta.co.rs\/en\/wp-content\/uploads\/2026\/04\/EDGE-Fest-roundtable-800x534.jpg 800w, https:\/\/arhitekta.co.rs\/en\/wp-content\/uploads\/2026\/04\/EDGE-Fest-roundtable-446x297.jpg 446w, https:\/\/arhitekta.co.rs\/en\/wp-content\/uploads\/2026\/04\/EDGE-Fest-roundtable-327x218.jpg 327w, https:\/\/arhitekta.co.rs\/en\/wp-content\/uploads\/2026\/04\/EDGE-Fest-roundtable-600x400.jpg 600w, https:\/\/arhitekta.co.rs\/en\/wp-content\/uploads\/2026\/04\/EDGE-Fest-roundtable.jpg 1000w\" sizes=\"auto, (min-width: 900px) 50vw, 100vw\" \/>\t\t\t\t\t<span class='icon shortcode theme  use-hover' style=''>&#58897;<\/span>\t\t\t\t<\/a>\n\t\t\t\t\t<\/div>\n\t\t<div class=\"post-actions-wrapper clearfix\">\n\t\t\t\t\t<div class=\"post-date\">\n\t\t\t\tApril 8, 2026\t\t\t<\/div>\n\t\t\t\t\t\t\t\n\t\t\t\t\t\t<\/div>\n\n<\/div>\n\t<div class=\"post-content-wrapper\">\n\t\t\t\t<header class=\"single\">\n\t\t\t<div class=\"content\">\n\t\t\t\t<h3>\n\t\t\t\t\t<a href=\"https:\/\/arhitekta.co.rs\/en\/events\/edge-architecture-festival-budapest-2026\/\" title=\"Winy Maas (MVRDV), Studio Gang and Oppenheim Architecture Among Speakers at EDGE Architecture Festival Budapest 2026\" class=\"entry-title\">Winy Maas (MVRDV), Studio Gang and Oppenheim Architecture Among Speakers at EDGE Architecture Festival Budapest 2026<\/a>\n\t\t\t\t<\/h3>\n\t\t\t<\/div>\n\t\t<\/header>\n\t\n\t\t<div class=\"post-content-outer\">\n\t\t\t<p>The second edition of EDGE Architecture Festival Budapest (EDGE Fest), organised by \u00c9p\u00edt\u00e9szf\u00f3rum, will take&#8230;<\/p>\n\t\t<\/div>\n\n\t\t\n\t\t\t\t\t<div class=\"post-content-meta\">\n\t\t\t\t<div>\n\t\t\t\t\tPosted in:  <a href=\"https:\/\/arhitekta.co.rs\/en\/category\/events\/\" rel=\"category tag\">Events<\/a>, <a href=\"https:\/\/arhitekta.co.rs\/en\/category\/news\/\" rel=\"category tag\">News<\/a>\t\t\t\t<\/div>\n\t\t\t\t<div class=\"the-tags\">Tags: <a href=\"https:\/\/arhitekta.co.rs\/en\/tag\/budapest-architecture-events\/\" rel=\"tag\">Budapest architecture events<\/a>, <a href=\"https:\/\/arhitekta.co.rs\/en\/tag\/climate-adaptive-design\/\" rel=\"tag\">climate-adaptive design<\/a>, <a href=\"https:\/\/arhitekta.co.rs\/en\/tag\/edge-architecture-festival-budapest-2026\/\" rel=\"tag\">EDGE Architecture Festival Budapest 2026<\/a>, <a href=\"https:\/\/arhitekta.co.rs\/en\/tag\/edge-fest-budapest\/\" rel=\"tag\">EDGE Fest Budapest<\/a>, <a href=\"https:\/\/arhitekta.co.rs\/en\/tag\/epiteszforum\/\" rel=\"tag\">\u00c9p\u00edt\u00e9szf\u00f3rum<\/a>, <a href=\"https:\/\/arhitekta.co.rs\/en\/tag\/experimental-architecture\/\" rel=\"tag\">experimental architecture<\/a>, <a href=\"https:\/\/arhitekta.co.rs\/en\/tag\/future-cities\/\" rel=\"tag\">future cities<\/a>, <a href=\"https:\/\/arhitekta.co.rs\/en\/tag\/mvrdv\/\" rel=\"tag\">MVRDV<\/a>, <a href=\"https:\/\/arhitekta.co.rs\/en\/tag\/oppenheim-architecture\/\" rel=\"tag\">Oppenheim Architecture<\/a>, <a href=\"https:\/\/arhitekta.co.rs\/en\/tag\/studio-gang\/\" rel=\"tag\">Studio Gang<\/a>, <a href=\"https:\/\/arhitekta.co.rs\/en\/tag\/urban-design\/\" rel=\"tag\">urban design<\/a>, <a href=\"https:\/\/arhitekta.co.rs\/en\/tag\/winy-maas\/\" rel=\"tag\">Winy Maas<\/a><\/div>\t\t\t<\/div>\n\t\t\t<\/div>\n\t<\/div>\n<\/div>\n\t\t\t\t<\/div>\n\t\t\t<\/div>\n\t\t\t<div class=\"page-content post-header grid-1-2 clearboth list-item cbp-item post-29389 post type-post status-publish format-standard has-post-thumbnail hentry category-events category-news tag-architecture-festival-slovenia tag-big-see-awards tag-big-see-festival-2026 tag-design-conference-2026 tag-foster-partners tag-grando-portoroz tag-portoroz-events tag-product-design-awards tag-renzo-piano-building-workshop tag-south-east-europe-design tag-sustainable-architecture\" >\n\t\t\t\t<div>\n\t\t\t\t\t<div class=\"post-article has-image-wrapper \">\n\t<div class=\"standard-post-format clearfix as-image \">\n\t\t<div class=\"post-media-date\">\n\t\t\t<div class=\"thumbnail\">\n\t\t\t\t\t\t\t<a href=\"https:\/\/arhitekta.co.rs\/en\/events\/big-see-festival-2026-portoroz\/\" title=\"BIG SEE Festival 2026 | Architecture. Design. Make Sense.\">\n\t\t\t\t\t<img loading=\"lazy\" decoding=\"async\" width=\"685\" height=\"457\" src=\"https:\/\/arhitekta.co.rs\/en\/wp-content\/uploads\/2026\/04\/BIG-SEE-Festival-2026-Portoroz-arhitektura-685x457.jpg\" class=\"attachment-theme-normal-2 size-theme-normal-2 wp-post-image\" alt=\"BIG SEE Festival 2026: Architecture &amp; Design in Portoro\u017e\" srcset=\"https:\/\/arhitekta.co.rs\/en\/wp-content\/uploads\/2026\/04\/BIG-SEE-Festival-2026-Portoroz-arhitektura-685x457.jpg 685w, https:\/\/arhitekta.co.rs\/en\/wp-content\/uploads\/2026\/04\/BIG-SEE-Festival-2026-Portoroz-arhitektura-1000x667.jpg 1000w, https:\/\/arhitekta.co.rs\/en\/wp-content\/uploads\/2026\/04\/BIG-SEE-Festival-2026-Portoroz-arhitektura-768x512.jpg 768w, https:\/\/arhitekta.co.rs\/en\/wp-content\/uploads\/2026\/04\/BIG-SEE-Festival-2026-Portoroz-arhitektura-500x333.jpg 500w, https:\/\/arhitekta.co.rs\/en\/wp-content\/uploads\/2026\/04\/BIG-SEE-Festival-2026-Portoroz-arhitektura-800x533.jpg 800w, https:\/\/arhitekta.co.rs\/en\/wp-content\/uploads\/2026\/04\/BIG-SEE-Festival-2026-Portoroz-arhitektura-446x297.jpg 446w, https:\/\/arhitekta.co.rs\/en\/wp-content\/uploads\/2026\/04\/BIG-SEE-Festival-2026-Portoroz-arhitektura-327x218.jpg 327w, https:\/\/arhitekta.co.rs\/en\/wp-content\/uploads\/2026\/04\/BIG-SEE-Festival-2026-Portoroz-arhitektura-600x400.jpg 600w, https:\/\/arhitekta.co.rs\/en\/wp-content\/uploads\/2026\/04\/BIG-SEE-Festival-2026-Portoroz-arhitektura.jpg 1050w\" sizes=\"auto, (min-width: 900px) 50vw, 100vw\" \/>\t\t\t\t\t<span class='icon shortcode theme  use-hover' style=''>&#58897;<\/span>\t\t\t\t<\/a>\n\t\t\t\t\t<\/div>\n\t\t<div class=\"post-actions-wrapper clearfix\">\n\t\t\t\t\t<div class=\"post-date\">\n\t\t\t\tApril 4, 2026\t\t\t<\/div>\n\t\t\t\t\t\t\t\n\t\t\t\t\t\t<\/div>\n\n<\/div>\n\t<div class=\"post-content-wrapper\">\n\t\t\t\t<header class=\"single\">\n\t\t\t<div class=\"content\">\n\t\t\t\t<h3>\n\t\t\t\t\t<a href=\"https:\/\/arhitekta.co.rs\/en\/events\/big-see-festival-2026-portoroz\/\" title=\"BIG SEE Festival 2026 | Architecture. Design. Make Sense.\" class=\"entry-title\">BIG SEE Festival 2026 | Architecture. Design. Make Sense.<\/a>\n\t\t\t\t<\/h3>\n\t\t\t<\/div>\n\t\t<\/header>\n\t\n\t\t<div class=\"post-content-outer\">\n\t\t\t<p>The BIG SEE Festival returns on May 21-22, 2026, to Portoro\u017e, Slovenia, as the leading&#8230;<\/p>\n\t\t<\/div>\n\n\t\t\n\t\t\t\t\t<div class=\"post-content-meta\">\n\t\t\t\t<div>\n\t\t\t\t\tPosted in:  <a href=\"https:\/\/arhitekta.co.rs\/en\/category\/events\/\" rel=\"category tag\">Events<\/a>, <a href=\"https:\/\/arhitekta.co.rs\/en\/category\/news\/\" rel=\"category tag\">News<\/a>\t\t\t\t<\/div>\n\t\t\t\t<div class=\"the-tags\">Tags: <a href=\"https:\/\/arhitekta.co.rs\/en\/tag\/architecture-festival-slovenia\/\" rel=\"tag\">Architecture Festival Slovenia<\/a>, <a href=\"https:\/\/arhitekta.co.rs\/en\/tag\/big-see-awards\/\" rel=\"tag\">BIG SEE Awards<\/a>, <a href=\"https:\/\/arhitekta.co.rs\/en\/tag\/big-see-festival-2026\/\" rel=\"tag\">BIG SEE Festival 2026<\/a>, <a href=\"https:\/\/arhitekta.co.rs\/en\/tag\/design-conference-2026\/\" rel=\"tag\">Design Conference 2026<\/a>, <a href=\"https:\/\/arhitekta.co.rs\/en\/tag\/foster-partners\/\" rel=\"tag\">Foster + Partners<\/a>, <a href=\"https:\/\/arhitekta.co.rs\/en\/tag\/grando-portoroz\/\" rel=\"tag\">Grando Portoro\u017e<\/a>, <a href=\"https:\/\/arhitekta.co.rs\/en\/tag\/portoroz-events\/\" rel=\"tag\">Portoro\u017e events<\/a>, <a href=\"https:\/\/arhitekta.co.rs\/en\/tag\/product-design-awards\/\" rel=\"tag\">product design awards<\/a>, <a href=\"https:\/\/arhitekta.co.rs\/en\/tag\/renzo-piano-building-workshop\/\" rel=\"tag\">Renzo Piano Building Workshop<\/a>, <a href=\"https:\/\/arhitekta.co.rs\/en\/tag\/south-east-europe-design\/\" rel=\"tag\">South-East Europe design<\/a>, <a href=\"https:\/\/arhitekta.co.rs\/en\/tag\/sustainable-architecture\/\" rel=\"tag\">sustainable architecture<\/a><\/div>\t\t\t<\/div>\n\t\t\t<\/div>\n\t<\/div>\n<\/div>\n\t\t\t\t<\/div>\n\t\t\t<\/div>\n\t\t\t<div class=\"page-content post-header grid-1-2 list-item cbp-item post-29086 post type-post status-publish format-standard has-post-thumbnail hentry category-events category-news tag-architecture tag-architecture-conference-2025 tag-big-see tag-festival tag-portoroz tag-slovenia\" >\n\t\t\t\t<div>\n\t\t\t\t\t<div class=\"post-article has-image-wrapper \">\n\t<div class=\"standard-post-format clearfix as-image \">\n\t\t<div class=\"post-media-date\">\n\t\t\t<div class=\"thumbnail\">\n\t\t\t\t\t\t\t<a href=\"https:\/\/arhitekta.co.rs\/en\/events\/big-architecture-festival-2025\/\" title=\"BIG Architecture Festival 2025\">\n\t\t\t\t\t<img loading=\"lazy\" decoding=\"async\" width=\"685\" height=\"444\" src=\"https:\/\/arhitekta.co.rs\/en\/wp-content\/uploads\/2025\/04\/01-big-architecture-festival-2024-klemen-krzic-685x444.jpg\" class=\"attachment-theme-normal-2 size-theme-normal-2 wp-post-image\" alt=\"\" srcset=\"https:\/\/arhitekta.co.rs\/en\/wp-content\/uploads\/2025\/04\/01-big-architecture-festival-2024-klemen-krzic-685x444.jpg 685w, https:\/\/arhitekta.co.rs\/en\/wp-content\/uploads\/2025\/04\/01-big-architecture-festival-2024-klemen-krzic-1000x648.jpg 1000w, https:\/\/arhitekta.co.rs\/en\/wp-content\/uploads\/2025\/04\/01-big-architecture-festival-2024-klemen-krzic-768x498.jpg 768w, https:\/\/arhitekta.co.rs\/en\/wp-content\/uploads\/2025\/04\/01-big-architecture-festival-2024-klemen-krzic-500x324.jpg 500w, https:\/\/arhitekta.co.rs\/en\/wp-content\/uploads\/2025\/04\/01-big-architecture-festival-2024-klemen-krzic-800x519.jpg 800w, https:\/\/arhitekta.co.rs\/en\/wp-content\/uploads\/2025\/04\/01-big-architecture-festival-2024-klemen-krzic-446x289.jpg 446w, https:\/\/arhitekta.co.rs\/en\/wp-content\/uploads\/2025\/04\/01-big-architecture-festival-2024-klemen-krzic-327x212.jpg 327w, https:\/\/arhitekta.co.rs\/en\/wp-content\/uploads\/2025\/04\/01-big-architecture-festival-2024-klemen-krzic-600x389.jpg 600w, https:\/\/arhitekta.co.rs\/en\/wp-content\/uploads\/2025\/04\/01-big-architecture-festival-2024-klemen-krzic.jpg 1100w\" sizes=\"auto, (min-width: 900px) 50vw, 100vw\" \/>\t\t\t\t\t<span class='icon shortcode theme  use-hover' style=''>&#58897;<\/span>\t\t\t\t<\/a>\n\t\t\t\t\t<\/div>\n\t\t<div class=\"post-actions-wrapper clearfix\">\n\t\t\t\t\t<div class=\"post-date\">\n\t\t\t\tApril 15, 2025\t\t\t<\/div>\n\t\t\t\t\t\t\t\n\t\t\t\t\t\t<\/div>\n\n<\/div>\n\t<div class=\"post-content-wrapper\">\n\t\t\t\t<header class=\"single\">\n\t\t\t<div class=\"content\">\n\t\t\t\t<h3>\n\t\t\t\t\t<a href=\"https:\/\/arhitekta.co.rs\/en\/events\/big-architecture-festival-2025\/\" title=\"BIG Architecture Festival 2025\" class=\"entry-title\">BIG Architecture Festival 2025<\/a>\n\t\t\t\t<\/h3>\n\t\t\t<\/div>\n\t\t<\/header>\n\t\n\t\t<div class=\"post-content-outer\">\n\t\t\t<p>A Visionary Platform for Innovation and \u201cCommon Sense\u201d in Architecture As one of the most&#8230;<\/p>\n\t\t<\/div>\n\n\t\t\n\t\t\t\t\t<div class=\"post-content-meta\">\n\t\t\t\t<div>\n\t\t\t\t\tPosted in:  <a href=\"https:\/\/arhitekta.co.rs\/en\/category\/events\/\" rel=\"category tag\">Events<\/a>, <a href=\"https:\/\/arhitekta.co.rs\/en\/category\/news\/\" rel=\"category tag\">News<\/a>\t\t\t\t<\/div>\n\t\t\t\t<div class=\"the-tags\">Tags: <a href=\"https:\/\/arhitekta.co.rs\/en\/tag\/architecture\/\" rel=\"tag\">architecture<\/a>, <a href=\"https:\/\/arhitekta.co.rs\/en\/tag\/architecture-conference-2025\/\" rel=\"tag\">Architecture Conference 2025<\/a>, <a href=\"https:\/\/arhitekta.co.rs\/en\/tag\/big-see\/\" rel=\"tag\">BIG SEE<\/a>, <a href=\"https:\/\/arhitekta.co.rs\/en\/tag\/festival\/\" rel=\"tag\">festival<\/a>, <a href=\"https:\/\/arhitekta.co.rs\/en\/tag\/portoroz\/\" rel=\"tag\">Portoro\u017e<\/a>, <a href=\"https:\/\/arhitekta.co.rs\/en\/tag\/slovenia\/\" rel=\"tag\">Slovenia<\/a><\/div>\t\t\t<\/div>\n\t\t\t<\/div>\n\t<\/div>\n<\/div>\n\t\t\t\t<\/div>\n\t\t\t<\/div>\n\t\t\t<div class=\"page-content post-header grid-1-2 clearboth list-item cbp-item post-28887 post type-post status-publish format-standard has-post-thumbnail hentry category-design category-materials category-news tag-delight-showroom-belgrade tag-design tag-interiors tag-office-furniture\" >\n\t\t\t\t<div>\n\t\t\t\t\t<div class=\"post-article has-image-wrapper \">\n\t<div class=\"standard-post-format clearfix as-image \">\n\t\t<div class=\"post-media-date\">\n\t\t\t<div class=\"thumbnail\">\n\t\t\t\t\t\t\t<a href=\"https:\/\/arhitekta.co.rs\/en\/news\/delight-showroom-a-modern-workspace-organized-into-neighborhoods\/\" title=\"Delight Showroom \u2013 A Modern Workspace Organized into &#8220;Neighborhoods&#8221;\">\n\t\t\t\t\t<img loading=\"lazy\" decoding=\"async\" width=\"685\" height=\"457\" src=\"https:\/\/arhitekta.co.rs\/en\/wp-content\/uploads\/2025\/02\/P1381250-685x457.jpg\" class=\"attachment-theme-normal-2 size-theme-normal-2 wp-post-image\" alt=\"Delight Showroom\" srcset=\"https:\/\/arhitekta.co.rs\/en\/wp-content\/uploads\/2025\/02\/P1381250-685x457.jpg 685w, https:\/\/arhitekta.co.rs\/en\/wp-content\/uploads\/2025\/02\/P1381250-768x512.jpg 768w, https:\/\/arhitekta.co.rs\/en\/wp-content\/uploads\/2025\/02\/P1381250-500x334.jpg 500w, https:\/\/arhitekta.co.rs\/en\/wp-content\/uploads\/2025\/02\/P1381250-800x534.jpg 800w, https:\/\/arhitekta.co.rs\/en\/wp-content\/uploads\/2025\/02\/P1381250-446x297.jpg 446w, https:\/\/arhitekta.co.rs\/en\/wp-content\/uploads\/2025\/02\/P1381250-327x218.jpg 327w, https:\/\/arhitekta.co.rs\/en\/wp-content\/uploads\/2025\/02\/P1381250-600x400.jpg 600w, https:\/\/arhitekta.co.rs\/en\/wp-content\/uploads\/2025\/02\/P1381250.jpg 1000w\" sizes=\"auto, (min-width: 900px) 50vw, 100vw\" \/>\t\t\t\t\t<span class='icon shortcode theme  use-hover' style=''>&#58897;<\/span>\t\t\t\t<\/a>\n\t\t\t\t\t<\/div>\n\t\t<div class=\"post-actions-wrapper clearfix\">\n\t\t\t\t\t<div class=\"post-date\">\n\t\t\t\tFebruary 5, 2025\t\t\t<\/div>\n\t\t\t\t\t\t\t\n\t\t\t\t\t\t<\/div>\n\n<\/div>\n\t<div class=\"post-content-wrapper\">\n\t\t\t\t<header class=\"single\">\n\t\t\t<div class=\"content\">\n\t\t\t\t<h3>\n\t\t\t\t\t<a href=\"https:\/\/arhitekta.co.rs\/en\/news\/delight-showroom-a-modern-workspace-organized-into-neighborhoods\/\" title=\"Delight Showroom \u2013 A Modern Workspace Organized into &#8220;Neighborhoods&#8221;\" class=\"entry-title\">Delight Showroom \u2013 A Modern Workspace Organized into &#8220;Neighborhoods&#8221;<\/a>\n\t\t\t\t<\/h3>\n\t\t\t<\/div>\n\t\t<\/header>\n\t\n\t\t<div class=\"post-content-outer\">\n\t\t\t<p>In today&#8217;s business world, a pleasant and functional work environment is crucial for success. The&#8230;<\/p>\n\t\t<\/div>\n\n\t\t\n\t\t\t\t\t<div class=\"post-content-meta\">\n\t\t\t\t<div>\n\t\t\t\t\tPosted in:  <a href=\"https:\/\/arhitekta.co.rs\/en\/category\/design\/\" rel=\"category tag\">Design<\/a>, <a href=\"https:\/\/arhitekta.co.rs\/en\/category\/materials\/\" rel=\"category tag\">Materials<\/a>, <a href=\"https:\/\/arhitekta.co.rs\/en\/category\/news\/\" rel=\"category tag\">News<\/a>\t\t\t\t<\/div>\n\t\t\t\t<div class=\"the-tags\">Tags: <a href=\"https:\/\/arhitekta.co.rs\/en\/tag\/delight-showroom-belgrade\/\" rel=\"tag\">Delight Showroom Belgrade<\/a>, <a href=\"https:\/\/arhitekta.co.rs\/en\/tag\/design\/\" rel=\"tag\">design<\/a>, <a href=\"https:\/\/arhitekta.co.rs\/en\/tag\/interiors\/\" rel=\"tag\">interiors<\/a>, <a href=\"https:\/\/arhitekta.co.rs\/en\/tag\/office-furniture\/\" rel=\"tag\">office furniture<\/a><\/div>\t\t\t<\/div>\n\t\t\t<\/div>\n\t<\/div>\n<\/div>\n\t\t\t\t<\/div>\n\t\t\t<\/div>\n\t\t\t<div class=\"page-content post-header grid-1-2 list-item cbp-item post-28830 post type-post status-publish format-standard has-post-thumbnail hentry category-arhitekta-forum category-events category-news tag-architects tag-architects-forum tag-arhitekta-forum tag-belgrade tag-event\" >\n\t\t\t\t<div>\n\t\t\t\t\t<div class=\"post-article has-image-wrapper \">\n\t<div class=\"standard-post-format clearfix as-image \">\n\t\t<div class=\"post-media-date\">\n\t\t\t<div class=\"thumbnail\">\n\t\t\t\t\t\t\t<a href=\"https:\/\/arhitekta.co.rs\/en\/arhitekta-forum\/arhitekta-forum-next-level\/\" title=\"Arhitekta Forum: Next Level\">\n\t\t\t\t\t<img loading=\"lazy\" decoding=\"async\" width=\"685\" height=\"457\" src=\"https:\/\/arhitekta.co.rs\/en\/wp-content\/uploads\/2024\/05\/arhitekta-forum-no.1-685x457.jpg\" class=\"attachment-theme-normal-2 size-theme-normal-2 wp-post-image\" alt=\"\" srcset=\"https:\/\/arhitekta.co.rs\/en\/wp-content\/uploads\/2024\/05\/arhitekta-forum-no.1-685x457.jpg 685w, https:\/\/arhitekta.co.rs\/en\/wp-content\/uploads\/2024\/05\/arhitekta-forum-no.1-1000x667.jpg 1000w, https:\/\/arhitekta.co.rs\/en\/wp-content\/uploads\/2024\/05\/arhitekta-forum-no.1-768x512.jpg 768w, https:\/\/arhitekta.co.rs\/en\/wp-content\/uploads\/2024\/05\/arhitekta-forum-no.1-1536x1024.jpg 1536w, https:\/\/arhitekta.co.rs\/en\/wp-content\/uploads\/2024\/05\/arhitekta-forum-no.1-500x333.jpg 500w, https:\/\/arhitekta.co.rs\/en\/wp-content\/uploads\/2024\/05\/arhitekta-forum-no.1-800x534.jpg 800w, https:\/\/arhitekta.co.rs\/en\/wp-content\/uploads\/2024\/05\/arhitekta-forum-no.1-1280x854.jpg 1280w, https:\/\/arhitekta.co.rs\/en\/wp-content\/uploads\/2024\/05\/arhitekta-forum-no.1-1400x934.jpg 1400w, https:\/\/arhitekta.co.rs\/en\/wp-content\/uploads\/2024\/05\/arhitekta-forum-no.1-446x297.jpg 446w, https:\/\/arhitekta.co.rs\/en\/wp-content\/uploads\/2024\/05\/arhitekta-forum-no.1-327x218.jpg 327w, https:\/\/arhitekta.co.rs\/en\/wp-content\/uploads\/2024\/05\/arhitekta-forum-no.1-600x400.jpg 600w, https:\/\/arhitekta.co.rs\/en\/wp-content\/uploads\/2024\/05\/arhitekta-forum-no.1.jpg 1600w\" sizes=\"auto, (min-width: 900px) 50vw, 100vw\" \/>\t\t\t\t\t<span class='icon shortcode theme  use-hover' style=''>&#58897;<\/span>\t\t\t\t<\/a>\n\t\t\t\t\t<\/div>\n\t\t<div class=\"post-actions-wrapper clearfix\">\n\t\t\t\t\t<div class=\"post-date\">\n\t\t\t\tJune 11, 2024\t\t\t<\/div>\n\t\t\t\t\t\t\t\n\t\t\t\t\t\t<\/div>\n\n<\/div>\n\t<div class=\"post-content-wrapper\">\n\t\t\t\t<header class=\"single\">\n\t\t\t<div class=\"content\">\n\t\t\t\t<h3>\n\t\t\t\t\t<a href=\"https:\/\/arhitekta.co.rs\/en\/arhitekta-forum\/arhitekta-forum-next-level\/\" title=\"Arhitekta Forum: Next Level\" class=\"entry-title\">Arhitekta Forum: Next Level<\/a>\n\t\t\t\t<\/h3>\n\t\t\t<\/div>\n\t\t<\/header>\n\t\n\t\t<div class=\"post-content-outer\">\n\t\t\t<p>May this year was special. Typically sunny and warm, but also full of surprises because&#8230;<\/p>\n\t\t<\/div>\n\n\t\t\n\t\t\t\t\t<div class=\"post-content-meta\">\n\t\t\t\t<div>\n\t\t\t\t\tPosted in:  <a href=\"https:\/\/arhitekta.co.rs\/en\/category\/arhitekta-forum\/\" rel=\"category tag\">Arhitekta Forum<\/a>, <a href=\"https:\/\/arhitekta.co.rs\/en\/category\/events\/\" rel=\"category tag\">Events<\/a>, <a href=\"https:\/\/arhitekta.co.rs\/en\/category\/news\/\" rel=\"category tag\">News<\/a>\t\t\t\t<\/div>\n\t\t\t\t<div class=\"the-tags\">Tags: <a href=\"https:\/\/arhitekta.co.rs\/en\/tag\/architects\/\" rel=\"tag\">architects<\/a>, <a href=\"https:\/\/arhitekta.co.rs\/en\/tag\/architects-forum\/\" rel=\"tag\">architects' forum<\/a>, <a href=\"https:\/\/arhitekta.co.rs\/en\/tag\/arhitekta-forum\/\" rel=\"tag\">Arhitekta Forum<\/a>, <a href=\"https:\/\/arhitekta.co.rs\/en\/tag\/belgrade\/\" rel=\"tag\">Belgrade<\/a>, <a href=\"https:\/\/arhitekta.co.rs\/en\/tag\/event\/\" rel=\"tag\">event<\/a><\/div>\t\t\t<\/div>\n\t\t\t<\/div>\n\t<\/div>\n<\/div>\n\t\t\t\t<\/div>\n\t\t\t<\/div>\n\t\t\t<div class=\"page-content post-header grid-1-2 clearboth list-item cbp-item post-28708 post type-post status-publish format-standard has-post-thumbnail hentry category-events category-news tag-belgrade-business-and-arts-academy-of-applied-studies tag-department-of-art-and-design tag-design tag-furniture tag-plemka tag-salone-del-mobile-milano tag-salone-satellite-2024 tag-serbian-designers tag-spatial-design\" >\n\t\t\t\t<div>\n\t\t\t\t\t<div class=\"post-article has-image-wrapper \">\n\t<div class=\"standard-post-format clearfix as-image \">\n\t\t<div class=\"post-media-date\">\n\t\t\t<div class=\"thumbnail\">\n\t\t\t\t\t\t\t<a href=\"https:\/\/arhitekta.co.rs\/en\/news\/serbian-designers-conquer-the-furniture-fair-in-milan\/\" title=\"Serbian designers conquer the Furniture Fair in Milan\">\n\t\t\t\t\t<img loading=\"lazy\" decoding=\"async\" width=\"685\" height=\"457\" src=\"https:\/\/arhitekta.co.rs\/en\/wp-content\/uploads\/2024\/04\/PLEMKA_all-models-1-685x457.jpg\" class=\"attachment-theme-normal-2 size-theme-normal-2 wp-post-image\" alt=\"\" srcset=\"https:\/\/arhitekta.co.rs\/en\/wp-content\/uploads\/2024\/04\/PLEMKA_all-models-1-685x457.jpg 685w, https:\/\/arhitekta.co.rs\/en\/wp-content\/uploads\/2024\/04\/PLEMKA_all-models-1-1000x667.jpg 1000w, https:\/\/arhitekta.co.rs\/en\/wp-content\/uploads\/2024\/04\/PLEMKA_all-models-1-768x512.jpg 768w, https:\/\/arhitekta.co.rs\/en\/wp-content\/uploads\/2024\/04\/PLEMKA_all-models-1-500x333.jpg 500w, https:\/\/arhitekta.co.rs\/en\/wp-content\/uploads\/2024\/04\/PLEMKA_all-models-1-800x533.jpg 800w, https:\/\/arhitekta.co.rs\/en\/wp-content\/uploads\/2024\/04\/PLEMKA_all-models-1-446x297.jpg 446w, https:\/\/arhitekta.co.rs\/en\/wp-content\/uploads\/2024\/04\/PLEMKA_all-models-1-327x218.jpg 327w, https:\/\/arhitekta.co.rs\/en\/wp-content\/uploads\/2024\/04\/PLEMKA_all-models-1-600x400.jpg 600w, https:\/\/arhitekta.co.rs\/en\/wp-content\/uploads\/2024\/04\/PLEMKA_all-models-1.jpg 1200w\" sizes=\"auto, (min-width: 900px) 50vw, 100vw\" \/>\t\t\t\t\t<span class='icon shortcode theme  use-hover' style=''>&#58897;<\/span>\t\t\t\t<\/a>\n\t\t\t\t\t<\/div>\n\t\t<div class=\"post-actions-wrapper clearfix\">\n\t\t\t\t\t<div class=\"post-date\">\n\t\t\t\tApril 23, 2024\t\t\t<\/div>\n\t\t\t\t\t\t\t\n\t\t\t\t\t\t<\/div>\n\n<\/div>\n\t<div class=\"post-content-wrapper\">\n\t\t\t\t<header class=\"single\">\n\t\t\t<div class=\"content\">\n\t\t\t\t<h3>\n\t\t\t\t\t<a href=\"https:\/\/arhitekta.co.rs\/en\/news\/serbian-designers-conquer-the-furniture-fair-in-milan\/\" title=\"Serbian designers conquer the Furniture Fair in Milan\" class=\"entry-title\">Serbian designers conquer the Furniture Fair in Milan<\/a>\n\t\t\t\t<\/h3>\n\t\t\t<\/div>\n\t\t<\/header>\n\t\n\t\t<div class=\"post-content-outer\">\n\t\t\t<p>PLEMKA PROJECT AT THE FURNITURE FAIR IN MILAN 2024 (Salone Satellite 2024). The works presented&#8230;<\/p>\n\t\t<\/div>\n\n\t\t\n\t\t\t\t\t<div class=\"post-content-meta\">\n\t\t\t\t<div>\n\t\t\t\t\tPosted in:  <a href=\"https:\/\/arhitekta.co.rs\/en\/category\/events\/\" rel=\"category tag\">Events<\/a>, <a href=\"https:\/\/arhitekta.co.rs\/en\/category\/news\/\" rel=\"category tag\">News<\/a>\t\t\t\t<\/div>\n\t\t\t\t<div class=\"the-tags\">Tags: <a href=\"https:\/\/arhitekta.co.rs\/en\/tag\/belgrade-business-and-arts-academy-of-applied-studies\/\" rel=\"tag\">Belgrade Business and Arts Academy of Applied Studies<\/a>, <a href=\"https:\/\/arhitekta.co.rs\/en\/tag\/department-of-art-and-design\/\" rel=\"tag\">Department of Art and Design<\/a>, <a href=\"https:\/\/arhitekta.co.rs\/en\/tag\/design\/\" rel=\"tag\">design<\/a>, <a href=\"https:\/\/arhitekta.co.rs\/en\/tag\/furniture\/\" rel=\"tag\">furniture<\/a>, <a href=\"https:\/\/arhitekta.co.rs\/en\/tag\/plemka\/\" rel=\"tag\">PLEMKA<\/a>, <a href=\"https:\/\/arhitekta.co.rs\/en\/tag\/salone-del-mobile-milano\/\" rel=\"tag\">Salone del Mobile Milano<\/a>, <a href=\"https:\/\/arhitekta.co.rs\/en\/tag\/salone-satellite-2024\/\" rel=\"tag\">Salone Satellite 2024<\/a>, <a href=\"https:\/\/arhitekta.co.rs\/en\/tag\/serbian-designers\/\" rel=\"tag\">Serbian designers<\/a>, <a href=\"https:\/\/arhitekta.co.rs\/en\/tag\/spatial-design\/\" rel=\"tag\">spatial design<\/a><\/div>\t\t\t<\/div>\n\t\t\t<\/div>\n\t<\/div>\n<\/div>\n\t\t\t\t<\/div>\n\t\t\t<\/div>\n\t\t\t<div class=\"page-content post-header grid-1-2 list-item cbp-item post-28328 post type-post status-publish format-standard has-post-thumbnail hentry category-events category-news tag-architecture tag-b2b tag-belgrade tag-civil-engineering tag-construction tag-event tag-interiors\" >\n\t\t\t\t<div>\n\t\t\t\t\t<div class=\"post-article has-image-wrapper \">\n\t<div class=\"standard-post-format clearfix as-image \">\n\t\t<div class=\"post-media-date\">\n\t\t\t<div class=\"thumbnail\">\n\t\t\t\t\t\t\t<a href=\"https:\/\/arhitekta.co.rs\/en\/news\/five-day-b2b-event-dedicated-to-architecture-construction-and-interior-design\/\" title=\"Five-day B2B event dedicated to architecture, construction and interior design\">\n\t\t\t\t\t<img loading=\"lazy\" decoding=\"async\" width=\"615\" height=\"346\" src=\"https:\/\/arhitekta.co.rs\/en\/wp-content\/uploads\/2022\/09\/event-5-9-septembar-04-615x346.jpg\" class=\"attachment-theme-normal-2 size-theme-normal-2 wp-post-image\" alt=\"\" srcset=\"https:\/\/arhitekta.co.rs\/en\/wp-content\/uploads\/2022\/09\/event-5-9-septembar-04-615x346.jpg 615w, https:\/\/arhitekta.co.rs\/en\/wp-content\/uploads\/2022\/09\/event-5-9-septembar-04-1000x563.jpg 1000w, https:\/\/arhitekta.co.rs\/en\/wp-content\/uploads\/2022\/09\/event-5-9-septembar-04-768x432.jpg 768w, https:\/\/arhitekta.co.rs\/en\/wp-content\/uploads\/2022\/09\/event-5-9-septembar-04-500x281.jpg 500w, https:\/\/arhitekta.co.rs\/en\/wp-content\/uploads\/2022\/09\/event-5-9-septembar-04-800x450.jpg 800w, https:\/\/arhitekta.co.rs\/en\/wp-content\/uploads\/2022\/09\/event-5-9-septembar-04-400x225.jpg 400w, https:\/\/arhitekta.co.rs\/en\/wp-content\/uploads\/2022\/09\/event-5-9-septembar-04-292x164.jpg 292w, https:\/\/arhitekta.co.rs\/en\/wp-content\/uploads\/2022\/09\/event-5-9-septembar-04-600x338.jpg 600w, https:\/\/arhitekta.co.rs\/en\/wp-content\/uploads\/2022\/09\/event-5-9-septembar-04.jpg 1100w\" sizes=\"auto, (min-width: 900px) 50vw, 100vw\" \/>\t\t\t\t\t<span class='icon shortcode theme  use-hover' style=''>&#58897;<\/span>\t\t\t\t<\/a>\n\t\t\t\t\t<\/div>\n\t\t<div class=\"post-actions-wrapper clearfix\">\n\t\t\t\t\t<div class=\"post-date\">\n\t\t\t\tSeptember 15, 2022\t\t\t<\/div>\n\t\t\t\t\t\t\t\n\t\t\t\t\t\t<\/div>\n\n<\/div>\n\t<div class=\"post-content-wrapper\">\n\t\t\t\t<header class=\"single\">\n\t\t\t<div class=\"content\">\n\t\t\t\t<h3>\n\t\t\t\t\t<a href=\"https:\/\/arhitekta.co.rs\/en\/news\/five-day-b2b-event-dedicated-to-architecture-construction-and-interior-design\/\" title=\"Five-day B2B event dedicated to architecture, construction and interior design\" class=\"entry-title\">Five-day B2B event dedicated to architecture, construction and interior design<\/a>\n\t\t\t\t<\/h3>\n\t\t\t<\/div>\n\t\t<\/header>\n\t\n\t\t<div class=\"post-content-outer\">\n\t\t\t<p>September is the month of new beginnings, therefore it is an ideal moment to create&#8230;<\/p>\n\t\t<\/div>\n\n\t\t\n\t\t\t\t\t<div class=\"post-content-meta\">\n\t\t\t\t<div>\n\t\t\t\t\tPosted in:  <a href=\"https:\/\/arhitekta.co.rs\/en\/category\/events\/\" rel=\"category tag\">Events<\/a>, <a href=\"https:\/\/arhitekta.co.rs\/en\/category\/news\/\" rel=\"category tag\">News<\/a>\t\t\t\t<\/div>\n\t\t\t\t<div class=\"the-tags\">Tags: <a href=\"https:\/\/arhitekta.co.rs\/en\/tag\/architecture\/\" rel=\"tag\">architecture<\/a>, <a href=\"https:\/\/arhitekta.co.rs\/en\/tag\/b2b\/\" rel=\"tag\">B2B<\/a>, <a href=\"https:\/\/arhitekta.co.rs\/en\/tag\/belgrade\/\" rel=\"tag\">Belgrade<\/a>, <a href=\"https:\/\/arhitekta.co.rs\/en\/tag\/civil-engineering\/\" rel=\"tag\">civil engineering<\/a>, <a href=\"https:\/\/arhitekta.co.rs\/en\/tag\/construction\/\" rel=\"tag\">construction<\/a>, <a href=\"https:\/\/arhitekta.co.rs\/en\/tag\/event\/\" rel=\"tag\">event<\/a>, <a href=\"https:\/\/arhitekta.co.rs\/en\/tag\/interiors\/\" rel=\"tag\">interiors<\/a><\/div>\t\t\t<\/div>\n\t\t\t<\/div>\n\t<\/div>\n<\/div>\n\t\t\t\t<\/div>\n\t\t\t<\/div>\n\t\t\t<div class=\"page-content post-header grid-1-2 clearboth list-item cbp-item post-28313 post type-post status-publish format-standard has-post-thumbnail hentry category-events category-news tag-arhitekta tag-b2b tag-business-to-business tag-event tag-hicad tag-mara-home tag-networking tag-pinoles tag-schneider-electric\" >\n\t\t\t\t<div>\n\t\t\t\t\t<div class=\"post-article has-image-wrapper \">\n\t<div class=\"standard-post-format clearfix as-image \">\n\t\t<div class=\"post-media-date\">\n\t\t\t<div class=\"thumbnail\">\n\t\t\t\t\t\t\t<a href=\"https:\/\/arhitekta.co.rs\/en\/news\/the-third-b2b-event-for-architects-was-successfully-held\/\" title=\"The third B2B event for architects was successfully held\">\n\t\t\t\t\t<img loading=\"lazy\" decoding=\"async\" width=\"615\" height=\"461\" src=\"https:\/\/arhitekta.co.rs\/en\/wp-content\/uploads\/2022\/05\/b2b-event-arhitekta-koncept-19-maj-2022-01-615x461.jpg\" class=\"attachment-theme-normal-2 size-theme-normal-2 wp-post-image\" alt=\"\" srcset=\"https:\/\/arhitekta.co.rs\/en\/wp-content\/uploads\/2022\/05\/b2b-event-arhitekta-koncept-19-maj-2022-01-615x461.jpg 615w, https:\/\/arhitekta.co.rs\/en\/wp-content\/uploads\/2022\/05\/b2b-event-arhitekta-koncept-19-maj-2022-01-768x576.jpg 768w, https:\/\/arhitekta.co.rs\/en\/wp-content\/uploads\/2022\/05\/b2b-event-arhitekta-koncept-19-maj-2022-01-500x375.jpg 500w, https:\/\/arhitekta.co.rs\/en\/wp-content\/uploads\/2022\/05\/b2b-event-arhitekta-koncept-19-maj-2022-01-800x600.jpg 800w, https:\/\/arhitekta.co.rs\/en\/wp-content\/uploads\/2022\/05\/b2b-event-arhitekta-koncept-19-maj-2022-01-400x300.jpg 400w, https:\/\/arhitekta.co.rs\/en\/wp-content\/uploads\/2022\/05\/b2b-event-arhitekta-koncept-19-maj-2022-01-292x219.jpg 292w, https:\/\/arhitekta.co.rs\/en\/wp-content\/uploads\/2022\/05\/b2b-event-arhitekta-koncept-19-maj-2022-01-600x450.jpg 600w, https:\/\/arhitekta.co.rs\/en\/wp-content\/uploads\/2022\/05\/b2b-event-arhitekta-koncept-19-maj-2022-01.jpg 1000w\" sizes=\"auto, (min-width: 900px) 50vw, 100vw\" \/>\t\t\t\t\t<span class='icon shortcode theme  use-hover' style=''>&#58897;<\/span>\t\t\t\t<\/a>\n\t\t\t\t\t<\/div>\n\t\t<div class=\"post-actions-wrapper clearfix\">\n\t\t\t\t\t<div class=\"post-date\">\n\t\t\t\tMay 24, 2022\t\t\t<\/div>\n\t\t\t\t\t\t\t\n\t\t\t\t\t\t<\/div>\n\n<\/div>\n\t<div class=\"post-content-wrapper\">\n\t\t\t\t<header class=\"single\">\n\t\t\t<div class=\"content\">\n\t\t\t\t<h3>\n\t\t\t\t\t<a href=\"https:\/\/arhitekta.co.rs\/en\/news\/the-third-b2b-event-for-architects-was-successfully-held\/\" title=\"The third B2B event for architects was successfully held\" class=\"entry-title\">The third B2B event for architects was successfully held<\/a>\n\t\t\t\t<\/h3>\n\t\t\t<\/div>\n\t\t<\/header>\n\t\n\t\t<div class=\"post-content-outer\">\n\t\t\t<p>Previous B2B (Business to business) events proved how important it is for experts from different&#8230;<\/p>\n\t\t<\/div>\n\n\t\t\n\t\t\t\t\t<div class=\"post-content-meta\">\n\t\t\t\t<div>\n\t\t\t\t\tPosted in:  <a href=\"https:\/\/arhitekta.co.rs\/en\/category\/events\/\" rel=\"category tag\">Events<\/a>, <a href=\"https:\/\/arhitekta.co.rs\/en\/category\/news\/\" rel=\"category tag\">News<\/a>\t\t\t\t<\/div>\n\t\t\t\t<div class=\"the-tags\">Tags: <a href=\"https:\/\/arhitekta.co.rs\/en\/tag\/arhitekta\/\" rel=\"tag\">arhitekta<\/a>, <a href=\"https:\/\/arhitekta.co.rs\/en\/tag\/b2b\/\" rel=\"tag\">B2B<\/a>, <a href=\"https:\/\/arhitekta.co.rs\/en\/tag\/business-to-business\/\" rel=\"tag\">Business to business<\/a>, <a href=\"https:\/\/arhitekta.co.rs\/en\/tag\/event\/\" rel=\"tag\">event<\/a>, <a href=\"https:\/\/arhitekta.co.rs\/en\/tag\/hicad\/\" rel=\"tag\">hiCAD<\/a>, <a href=\"https:\/\/arhitekta.co.rs\/en\/tag\/mara-home\/\" rel=\"tag\">Mara Home<\/a>, <a href=\"https:\/\/arhitekta.co.rs\/en\/tag\/networking\/\" rel=\"tag\">Networking<\/a>, <a href=\"https:\/\/arhitekta.co.rs\/en\/tag\/pinoles\/\" rel=\"tag\">Pinoles<\/a>, <a href=\"https:\/\/arhitekta.co.rs\/en\/tag\/schneider-electric\/\" rel=\"tag\">Schneider Electric<\/a><\/div>\t\t\t<\/div>\n\t\t\t<\/div>\n\t<\/div>\n<\/div>\n\t\t\t\t<\/div>\n\t\t\t<\/div>\n\t\t\t<div class=\"page-content post-header grid-1-2 list-item cbp-item post-28297 post type-post status-publish format-standard has-post-thumbnail hentry category-events category-news tag-architect tag-b2b tag-engineer tag-event tag-fundermax tag-magazine-arhitekta tag-somfy tag-velux tag-xella\" >\n\t\t\t\t<div>\n\t\t\t\t\t<div class=\"post-article has-image-wrapper \">\n\t<div class=\"standard-post-format clearfix as-image \">\n\t\t<div class=\"post-media-date\">\n\t\t\t<div class=\"thumbnail\">\n\t\t\t\t\t\t\t<a href=\"https:\/\/arhitekta.co.rs\/en\/events\/the-second-business-meeting-for-architects-and-engineers\/\" title=\"The second business meeting for architects and engineers\">\n\t\t\t\t\t<img loading=\"lazy\" decoding=\"async\" width=\"615\" height=\"346\" src=\"https:\/\/arhitekta.co.rs\/en\/wp-content\/uploads\/2022\/04\/b2b-event-P1070313-615x346.jpg\" class=\"attachment-theme-normal-2 size-theme-normal-2 wp-post-image\" alt=\"\" srcset=\"https:\/\/arhitekta.co.rs\/en\/wp-content\/uploads\/2022\/04\/b2b-event-P1070313-615x346.jpg 615w, https:\/\/arhitekta.co.rs\/en\/wp-content\/uploads\/2022\/04\/b2b-event-P1070313-768x432.jpg 768w, https:\/\/arhitekta.co.rs\/en\/wp-content\/uploads\/2022\/04\/b2b-event-P1070313-500x282.jpg 500w, https:\/\/arhitekta.co.rs\/en\/wp-content\/uploads\/2022\/04\/b2b-event-P1070313-800x450.jpg 800w, https:\/\/arhitekta.co.rs\/en\/wp-content\/uploads\/2022\/04\/b2b-event-P1070313-400x225.jpg 400w, https:\/\/arhitekta.co.rs\/en\/wp-content\/uploads\/2022\/04\/b2b-event-P1070313-292x164.jpg 292w, https:\/\/arhitekta.co.rs\/en\/wp-content\/uploads\/2022\/04\/b2b-event-P1070313-600x338.jpg 600w, https:\/\/arhitekta.co.rs\/en\/wp-content\/uploads\/2022\/04\/b2b-event-P1070313.jpg 1000w\" sizes=\"auto, (min-width: 900px) 50vw, 100vw\" \/>\t\t\t\t\t<span class='icon shortcode theme  use-hover' style=''>&#58897;<\/span>\t\t\t\t<\/a>\n\t\t\t\t\t<\/div>\n\t\t<div class=\"post-actions-wrapper clearfix\">\n\t\t\t\t\t<div class=\"post-date\">\n\t\t\t\tApril 21, 2022\t\t\t<\/div>\n\t\t\t\t\t\t\t\n\t\t\t\t\t\t<\/div>\n\n<\/div>\n\t<div class=\"post-content-wrapper\">\n\t\t\t\t<header class=\"single\">\n\t\t\t<div class=\"content\">\n\t\t\t\t<h3>\n\t\t\t\t\t<a href=\"https:\/\/arhitekta.co.rs\/en\/events\/the-second-business-meeting-for-architects-and-engineers\/\" title=\"The second business meeting for architects and engineers\" class=\"entry-title\">The second business meeting for architects and engineers<\/a>\n\t\t\t\t<\/h3>\n\t\t\t<\/div>\n\t\t<\/header>\n\t\n\t\t<div class=\"post-content-outer\">\n\t\t\t<p>The last in a series of B2B meetings was held on April 12 in Belgrade,&#8230;<\/p>\n\t\t<\/div>\n\n\t\t\n\t\t\t\t\t<div class=\"post-content-meta\">\n\t\t\t\t<div>\n\t\t\t\t\tPosted in:  <a href=\"https:\/\/arhitekta.co.rs\/en\/category\/events\/\" rel=\"category tag\">Events<\/a>, <a href=\"https:\/\/arhitekta.co.rs\/en\/category\/news\/\" rel=\"category tag\">News<\/a>\t\t\t\t<\/div>\n\t\t\t\t<div class=\"the-tags\">Tags: <a href=\"https:\/\/arhitekta.co.rs\/en\/tag\/architect\/\" rel=\"tag\">architect<\/a>, <a href=\"https:\/\/arhitekta.co.rs\/en\/tag\/b2b\/\" rel=\"tag\">B2B<\/a>, <a href=\"https:\/\/arhitekta.co.rs\/en\/tag\/engineer\/\" rel=\"tag\">engineer<\/a>, <a href=\"https:\/\/arhitekta.co.rs\/en\/tag\/event\/\" rel=\"tag\">event<\/a>, <a href=\"https:\/\/arhitekta.co.rs\/en\/tag\/fundermax\/\" rel=\"tag\">FunderMax<\/a>, <a href=\"https:\/\/arhitekta.co.rs\/en\/tag\/magazine-arhitekta\/\" rel=\"tag\">magazine Arhitekta<\/a>, <a href=\"https:\/\/arhitekta.co.rs\/en\/tag\/somfy\/\" rel=\"tag\">Somfy<\/a>, <a href=\"https:\/\/arhitekta.co.rs\/en\/tag\/velux\/\" rel=\"tag\">Velux<\/a>, <a href=\"https:\/\/arhitekta.co.rs\/en\/tag\/xella\/\" rel=\"tag\">Xella<\/a><\/div>\t\t\t<\/div>\n\t\t\t<\/div>\n\t<\/div>\n<\/div>\n\t\t\t\t<\/div>\n\t\t\t<\/div>\n\t\t\t<div class=\"page-content post-header grid-1-2 clearboth list-item cbp-item post-28136 post type-post status-publish format-standard has-post-thumbnail hentry category-events category-news tag-architect tag-b2b tag-eglo tag-engineer tag-event tag-hicad tag-lafarge tag-magazine-arhitekta tag-miele\" >\n\t\t\t\t<div>\n\t\t\t\t\t<div class=\"post-article has-image-wrapper \">\n\t<div class=\"standard-post-format clearfix as-image \">\n\t\t<div class=\"post-media-date\">\n\t\t\t<div class=\"thumbnail\">\n\t\t\t\t\t\t\t<a href=\"https:\/\/arhitekta.co.rs\/en\/news\/b2b-event-for-architects\/\" title=\"B2B event for architects\">\n\t\t\t\t\t<img loading=\"lazy\" decoding=\"async\" width=\"615\" height=\"409\" src=\"https:\/\/arhitekta.co.rs\/en\/wp-content\/uploads\/2022\/03\/B2B-event-namenjen-arhitektama-01-615x409.jpg\" class=\"attachment-theme-normal-2 size-theme-normal-2 wp-post-image\" alt=\"\" srcset=\"https:\/\/arhitekta.co.rs\/en\/wp-content\/uploads\/2022\/03\/B2B-event-namenjen-arhitektama-01-615x409.jpg 615w, https:\/\/arhitekta.co.rs\/en\/wp-content\/uploads\/2022\/03\/B2B-event-namenjen-arhitektama-01-768x511.jpg 768w, https:\/\/arhitekta.co.rs\/en\/wp-content\/uploads\/2022\/03\/B2B-event-namenjen-arhitektama-01-500x333.jpg 500w, https:\/\/arhitekta.co.rs\/en\/wp-content\/uploads\/2022\/03\/B2B-event-namenjen-arhitektama-01-800x532.jpg 800w, https:\/\/arhitekta.co.rs\/en\/wp-content\/uploads\/2022\/03\/B2B-event-namenjen-arhitektama-01-400x266.jpg 400w, https:\/\/arhitekta.co.rs\/en\/wp-content\/uploads\/2022\/03\/B2B-event-namenjen-arhitektama-01-292x194.jpg 292w, https:\/\/arhitekta.co.rs\/en\/wp-content\/uploads\/2022\/03\/B2B-event-namenjen-arhitektama-01-600x399.jpg 600w, https:\/\/arhitekta.co.rs\/en\/wp-content\/uploads\/2022\/03\/B2B-event-namenjen-arhitektama-01.jpg 1000w\" sizes=\"auto, (min-width: 900px) 50vw, 100vw\" \/>\t\t\t\t\t<span class='icon shortcode theme  use-hover' style=''>&#58897;<\/span>\t\t\t\t<\/a>\n\t\t\t\t\t<\/div>\n\t\t<div class=\"post-actions-wrapper clearfix\">\n\t\t\t\t\t<div class=\"post-date\">\n\t\t\t\tMarch 15, 2022\t\t\t<\/div>\n\t\t\t\t\t\t\t\n\t\t\t\t\t\t<\/div>\n\n<\/div>\n\t<div class=\"post-content-wrapper\">\n\t\t\t\t<header class=\"single\">\n\t\t\t<div class=\"content\">\n\t\t\t\t<h3>\n\t\t\t\t\t<a href=\"https:\/\/arhitekta.co.rs\/en\/news\/b2b-event-for-architects\/\" title=\"B2B event for architects\" class=\"entry-title\">B2B event for architects<\/a>\n\t\t\t\t<\/h3>\n\t\t\t<\/div>\n\t\t<\/header>\n\t\n\t\t<div class=\"post-content-outer\">\n\t\t\t<p>A new B2B event for architects was organized by the magazine Architect, with the cooperation&#8230;<\/p>\n\t\t<\/div>\n\n\t\t\n\t\t\t\t\t<div class=\"post-content-meta\">\n\t\t\t\t<div>\n\t\t\t\t\tPosted in:  <a href=\"https:\/\/arhitekta.co.rs\/en\/category\/events\/\" rel=\"category tag\">Events<\/a>, <a href=\"https:\/\/arhitekta.co.rs\/en\/category\/news\/\" rel=\"category tag\">News<\/a>\t\t\t\t<\/div>\n\t\t\t\t<div class=\"the-tags\">Tags: <a href=\"https:\/\/arhitekta.co.rs\/en\/tag\/architect\/\" rel=\"tag\">architect<\/a>, <a href=\"https:\/\/arhitekta.co.rs\/en\/tag\/b2b\/\" rel=\"tag\">B2B<\/a>, <a href=\"https:\/\/arhitekta.co.rs\/en\/tag\/eglo\/\" rel=\"tag\">Eglo<\/a>, <a href=\"https:\/\/arhitekta.co.rs\/en\/tag\/engineer\/\" rel=\"tag\">engineer<\/a>, <a href=\"https:\/\/arhitekta.co.rs\/en\/tag\/event\/\" rel=\"tag\">event<\/a>, <a href=\"https:\/\/arhitekta.co.rs\/en\/tag\/hicad\/\" rel=\"tag\">hiCAD<\/a>, <a href=\"https:\/\/arhitekta.co.rs\/en\/tag\/lafarge\/\" rel=\"tag\">Lafarge<\/a>, <a href=\"https:\/\/arhitekta.co.rs\/en\/tag\/magazine-arhitekta\/\" rel=\"tag\">magazine Arhitekta<\/a>, <a href=\"https:\/\/arhitekta.co.rs\/en\/tag\/miele\/\" rel=\"tag\">Miele<\/a><\/div>\t\t\t<\/div>\n\t\t\t<\/div>\n\t<\/div>\n<\/div>\n\t\t\t\t<\/div>\n\t\t\t<\/div>\n<\/div>\n\n<\/div><\/div><\/div>\n","protected":false},"excerpt":{"rendered":"<p>A new B2B event for architects was organized by the magazine Architect, with the cooperation and support of the Chamber of Commerce and Industry of Serbia, on March 10, 2022. A limited number of guests had the opportunity to listen to prominent speakers from renowned companies: Lafarge Serbia, hiCAD, Miele and Eglo. Good projects require&#8230;<\/p>\n","protected":false},"author":1,"featured_media":0,"parent":0,"menu_order":0,"comment_status":"closed","ping_status":"closed","template":"","meta":{"_exactmetrics_skip_tracking":false,"_vp_format_video_url":"","_vp_image_focal_point":[],"footnotes":""},"class_list":["post-11961","page","type-page","status-publish","hentry"],"yoast_head":"<!-- This site is optimized with the Yoast SEO plugin v28.1 - https:\/\/yoast.com\/product\/yoast-seo-wordpress\/ -->\n<title>NEWS - Arhitekta - architecture magazine<\/title>\n<meta name=\"robots\" content=\"index, follow, max-snippet:-1, max-image-preview:large, max-video-preview:-1\" \/>\n<link rel=\"canonical\" href=\"https:\/\/arhitekta.co.rs\/en\/news\/\" \/>\n<meta property=\"og:locale\" content=\"en_US\" \/>\n<meta property=\"og:type\" content=\"article\" \/>\n<meta property=\"og:title\" content=\"NEWS - Arhitekta - architecture magazine\" \/>\n<meta property=\"og:description\" content=\"A new B2B event for architects was organized by the magazine Architect, with the cooperation and support of the Chamber of Commerce and Industry of Serbia, on March 10, 2022. A limited number of guests had the opportunity to listen to prominent speakers from renowned companies: Lafarge Serbia, hiCAD, Miele and Eglo. Good projects require...\" \/>\n<meta property=\"og:url\" content=\"https:\/\/arhitekta.co.rs\/en\/news\/\" \/>\n<meta property=\"og:site_name\" content=\"Arhitekta - architecture magazine\" \/>\n<meta property=\"article:publisher\" content=\"https:\/\/www.facebook.com\/ArhitektaCasopis\/\" \/>\n<meta property=\"article:modified_time\" content=\"2021-11-12T13:56:56+00:00\" \/>\n<meta name=\"twitter:card\" content=\"summary_large_image\" \/>\n<meta name=\"twitter:label1\" content=\"Est. reading time\" \/>\n\t<meta name=\"twitter:data1\" content=\"1 minute\" \/>\n<script type=\"application\/ld+json\" class=\"yoast-schema-graph\">{\"@context\":\"https:\\\/\\\/schema.org\",\"@graph\":[{\"@type\":\"WebPage\",\"@id\":\"https:\\\/\\\/arhitekta.co.rs\\\/en\\\/news\\\/\",\"url\":\"https:\\\/\\\/arhitekta.co.rs\\\/en\\\/news\\\/\",\"name\":\"NEWS - Arhitekta - architecture magazine\",\"isPartOf\":{\"@id\":\"https:\\\/\\\/arhitekta.co.rs\\\/en\\\/#website\"},\"datePublished\":\"2018-10-10T19:44:38+00:00\",\"dateModified\":\"2021-11-12T13:56:56+00:00\",\"breadcrumb\":{\"@id\":\"https:\\\/\\\/arhitekta.co.rs\\\/en\\\/news\\\/#breadcrumb\"},\"inLanguage\":\"en-US\",\"potentialAction\":[{\"@type\":\"ReadAction\",\"target\":[\"https:\\\/\\\/arhitekta.co.rs\\\/en\\\/news\\\/\"]}]},{\"@type\":\"BreadcrumbList\",\"@id\":\"https:\\\/\\\/arhitekta.co.rs\\\/en\\\/news\\\/#breadcrumb\",\"itemListElement\":[{\"@type\":\"ListItem\",\"position\":1,\"name\":\"\u041f\u043e\u0447\u0435\u0442\u043d\u0430\",\"item\":\"https:\\\/\\\/arhitekta.co.rs\\\/en\\\/\"},{\"@type\":\"ListItem\",\"position\":2,\"name\":\"NEWS\"}]},{\"@type\":\"WebSite\",\"@id\":\"https:\\\/\\\/arhitekta.co.rs\\\/en\\\/#website\",\"url\":\"https:\\\/\\\/arhitekta.co.rs\\\/en\\\/\",\"name\":\"Arhitekta - architecture magazine\",\"description\":\"\",\"publisher\":{\"@id\":\"https:\\\/\\\/arhitekta.co.rs\\\/en\\\/#organization\"},\"potentialAction\":[{\"@type\":\"SearchAction\",\"target\":{\"@type\":\"EntryPoint\",\"urlTemplate\":\"https:\\\/\\\/arhitekta.co.rs\\\/en\\\/?s={search_term_string}\"},\"query-input\":{\"@type\":\"PropertyValueSpecification\",\"valueRequired\":true,\"valueName\":\"search_term_string\"}}],\"inLanguage\":\"en-US\"},{\"@type\":\"Organization\",\"@id\":\"https:\\\/\\\/arhitekta.co.rs\\\/en\\\/#organization\",\"name\":\"Arhitekta - architecture magazine\",\"url\":\"https:\\\/\\\/arhitekta.co.rs\\\/en\\\/\",\"logo\":{\"@type\":\"ImageObject\",\"inLanguage\":\"en-US\",\"@id\":\"https:\\\/\\\/arhitekta.co.rs\\\/en\\\/#\\\/schema\\\/logo\\\/image\\\/\",\"url\":\"https:\\\/\\\/arhitekta.co.rs\\\/en\\\/wp-content\\\/uploads\\\/2020\\\/06\\\/logo-black.png\",\"contentUrl\":\"https:\\\/\\\/arhitekta.co.rs\\\/en\\\/wp-content\\\/uploads\\\/2020\\\/06\\\/logo-black.png\",\"width\":648,\"height\":173,\"caption\":\"Arhitekta - architecture magazine\"},\"image\":{\"@id\":\"https:\\\/\\\/arhitekta.co.rs\\\/en\\\/#\\\/schema\\\/logo\\\/image\\\/\"},\"sameAs\":[\"https:\\\/\\\/www.facebook.com\\\/ArhitektaCasopis\\\/\",\"https:\\\/\\\/www.linkedin.com\\\/in\\\/arhitekta-casopis\\\/\",\"https:\\\/\\\/www.youtube.com\\\/@arhitekta-casopis\\\/podcasts\",\"https:\\\/\\\/podcasters.spotify.com\\\/pod\\\/show\\\/arhitekta-podcast\"]}]}<\/script>\n<!-- \/ Yoast SEO plugin. -->","yoast_head_json":{"title":"NEWS - Arhitekta - architecture magazine","robots":{"index":"index","follow":"follow","max-snippet":"max-snippet:-1","max-image-preview":"max-image-preview:large","max-video-preview":"max-video-preview:-1"},"canonical":"https:\/\/arhitekta.co.rs\/en\/news\/","og_locale":"en_US","og_type":"article","og_title":"NEWS - Arhitekta - architecture magazine","og_description":"A new B2B event for architects was organized by the magazine Architect, with the cooperation and support of the Chamber of Commerce and Industry of Serbia, on March 10, 2022. A limited number of guests had the opportunity to listen to prominent speakers from renowned companies: Lafarge Serbia, hiCAD, Miele and Eglo. Good projects require...","og_url":"https:\/\/arhitekta.co.rs\/en\/news\/","og_site_name":"Arhitekta - architecture magazine","article_publisher":"https:\/\/www.facebook.com\/ArhitektaCasopis\/","article_modified_time":"2021-11-12T13:56:56+00:00","twitter_card":"summary_large_image","twitter_misc":{"Est. reading time":"1 minute"},"schema":{"@context":"https:\/\/schema.org","@graph":[{"@type":"WebPage","@id":"https:\/\/arhitekta.co.rs\/en\/news\/","url":"https:\/\/arhitekta.co.rs\/en\/news\/","name":"NEWS - Arhitekta - architecture magazine","isPartOf":{"@id":"https:\/\/arhitekta.co.rs\/en\/#website"},"datePublished":"2018-10-10T19:44:38+00:00","dateModified":"2021-11-12T13:56:56+00:00","breadcrumb":{"@id":"https:\/\/arhitekta.co.rs\/en\/news\/#breadcrumb"},"inLanguage":"en-US","potentialAction":[{"@type":"ReadAction","target":["https:\/\/arhitekta.co.rs\/en\/news\/"]}]},{"@type":"BreadcrumbList","@id":"https:\/\/arhitekta.co.rs\/en\/news\/#breadcrumb","itemListElement":[{"@type":"ListItem","position":1,"name":"\u041f\u043e\u0447\u0435\u0442\u043d\u0430","item":"https:\/\/arhitekta.co.rs\/en\/"},{"@type":"ListItem","position":2,"name":"NEWS"}]},{"@type":"WebSite","@id":"https:\/\/arhitekta.co.rs\/en\/#website","url":"https:\/\/arhitekta.co.rs\/en\/","name":"Arhitekta - architecture magazine","description":"","publisher":{"@id":"https:\/\/arhitekta.co.rs\/en\/#organization"},"potentialAction":[{"@type":"SearchAction","target":{"@type":"EntryPoint","urlTemplate":"https:\/\/arhitekta.co.rs\/en\/?s={search_term_string}"},"query-input":{"@type":"PropertyValueSpecification","valueRequired":true,"valueName":"search_term_string"}}],"inLanguage":"en-US"},{"@type":"Organization","@id":"https:\/\/arhitekta.co.rs\/en\/#organization","name":"Arhitekta - architecture magazine","url":"https:\/\/arhitekta.co.rs\/en\/","logo":{"@type":"ImageObject","inLanguage":"en-US","@id":"https:\/\/arhitekta.co.rs\/en\/#\/schema\/logo\/image\/","url":"https:\/\/arhitekta.co.rs\/en\/wp-content\/uploads\/2020\/06\/logo-black.png","contentUrl":"https:\/\/arhitekta.co.rs\/en\/wp-content\/uploads\/2020\/06\/logo-black.png","width":648,"height":173,"caption":"Arhitekta - architecture magazine"},"image":{"@id":"https:\/\/arhitekta.co.rs\/en\/#\/schema\/logo\/image\/"},"sameAs":["https:\/\/www.facebook.com\/ArhitektaCasopis\/","https:\/\/www.linkedin.com\/in\/arhitekta-casopis\/","https:\/\/www.youtube.com\/@arhitekta-casopis\/podcasts","https:\/\/podcasters.spotify.com\/pod\/show\/arhitekta-podcast"]}]}},"_links":{"self":[{"href":"https:\/\/arhitekta.co.rs\/en\/wp-json\/wp\/v2\/pages\/11961","targetHints":{"allow":["GET"]}}],"collection":[{"href":"https:\/\/arhitekta.co.rs\/en\/wp-json\/wp\/v2\/pages"}],"about":[{"href":"https:\/\/arhitekta.co.rs\/en\/wp-json\/wp\/v2\/types\/page"}],"author":[{"embeddable":true,"href":"https:\/\/arhitekta.co.rs\/en\/wp-json\/wp\/v2\/users\/1"}],"replies":[{"embeddable":true,"href":"https:\/\/arhitekta.co.rs\/en\/wp-json\/wp\/v2\/comments?post=11961"}],"version-history":[{"count":15,"href":"https:\/\/arhitekta.co.rs\/en\/wp-json\/wp\/v2\/pages\/11961\/revisions"}],"predecessor-version":[{"id":27860,"href":"https:\/\/arhitekta.co.rs\/en\/wp-json\/wp\/v2\/pages\/11961\/revisions\/27860"}],"wp:attachment":[{"href":"https:\/\/arhitekta.co.rs\/en\/wp-json\/wp\/v2\/media?parent=11961"}],"curies":[{"name":"wp","href":"https:\/\/api.w.org\/{rel}","templated":true}]}}