{"id":28278,"date":"2022-08-22T21:48:48","date_gmt":"2022-08-22T19:48:48","guid":{"rendered":"https:\/\/arhitekta.co.rs\/en\/?page_id=28278"},"modified":"2022-08-22T21:49:52","modified_gmt":"2022-08-22T19:49:52","slug":"event","status":"publish","type":"page","link":"https:\/\/arhitekta.co.rs\/en\/event\/","title":{"rendered":"EVENT"},"content":{"rendered":"<div class=\"row \"><div class=\"wpv-grid grid-1-1  wpv-first-level first has-background extended no-extended-padding\" style=\"background-color:#ffffff;padding-top:0.05px;padding-bottom:0.05px;\" id=\"wpv-column-aba27b835e0c336a7e324dbc1a430822\" ><div class=\"limit-wrapper\"><div class=\"extended-column-inner\"><style>#wpv-column-aba27b835e0c336a7e324dbc1a430822 p,#wpv-column-aba27b835e0c336a7e324dbc1a430822 em,#wpv-column-aba27b835e0c336a7e324dbc1a430822 h1,#wpv-column-aba27b835e0c336a7e324dbc1a430822 h2,#wpv-column-aba27b835e0c336a7e324dbc1a430822 h3,#wpv-column-aba27b835e0c336a7e324dbc1a430822 h4,#wpv-column-aba27b835e0c336a7e324dbc1a430822 h5,#wpv-column-aba27b835e0c336a7e324dbc1a430822 h6,#wpv-column-aba27b835e0c336a7e324dbc1a430822 .column-title,#wpv-column-aba27b835e0c336a7e324dbc1a430822 .sep-text h2.regular-title-wrapper,#wpv-column-aba27b835e0c336a7e324dbc1a430822 .text-divider-double,#wpv-column-aba27b835e0c336a7e324dbc1a430822 .sep-text .sep-text-line,#wpv-column-aba27b835e0c336a7e324dbc1a430822 .sep,#wpv-column-aba27b835e0c336a7e324dbc1a430822 .sep-2,#wpv-column-aba27b835e0c336a7e324dbc1a430822 .sep-3,#wpv-column-aba27b835e0c336a7e324dbc1a430822 td,#wpv-column-aba27b835e0c336a7e324dbc1a430822 th,#wpv-column-aba27b835e0c336a7e324dbc1a430822 caption{color:#808080;}#wpv-column-aba27b835e0c336a7e324dbc1a430822:before{background-color:transparent;}<\/style><div class=\"row \"><div class=\"wpv-grid grid-1-1  first has-background extended no-extended-padding\" style=\"background-color:#ffffff;padding-top:0.05px;padding-bottom:0.05px;\" id=\"wpv-column-c634e0e54fccf8ea8a428f15c9264ffc\" ><div class=\"limit-wrapper\"><div class=\"extended-column-inner\"><style>#wpv-column-c634e0e54fccf8ea8a428f15c9264ffc p,#wpv-column-c634e0e54fccf8ea8a428f15c9264ffc em,#wpv-column-c634e0e54fccf8ea8a428f15c9264ffc h1,#wpv-column-c634e0e54fccf8ea8a428f15c9264ffc h2,#wpv-column-c634e0e54fccf8ea8a428f15c9264ffc h3,#wpv-column-c634e0e54fccf8ea8a428f15c9264ffc h4,#wpv-column-c634e0e54fccf8ea8a428f15c9264ffc h5,#wpv-column-c634e0e54fccf8ea8a428f15c9264ffc h6,#wpv-column-c634e0e54fccf8ea8a428f15c9264ffc .column-title,#wpv-column-c634e0e54fccf8ea8a428f15c9264ffc .sep-text h2.regular-title-wrapper,#wpv-column-c634e0e54fccf8ea8a428f15c9264ffc .text-divider-double,#wpv-column-c634e0e54fccf8ea8a428f15c9264ffc .sep-text .sep-text-line,#wpv-column-c634e0e54fccf8ea8a428f15c9264ffc .sep,#wpv-column-c634e0e54fccf8ea8a428f15c9264ffc .sep-2,#wpv-column-c634e0e54fccf8ea8a428f15c9264ffc .sep-3,#wpv-column-c634e0e54fccf8ea8a428f15c9264ffc td,#wpv-column-c634e0e54fccf8ea8a428f15c9264ffc th,#wpv-column-c634e0e54fccf8ea8a428f15c9264ffc caption{color:#808080;}#wpv-column-c634e0e54fccf8ea8a428f15c9264ffc:before{background-color:transparent;}<\/style><div class=\"row \"><div class=\"wpv-grid grid-1-6  first unextended has-extended-padding\" style=\"padding-top:0.05px;padding-bottom:0.05px;\" id=\"wpv-column-660cf7d1b10264ef3cd7ffbcc6dae48f\" ><div class=\"push \" style=\"height:30px\"><\/div><\/div>\n<div class=\"wpv-grid grid-2-3  unextended has-extended-padding\" style=\"padding-top:0.05px;padding-bottom:0.05px;\" id=\"wpv-column-0cb5ee69502b31aee5800abacb69c627\" ><\/div>\n<div class=\"wpv-grid grid-1-6  unextended has-extended-padding\" style=\"padding-top:0.05px;padding-bottom:0.05px;\" id=\"wpv-column-08a27b91596d8f0682950ee2b8e5f562\" ><div class=\"push \" style=\"height:30px\"><\/div><\/div><\/div><\/div><\/div><\/div><\/div>\n<div class=\"row \"><div class=\"wpv-grid grid-1-1  first unextended no-extended-padding\" style=\"padding-top:0.05px;padding-bottom:0.05px;\" id=\"wpv-column-bbe1e3222f42a14142609c35164fb66e\" ><h4 style=\"text-align: center;\"><span style=\"color: #333333;\">A strong community of professionals is necessary for good projects, and <strong>Business to Business<\/strong> <strong>events <\/strong>(B2B) are an opportunity for experts from different fields to connect and exchange knowledge and experience.<\/span><\/h4><\/div><\/div><\/div><\/div><\/div><\/div>\n<div class=\"push \" style=\"height:80px\"><\/div>\n<div class=\"row \"><div class=\"wpv-grid grid-1-1  wpv-first-level first has-background extended no-extended-padding\" style=\"background-color:#ededed;padding-top:0.05px;padding-bottom:0.05px;\" id=\"wpv-column-5775146b8d9e00e10ef14fefea91268c\" ><div class=\"limit-wrapper\"><div class=\"extended-column-inner\"><style>#wpv-column-5775146b8d9e00e10ef14fefea91268c p,#wpv-column-5775146b8d9e00e10ef14fefea91268c em,#wpv-column-5775146b8d9e00e10ef14fefea91268c h1,#wpv-column-5775146b8d9e00e10ef14fefea91268c h2,#wpv-column-5775146b8d9e00e10ef14fefea91268c h3,#wpv-column-5775146b8d9e00e10ef14fefea91268c h4,#wpv-column-5775146b8d9e00e10ef14fefea91268c h5,#wpv-column-5775146b8d9e00e10ef14fefea91268c h6,#wpv-column-5775146b8d9e00e10ef14fefea91268c .column-title,#wpv-column-5775146b8d9e00e10ef14fefea91268c .sep-text h2.regular-title-wrapper,#wpv-column-5775146b8d9e00e10ef14fefea91268c .text-divider-double,#wpv-column-5775146b8d9e00e10ef14fefea91268c .sep-text .sep-text-line,#wpv-column-5775146b8d9e00e10ef14fefea91268c .sep,#wpv-column-5775146b8d9e00e10ef14fefea91268c .sep-2,#wpv-column-5775146b8d9e00e10ef14fefea91268c .sep-3,#wpv-column-5775146b8d9e00e10ef14fefea91268c td,#wpv-column-5775146b8d9e00e10ef14fefea91268c th,#wpv-column-5775146b8d9e00e10ef14fefea91268c caption{color:#6e6e6e;}#wpv-column-5775146b8d9e00e10ef14fefea91268c:before{background-color:transparent;}<\/style><div class=\"row \"><div class=\"wpv-grid grid-1-6  first unextended has-extended-padding\" style=\"padding-top:0.05px;padding-bottom:0.05px;\" id=\"wpv-column-a8d08264f8375363183dd32f784d0dda\" ><\/div>\n<div class=\"wpv-grid grid-2-3  unextended no-extended-padding\" style=\"padding-top:0.05px;padding-bottom:0.05px;\" id=\"wpv-column-1b0d9d82087491c5284031084e76de3f\" ><div class=\"push \" style=\"height:50px\"><\/div>\n<div class=\"row \"><div class=\"wpv-grid grid-1-1  first unextended no-extended-padding\" style=\"padding-top:0.05px;padding-bottom:0.05px;\" id=\"wpv-column-2771fb378788ab0cb882663491ba0f74\" ><div class=\"row \">\n<div id=\"wpv-column-748d6b819b3c87d9dead2094f5ee1999\" class=\"wpv-grid grid-1-1 first unextended no-extended-padding\">\n<div class=\"wpb_text_column wpb_content_element \">\n<div class=\"wpb_wrapper\">\n<div class=\"wpb_text_column wpb_content_element \">\n<div class=\"wpb_wrapper\">\n<p style=\"text-align: center;\"><span style=\"color: #000000;\">You can register your presence, individually or in larger numbers, by filling out the form.<\/span><\/p>\n<p style=\"text-align: center;\"><span style=\"color: #000000;\">Please indicate in the &#8220;additional information&#8221; field the number of people coming with you as well as their information (name and surname, contact phone and e-mail), so that we can enter you in the list of guests and provide you with seats.<\/span><\/p>\n<p style=\"text-align: center;\"><span style=\"color: #000000;\">Thank you for your registration!<\/span><\/p>\n<\/div>\n<\/div>\n<\/div>\n<\/div>\n<\/div>\n<\/div><\/div><\/div>\n<div class=\"row \"><div class=\"wpv-grid grid-1-1  first unextended no-extended-padding\" style=\"padding-top:0.05px;padding-bottom:0.05px;\" id=\"wpv-column-7983d403e6c367c9efe2e3e17054dc98\" >\t\t<div class=\"sep-text single centered\">\n\t\t\t\t\t\t\t<span class=\"sep-text-before\"><div class=\"sep-text-line\"><\/div><\/span>\n\t\t\t\t\t\t<div class=\"content\">\n\t\t\t\t<h2 class=\"regular-title-wrapper\">\t\t\t\t\tRegistration form\t\t\t\t<\/h2>\t\t\t<\/div>\n\t\t\t<span class=\"sep-text-after\"><div class=\"sep-text-line\"><\/div><\/span>\n\t\t\t\t\t<\/div>\n\t<p>\n<div class=\"wpcf7 no-js\" id=\"wpcf7-f28289-o1\" lang=\"en-US\" dir=\"ltr\" data-wpcf7-id=\"28289\">\n<div class=\"screen-reader-response\"><p role=\"status\" aria-live=\"polite\" aria-atomic=\"true\"><\/p> <ul><\/ul><\/div>\n<form action=\"\/en\/wp-json\/wp\/v2\/pages\/28278#wpcf7-f28289-o1\" method=\"post\" class=\"wpcf7-form init\" aria-label=\"Contact form\" novalidate=\"novalidate\" data-status=\"init\">\n<fieldset class=\"hidden-fields-container\"><input type=\"hidden\" name=\"_wpcf7\" value=\"28289\" \/><input type=\"hidden\" name=\"_wpcf7_version\" value=\"6.1.6\" \/><input type=\"hidden\" name=\"_wpcf7_locale\" value=\"en_US\" \/><input type=\"hidden\" name=\"_wpcf7_unit_tag\" value=\"wpcf7-f28289-o1\" \/><input type=\"hidden\" name=\"_wpcf7_container_post\" value=\"0\" \/><input type=\"hidden\" name=\"_wpcf7_posted_data_hash\" value=\"\" \/><input type=\"hidden\" name=\"_wpcf7_recaptcha_response\" value=\"\" \/>\n<\/fieldset>\n<p><label> Your name (required)<br \/>\n<span class=\"wpcf7-form-control-wrap\" data-name=\"your-name\"><input size=\"40\" maxlength=\"400\" class=\"wpcf7-form-control wpcf7-text wpcf7-validates-as-required\" aria-required=\"true\" aria-invalid=\"false\" value=\"\" type=\"text\" name=\"your-name\" \/><\/span> <\/label>\n<\/p>\n<p><label> Profession<br \/>\n<span class=\"wpcf7-form-control-wrap\" data-name=\"your-profession\"><input size=\"40\" maxlength=\"400\" class=\"wpcf7-form-control wpcf7-text wpcf7-validates-as-required\" aria-required=\"true\" aria-invalid=\"false\" value=\"\" type=\"text\" name=\"your-profession\" \/><\/span> <\/label>\n<\/p>\n<p><label> Company<br \/>\n<span class=\"wpcf7-form-control-wrap\" data-name=\"company-name\"><input size=\"40\" maxlength=\"400\" class=\"wpcf7-form-control wpcf7-text wpcf7-validates-as-required\" aria-required=\"true\" aria-invalid=\"false\" value=\"\" type=\"text\" name=\"company-name\" \/><\/span> <\/label>\n<\/p>\n<p><label> Your email (required)<br \/>\n<span class=\"wpcf7-form-control-wrap\" data-name=\"your-email\"><input size=\"40\" maxlength=\"400\" class=\"wpcf7-form-control wpcf7-email wpcf7-validates-as-required wpcf7-text wpcf7-validates-as-email\" aria-required=\"true\" aria-invalid=\"false\" value=\"\" type=\"email\" name=\"your-email\" \/><\/span> <\/label>\n<\/p>\n<p><label> Telephone (required)<br \/>\n<span class=\"wpcf7-form-control-wrap\" data-name=\"tel-385\"><input size=\"40\" maxlength=\"400\" class=\"wpcf7-form-control wpcf7-tel wpcf7-text wpcf7-validates-as-tel\" aria-invalid=\"false\" placeholder=\"\" value=\"\" type=\"tel\" name=\"tel-385\" \/><\/span> <\/label>\n<\/p>\n<p>Message (Additional information)<br \/>\n<span class=\"wpcf7-form-control-wrap\" data-name=\"your-message\"><textarea cols=\"40\" rows=\"10\" maxlength=\"2000\" class=\"wpcf7-form-control wpcf7-textarea\" aria-invalid=\"false\" name=\"your-message\"><\/textarea><\/span>\n<\/p>\n\n<p><input class=\"wpcf7-form-control wpcf7-submit has-spinner\" type=\"submit\" value=\"Submit\" \/>\n<\/p><div class=\"wpcf7-response-output\" aria-hidden=\"true\"><\/div>\n<\/form>\n<\/div>\n<\/div><\/div>\n<div class=\"push \" style=\"height:60px\"><\/div><\/div>\n<div class=\"wpv-grid grid-1-6  unextended has-extended-padding\" style=\"padding-top:0.05px;padding-bottom:0.05px;\" id=\"wpv-column-dc8b57b4e0d50decfdd1022c98abb546\" ><\/div><\/div><\/div><\/div><\/div><\/div>\n<div class=\"push \" style=\"height:30px\"><\/div>\n<div class=\"limit-wrapper\"><div class=\"row \"><div class=\"wpv-grid grid-1-1  wpv-first-level first unextended no-extended-padding\" style=\"padding-top:0.05px;padding-bottom:0.05px;\" id=\"wpv-column-eb4738000a2b687bf0c60ac119cde92b\" ><div class=\"wpb_column vc_column_container vc_col-sm-9 et_custom_uniqid_62d5473057d63 mpc-column\" data-column-id=\"mpc_column-5562d5473091793\">\n<div class=\"vc_column-inner\">\n<div class=\"wpb_wrapper\">\n<div class=\"wpb_text_column wpb_content_element \">\n<div class=\"wpb_wrapper\">\n<h5 style=\"text-align: justify;\"><span style=\"color: #808080;\"><em>* The Arhitekta website guarantees to all users the security of the data they leave (registration &#8211; filling out the contact form) according to the Law on the Security of Personal Data. The data will not be used for other purposes and will not be transferred to third parties, except in cases of serious violation of the rules or illegal activities of the user. The website uses the collected data for its own records and to inform users.<\/em><\/span><\/h5>\n<\/div>\n<\/div>\n<\/div>\n<\/div>\n<\/div><\/div><\/div><\/div>\n<div class=\"push \" style=\"height:50px\"><\/div>\n<div class=\"limit-wrapper\">\t\t<div class=\"sep-text single centered\">\n\t\t\t\t\t\t\t<span class=\"sep-text-before\"><div class=\"sep-text-line\"><\/div><\/span>\n\t\t\t\t\t\t<div class=\"content\">\n\t\t\t\t\t\t\t\t\t\n<h2><span class=\"VIiyi\" lang=\"en\"><span class=\"JLqJ4b ChMk0b\" data-language-for-alternatives=\"en\" data-language-to-translate-into=\"sr\" data-phrase-index=\"0\" data-number-of-phrases=\"1\"><span class=\"Q4iAWc\">More on the past events<\/span><\/span><\/span><\/h2>\n\t\t\t\t\t\t\t<\/div>\n\t\t\t<span class=\"sep-text-after\"><div class=\"sep-text-line\"><\/div><\/span>\n\t\t\t\t\t<\/div>\n\t<\/div>\n<div class=\"push \" style=\"height:20px\"><\/div>\n<div class=\"limit-wrapper\"><div class=\"row \"><div class=\"wpv-grid grid-1-1  wpv-first-level first unextended no-extended-padding\" style=\"padding-top:0.05px;padding-bottom:0.05px;\" id=\"wpv-column-9b229995856becc9941daf37a389f871\" ><div class=\"loop-wrapper clearfix regular normal not-paginated\" data-columns=\"1\"  >\n\t\t\t<div class=\"page-content post-header clearfix list-item post-29446 post type-post status-publish format-standard has-post-thumbnail hentry category-arhitekta-forum category-events category-news tag-arhitekta-forum-5 tag-arhitekta-magazine tag-belgrade-architecture tag-mts-dvorana tag-reurbanization tag-urbanism\" >\n\t\t\t\t<div>\n\t\t\t\t\t<div class=\"post-article has-image-wrapper \">\n\t<div class=\"standard-post-format clearfix as-image \">\n\t\t<div class=\"post-row\">\n\t<div class=\"post-row-left\">\n\t\n<div class=\"post-date\">\n\t\t\t<span class=\"top-part\">\n\t\t\t09\t\t<\/span>\n\t\t<span class=\"bottom-part\">\n\t\t\t04 '26\t\t<\/span>\n\t<\/div><\/div>\n\t<div class=\"post-row-center\">\n\t\t\t\t\t<div class=\"post-media\">\n\t\t\t\t<div class='media-inner'>\n\t\t\t\t\t\n\t\t\t\t\t<img loading=\"lazy\" decoding=\"async\" width=\"446\" height=\"343\" src=\"https:\/\/arhitekta.co.rs\/en\/wp-content\/uploads\/2026\/04\/Arhitekta-Forum-5-446x343.jpg\" class=\"attachment-theme-loop-3 size-theme-loop-3 wp-post-image\" alt=\"\" srcset=\"https:\/\/arhitekta.co.rs\/en\/wp-content\/uploads\/2026\/04\/Arhitekta-Forum-5-446x343.jpg 446w, https:\/\/arhitekta.co.rs\/en\/wp-content\/uploads\/2026\/04\/Arhitekta-Forum-5-327x251.jpg 327w\" sizes=\"auto, (min-width: 900px) 50vw, 100vw\" \/>\n\t\t\t\t\t\t\t\t\t<\/div>\n\t\t\t<\/div>\n\t\t\t\t<div class=\"post-content-outer\">\n\t\t\t\t\t<header class=\"single\">\n\t\t\t<div class=\"content\">\n\t\t\t\t\t\t\t\t<h3>\n\t\t\t\t\t<a href=\"https:\/\/arhitekta.co.rs\/en\/events\/arhitekta-forum-5-belgrade-reurbanization\/\" title=\"Arhitekta Forum 5: Reurbanization as the Key to Future Cities\">Arhitekta Forum 5: Reurbanization as the Key to Future Cities<\/a>\n\t\t\t\t<\/h3>\n\t\t\t<\/div>\n\t\t<\/header>\n\t<div class=\"post-content the-content\">\n\t<p>On May 9, 2026, Belgrade will once again become the epicenter of the architectural profession. The jubilee 5th Arhitekta Forum, organized by the renowned Arhitekta magazine, will bring together leading designers, urban planners, and architects at the MTS Dvorana venue. This year&#8217;s central theme \u2014 REURBANIZATION \u2014 addresses crucial questions regarding the transformation of modern&#8230;<\/p>\n<\/div><div class=\"post-meta\">\n\t<nav class=\"clearfix\">\n\t\t\n\t\t\t\t\t\t\t\t\t<div><span class=\"icon\">&#57451;<\/span><span class=\"visuallyhidden\">Category<\/span><a href=\"https:\/\/arhitekta.co.rs\/en\/category\/arhitekta-forum\/\" rel=\"category tag\">Arhitekta Forum<\/a>, <a href=\"https:\/\/arhitekta.co.rs\/en\/category\/events\/\" rel=\"category tag\">Events<\/a>, <a href=\"https:\/\/arhitekta.co.rs\/en\/category\/news\/\" rel=\"category tag\">News<\/a><\/div>\n\t\t\t\t<div class=\"the-tags\"><span class=\"icon\">&#57461;<\/span><span class=\"visuallyhidden\">Category<\/span><a href=\"https:\/\/arhitekta.co.rs\/en\/tag\/arhitekta-forum-5\/\" rel=\"tag\">Arhitekta Forum 5<\/a>, <a href=\"https:\/\/arhitekta.co.rs\/en\/tag\/arhitekta-magazine\/\" rel=\"tag\">Arhitekta Magazine<\/a>, <a href=\"https:\/\/arhitekta.co.rs\/en\/tag\/belgrade-architecture\/\" rel=\"tag\">Belgrade Architecture<\/a>, <a href=\"https:\/\/arhitekta.co.rs\/en\/tag\/mts-dvorana\/\" rel=\"tag\">MTS Dvorana<\/a>, <a href=\"https:\/\/arhitekta.co.rs\/en\/tag\/reurbanization\/\" rel=\"tag\">Reurbanization<\/a>, <a href=\"https:\/\/arhitekta.co.rs\/en\/tag\/urbanism\/\" rel=\"tag\">urbanism<\/a><\/div>\t\t\t\t\t\t\t\t<\/nav>\n<\/div>\t\t<\/div>\n\t<\/div>\n<\/div>\t<\/div>\n<\/div>\n\t\t\t\t<\/div>\n\t\t\t<\/div>\n\t\t\t<div class=\"page-content post-header clearfix list-item post-29423 post type-post status-publish format-standard has-post-thumbnail hentry category-events category-news tag-budapest-architecture-events tag-climate-adaptive-design tag-edge-architecture-festival-budapest-2026 tag-edge-fest-budapest tag-epiteszforum tag-experimental-architecture tag-future-cities tag-mvrdv tag-oppenheim-architecture tag-studio-gang tag-urban-design tag-winy-maas\" >\n\t\t\t\t<div>\n\t\t\t\t\t<div class=\"post-article has-image-wrapper \">\n\t<div class=\"standard-post-format clearfix as-image \">\n\t\t<div class=\"post-row\">\n\t<div class=\"post-row-left\">\n\t\n<div class=\"post-date\">\n\t\t\t<span class=\"top-part\">\n\t\t\t08\t\t<\/span>\n\t\t<span class=\"bottom-part\">\n\t\t\t04 '26\t\t<\/span>\n\t<\/div><\/div>\n\t<div class=\"post-row-center\">\n\t\t\t\t\t<div class=\"post-media\">\n\t\t\t\t<div class='media-inner'>\n\t\t\t\t\t\n\t\t\t\t\t<img loading=\"lazy\" decoding=\"async\" width=\"446\" height=\"343\" src=\"https:\/\/arhitekta.co.rs\/en\/wp-content\/uploads\/2026\/04\/EDGE-Fest-roundtable-446x343.jpg\" class=\"attachment-theme-loop-3 size-theme-loop-3 wp-post-image\" alt=\"Highlights from the EDGE Architecture Festival Budapest 2025 - EDGE Fest Archive\" srcset=\"https:\/\/arhitekta.co.rs\/en\/wp-content\/uploads\/2026\/04\/EDGE-Fest-roundtable-446x343.jpg 446w, https:\/\/arhitekta.co.rs\/en\/wp-content\/uploads\/2026\/04\/EDGE-Fest-roundtable-800x615.jpg 800w, https:\/\/arhitekta.co.rs\/en\/wp-content\/uploads\/2026\/04\/EDGE-Fest-roundtable-685x526.jpg 685w, https:\/\/arhitekta.co.rs\/en\/wp-content\/uploads\/2026\/04\/EDGE-Fest-roundtable-327x251.jpg 327w\" sizes=\"auto, (min-width: 900px) 50vw, 100vw\" \/>\n\t\t\t\t\t\t\t\t\t<\/div>\n\t\t\t<\/div>\n\t\t\t\t<div class=\"post-content-outer\">\n\t\t\t\t\t<header class=\"single\">\n\t\t\t<div class=\"content\">\n\t\t\t\t\t\t\t\t<h3>\n\t\t\t\t\t<a href=\"https:\/\/arhitekta.co.rs\/en\/events\/edge-architecture-festival-budapest-2026\/\" title=\"Winy Maas (MVRDV), Studio Gang and Oppenheim Architecture Among Speakers at EDGE Architecture Festival Budapest 2026\">Winy Maas (MVRDV), Studio Gang and Oppenheim Architecture Among Speakers at EDGE Architecture Festival Budapest 2026<\/a>\n\t\t\t\t<\/h3>\n\t\t\t<\/div>\n\t\t<\/header>\n\t<div class=\"post-content the-content\">\n\t<p>The second edition of EDGE Architecture Festival Budapest (EDGE Fest), organised by \u00c9p\u00edt\u00e9szf\u00f3rum, will take place on 18-19 June 2026 in Budapest at D\u00fcrer Kert and the industrial venues of Hengermalom. Bringing together internationally renowned architects, designers, emerging voices, and experimental practices, the festival explores how architecture can respond to ecological, social, and technological transformation&#8230;.<\/p>\n<\/div><div class=\"post-meta\">\n\t<nav class=\"clearfix\">\n\t\t\n\t\t\t\t\t\t\t\t\t<div><span class=\"icon\">&#57451;<\/span><span class=\"visuallyhidden\">Category<\/span><a href=\"https:\/\/arhitekta.co.rs\/en\/category\/events\/\" rel=\"category tag\">Events<\/a>, <a href=\"https:\/\/arhitekta.co.rs\/en\/category\/news\/\" rel=\"category tag\">News<\/a><\/div>\n\t\t\t\t<div class=\"the-tags\"><span class=\"icon\">&#57461;<\/span><span class=\"visuallyhidden\">Category<\/span><a href=\"https:\/\/arhitekta.co.rs\/en\/tag\/budapest-architecture-events\/\" rel=\"tag\">Budapest architecture events<\/a>, <a href=\"https:\/\/arhitekta.co.rs\/en\/tag\/climate-adaptive-design\/\" rel=\"tag\">climate-adaptive design<\/a>, <a href=\"https:\/\/arhitekta.co.rs\/en\/tag\/edge-architecture-festival-budapest-2026\/\" rel=\"tag\">EDGE Architecture Festival Budapest 2026<\/a>, <a href=\"https:\/\/arhitekta.co.rs\/en\/tag\/edge-fest-budapest\/\" rel=\"tag\">EDGE Fest Budapest<\/a>, <a href=\"https:\/\/arhitekta.co.rs\/en\/tag\/epiteszforum\/\" rel=\"tag\">\u00c9p\u00edt\u00e9szf\u00f3rum<\/a>, <a href=\"https:\/\/arhitekta.co.rs\/en\/tag\/experimental-architecture\/\" rel=\"tag\">experimental architecture<\/a>, <a href=\"https:\/\/arhitekta.co.rs\/en\/tag\/future-cities\/\" rel=\"tag\">future cities<\/a>, <a href=\"https:\/\/arhitekta.co.rs\/en\/tag\/mvrdv\/\" rel=\"tag\">MVRDV<\/a>, <a href=\"https:\/\/arhitekta.co.rs\/en\/tag\/oppenheim-architecture\/\" rel=\"tag\">Oppenheim Architecture<\/a>, <a href=\"https:\/\/arhitekta.co.rs\/en\/tag\/studio-gang\/\" rel=\"tag\">Studio Gang<\/a>, <a href=\"https:\/\/arhitekta.co.rs\/en\/tag\/urban-design\/\" rel=\"tag\">urban design<\/a>, <a href=\"https:\/\/arhitekta.co.rs\/en\/tag\/winy-maas\/\" rel=\"tag\">Winy Maas<\/a><\/div>\t\t\t\t\t\t\t\t<\/nav>\n<\/div>\t\t<\/div>\n\t<\/div>\n<\/div>\t<\/div>\n<\/div>\n\t\t\t\t<\/div>\n\t\t\t<\/div>\n\t\t\t<div class=\"page-content post-header clearfix list-item post-29389 post type-post status-publish format-standard has-post-thumbnail hentry category-events category-news tag-architecture-festival-slovenia tag-big-see-awards tag-big-see-festival-2026 tag-design-conference-2026 tag-foster-partners tag-grando-portoroz tag-portoroz-events tag-product-design-awards tag-renzo-piano-building-workshop tag-south-east-europe-design tag-sustainable-architecture\" >\n\t\t\t\t<div>\n\t\t\t\t\t<div class=\"post-article has-image-wrapper \">\n\t<div class=\"standard-post-format clearfix as-image \">\n\t\t<div class=\"post-row\">\n\t<div class=\"post-row-left\">\n\t\n<div class=\"post-date\">\n\t\t\t<span class=\"top-part\">\n\t\t\t04\t\t<\/span>\n\t\t<span class=\"bottom-part\">\n\t\t\t04 '26\t\t<\/span>\n\t<\/div><\/div>\n\t<div class=\"post-row-center\">\n\t\t\t\t\t<div class=\"post-media\">\n\t\t\t\t<div class='media-inner'>\n\t\t\t\t\t\n\t\t\t\t\t<img loading=\"lazy\" decoding=\"async\" width=\"446\" height=\"343\" src=\"https:\/\/arhitekta.co.rs\/en\/wp-content\/uploads\/2026\/04\/BIG-SEE-Festival-2026-Portoroz-arhitektura-446x343.jpg\" class=\"attachment-theme-loop-3 size-theme-loop-3 wp-post-image\" alt=\"BIG SEE Festival 2026: Architecture &amp; Design in Portoro\u017e\" srcset=\"https:\/\/arhitekta.co.rs\/en\/wp-content\/uploads\/2026\/04\/BIG-SEE-Festival-2026-Portoroz-arhitektura-446x343.jpg 446w, https:\/\/arhitekta.co.rs\/en\/wp-content\/uploads\/2026\/04\/BIG-SEE-Festival-2026-Portoroz-arhitektura-800x615.jpg 800w, https:\/\/arhitekta.co.rs\/en\/wp-content\/uploads\/2026\/04\/BIG-SEE-Festival-2026-Portoroz-arhitektura-685x526.jpg 685w, https:\/\/arhitekta.co.rs\/en\/wp-content\/uploads\/2026\/04\/BIG-SEE-Festival-2026-Portoroz-arhitektura-327x251.jpg 327w\" sizes=\"auto, (min-width: 900px) 50vw, 100vw\" \/>\n\t\t\t\t\t\t\t\t\t<\/div>\n\t\t\t<\/div>\n\t\t\t\t<div class=\"post-content-outer\">\n\t\t\t\t\t<header class=\"single\">\n\t\t\t<div class=\"content\">\n\t\t\t\t\t\t\t\t<h3>\n\t\t\t\t\t<a href=\"https:\/\/arhitekta.co.rs\/en\/events\/big-see-festival-2026-portoroz\/\" title=\"BIG SEE Festival 2026 | Architecture. Design. Make Sense.\">BIG SEE Festival 2026 | Architecture. Design. Make Sense.<\/a>\n\t\t\t\t<\/h3>\n\t\t\t<\/div>\n\t\t<\/header>\n\t<div class=\"post-content the-content\">\n\t<p>The BIG SEE Festival returns on May 21-22, 2026, to Portoro\u017e, Slovenia, as the leading architecture and product design platform in South-East Europe, bringing together architects, designers, brands, and decision-makers from across the world. Formerly known as BIG Architecture and BIG Design, the unified BIG SEE Festival reflects an expanded ambition: to frame architecture and&#8230;<\/p>\n<\/div><div class=\"post-meta\">\n\t<nav class=\"clearfix\">\n\t\t\n\t\t\t\t\t\t\t\t\t<div><span class=\"icon\">&#57451;<\/span><span class=\"visuallyhidden\">Category<\/span><a href=\"https:\/\/arhitekta.co.rs\/en\/category\/events\/\" rel=\"category tag\">Events<\/a>, <a href=\"https:\/\/arhitekta.co.rs\/en\/category\/news\/\" rel=\"category tag\">News<\/a><\/div>\n\t\t\t\t<div class=\"the-tags\"><span class=\"icon\">&#57461;<\/span><span class=\"visuallyhidden\">Category<\/span><a href=\"https:\/\/arhitekta.co.rs\/en\/tag\/architecture-festival-slovenia\/\" rel=\"tag\">Architecture Festival Slovenia<\/a>, <a href=\"https:\/\/arhitekta.co.rs\/en\/tag\/big-see-awards\/\" rel=\"tag\">BIG SEE Awards<\/a>, <a href=\"https:\/\/arhitekta.co.rs\/en\/tag\/big-see-festival-2026\/\" rel=\"tag\">BIG SEE Festival 2026<\/a>, <a href=\"https:\/\/arhitekta.co.rs\/en\/tag\/design-conference-2026\/\" rel=\"tag\">Design Conference 2026<\/a>, <a href=\"https:\/\/arhitekta.co.rs\/en\/tag\/foster-partners\/\" rel=\"tag\">Foster + Partners<\/a>, <a href=\"https:\/\/arhitekta.co.rs\/en\/tag\/grando-portoroz\/\" rel=\"tag\">Grando Portoro\u017e<\/a>, <a href=\"https:\/\/arhitekta.co.rs\/en\/tag\/portoroz-events\/\" rel=\"tag\">Portoro\u017e events<\/a>, <a href=\"https:\/\/arhitekta.co.rs\/en\/tag\/product-design-awards\/\" rel=\"tag\">product design awards<\/a>, <a href=\"https:\/\/arhitekta.co.rs\/en\/tag\/renzo-piano-building-workshop\/\" rel=\"tag\">Renzo Piano Building Workshop<\/a>, <a href=\"https:\/\/arhitekta.co.rs\/en\/tag\/south-east-europe-design\/\" rel=\"tag\">South-East Europe design<\/a>, <a href=\"https:\/\/arhitekta.co.rs\/en\/tag\/sustainable-architecture\/\" rel=\"tag\">sustainable architecture<\/a><\/div>\t\t\t\t\t\t\t\t<\/nav>\n<\/div>\t\t<\/div>\n\t<\/div>\n<\/div>\t<\/div>\n<\/div>\n\t\t\t\t<\/div>\n\t\t\t<\/div>\n\t\t\t<div class=\"page-content post-header clearfix list-item post-29086 post type-post status-publish format-standard has-post-thumbnail hentry category-events category-news tag-architecture tag-architecture-conference-2025 tag-big-see tag-festival tag-portoroz tag-slovenia\" >\n\t\t\t\t<div>\n\t\t\t\t\t<div class=\"post-article has-image-wrapper \">\n\t<div class=\"standard-post-format clearfix as-image \">\n\t\t<div class=\"post-row\">\n\t<div class=\"post-row-left\">\n\t\n<div class=\"post-date\">\n\t\t\t<span class=\"top-part\">\n\t\t\t15\t\t<\/span>\n\t\t<span class=\"bottom-part\">\n\t\t\t04 '25\t\t<\/span>\n\t<\/div><\/div>\n\t<div class=\"post-row-center\">\n\t\t\t\t\t<div class=\"post-media\">\n\t\t\t\t<div class='media-inner'>\n\t\t\t\t\t\n\t\t\t\t\t<img loading=\"lazy\" decoding=\"async\" width=\"446\" height=\"343\" src=\"https:\/\/arhitekta.co.rs\/en\/wp-content\/uploads\/2025\/04\/01-big-architecture-festival-2024-klemen-krzic-446x343.jpg\" class=\"attachment-theme-loop-3 size-theme-loop-3 wp-post-image\" alt=\"\" srcset=\"https:\/\/arhitekta.co.rs\/en\/wp-content\/uploads\/2025\/04\/01-big-architecture-festival-2024-klemen-krzic-446x343.jpg 446w, https:\/\/arhitekta.co.rs\/en\/wp-content\/uploads\/2025\/04\/01-big-architecture-festival-2024-klemen-krzic-800x615.jpg 800w, https:\/\/arhitekta.co.rs\/en\/wp-content\/uploads\/2025\/04\/01-big-architecture-festival-2024-klemen-krzic-685x526.jpg 685w, https:\/\/arhitekta.co.rs\/en\/wp-content\/uploads\/2025\/04\/01-big-architecture-festival-2024-klemen-krzic-327x251.jpg 327w\" sizes=\"auto, (min-width: 900px) 50vw, 100vw\" \/>\n\t\t\t\t\t\t\t\t\t<\/div>\n\t\t\t<\/div>\n\t\t\t\t<div class=\"post-content-outer\">\n\t\t\t\t\t<header class=\"single\">\n\t\t\t<div class=\"content\">\n\t\t\t\t\t\t\t\t<h3>\n\t\t\t\t\t<a href=\"https:\/\/arhitekta.co.rs\/en\/events\/big-architecture-festival-2025\/\" title=\"BIG Architecture Festival 2025\">BIG Architecture Festival 2025<\/a>\n\t\t\t\t<\/h3>\n\t\t\t<\/div>\n\t\t<\/header>\n\t<div class=\"post-content the-content\">\n\t<p>A Visionary Platform for Innovation and \u201cCommon Sense\u201d in Architecture As one of the most influential architectural events in South-East Europe, the BIG Architecture Festival 2025 will bring together the leading voices in architecture and interior design from the region and beyond. Taking place on May 22\u201323 at the stunning coastal venue of Grando, Obala&#8230;<\/p>\n<\/div><div class=\"post-meta\">\n\t<nav class=\"clearfix\">\n\t\t\n\t\t\t\t\t\t\t\t\t<div><span class=\"icon\">&#57451;<\/span><span class=\"visuallyhidden\">Category<\/span><a href=\"https:\/\/arhitekta.co.rs\/en\/category\/events\/\" rel=\"category tag\">Events<\/a>, <a href=\"https:\/\/arhitekta.co.rs\/en\/category\/news\/\" rel=\"category tag\">News<\/a><\/div>\n\t\t\t\t<div class=\"the-tags\"><span class=\"icon\">&#57461;<\/span><span class=\"visuallyhidden\">Category<\/span><a href=\"https:\/\/arhitekta.co.rs\/en\/tag\/architecture\/\" rel=\"tag\">architecture<\/a>, <a href=\"https:\/\/arhitekta.co.rs\/en\/tag\/architecture-conference-2025\/\" rel=\"tag\">Architecture Conference 2025<\/a>, <a href=\"https:\/\/arhitekta.co.rs\/en\/tag\/big-see\/\" rel=\"tag\">BIG SEE<\/a>, <a href=\"https:\/\/arhitekta.co.rs\/en\/tag\/festival\/\" rel=\"tag\">festival<\/a>, <a href=\"https:\/\/arhitekta.co.rs\/en\/tag\/portoroz\/\" rel=\"tag\">Portoro\u017e<\/a>, <a href=\"https:\/\/arhitekta.co.rs\/en\/tag\/slovenia\/\" rel=\"tag\">Slovenia<\/a><\/div>\t\t\t\t\t\t\t\t<\/nav>\n<\/div>\t\t<\/div>\n\t<\/div>\n<\/div>\t<\/div>\n<\/div>\n\t\t\t\t<\/div>\n\t\t\t<\/div>\n\t\t\t<div class=\"page-content post-header clearfix list-item post-28830 post type-post status-publish format-standard has-post-thumbnail hentry category-arhitekta-forum category-events category-news tag-architects tag-architects-forum tag-arhitekta-forum tag-belgrade tag-event\" >\n\t\t\t\t<div>\n\t\t\t\t\t<div class=\"post-article has-image-wrapper \">\n\t<div class=\"standard-post-format clearfix as-image \">\n\t\t<div class=\"post-row\">\n\t<div class=\"post-row-left\">\n\t\n<div class=\"post-date\">\n\t\t\t<span class=\"top-part\">\n\t\t\t11\t\t<\/span>\n\t\t<span class=\"bottom-part\">\n\t\t\t06 '24\t\t<\/span>\n\t<\/div><\/div>\n\t<div class=\"post-row-center\">\n\t\t\t\t\t<div class=\"post-media\">\n\t\t\t\t<div class='media-inner'>\n\t\t\t\t\t\n\t\t\t\t\t<img loading=\"lazy\" decoding=\"async\" width=\"446\" height=\"343\" src=\"https:\/\/arhitekta.co.rs\/en\/wp-content\/uploads\/2024\/05\/arhitekta-forum-no.1-446x343.jpg\" class=\"attachment-theme-loop-3 size-theme-loop-3 wp-post-image\" alt=\"\" srcset=\"https:\/\/arhitekta.co.rs\/en\/wp-content\/uploads\/2024\/05\/arhitekta-forum-no.1-446x343.jpg 446w, https:\/\/arhitekta.co.rs\/en\/wp-content\/uploads\/2024\/05\/arhitekta-forum-no.1-800x615.jpg 800w, https:\/\/arhitekta.co.rs\/en\/wp-content\/uploads\/2024\/05\/arhitekta-forum-no.1-685x526.jpg 685w, https:\/\/arhitekta.co.rs\/en\/wp-content\/uploads\/2024\/05\/arhitekta-forum-no.1-327x251.jpg 327w\" sizes=\"auto, (min-width: 900px) 50vw, 100vw\" \/>\n\t\t\t\t\t\t\t\t\t<\/div>\n\t\t\t<\/div>\n\t\t\t\t<div class=\"post-content-outer\">\n\t\t\t\t\t<header class=\"single\">\n\t\t\t<div class=\"content\">\n\t\t\t\t\t\t\t\t<h3>\n\t\t\t\t\t<a href=\"https:\/\/arhitekta.co.rs\/en\/arhitekta-forum\/arhitekta-forum-next-level\/\" title=\"Arhitekta Forum: Next Level\">Arhitekta Forum: Next Level<\/a>\n\t\t\t\t<\/h3>\n\t\t\t<\/div>\n\t\t<\/header>\n\t<div class=\"post-content the-content\">\n\t<p>May this year was special. Typically sunny and warm, but also full of surprises because for two days, Belgrade became the center of Europe for the architectural profession. An idea that a small group of enthusiasts from the magazine Arhitekta had been working on for over six months finally became a reality. The first Arhitekta&#8230;<\/p>\n<\/div><div class=\"post-meta\">\n\t<nav class=\"clearfix\">\n\t\t\n\t\t\t\t\t\t\t\t\t<div><span class=\"icon\">&#57451;<\/span><span class=\"visuallyhidden\">Category<\/span><a href=\"https:\/\/arhitekta.co.rs\/en\/category\/arhitekta-forum\/\" rel=\"category tag\">Arhitekta Forum<\/a>, <a href=\"https:\/\/arhitekta.co.rs\/en\/category\/events\/\" rel=\"category tag\">Events<\/a>, <a href=\"https:\/\/arhitekta.co.rs\/en\/category\/news\/\" rel=\"category tag\">News<\/a><\/div>\n\t\t\t\t<div class=\"the-tags\"><span class=\"icon\">&#57461;<\/span><span class=\"visuallyhidden\">Category<\/span><a href=\"https:\/\/arhitekta.co.rs\/en\/tag\/architects\/\" rel=\"tag\">architects<\/a>, <a href=\"https:\/\/arhitekta.co.rs\/en\/tag\/architects-forum\/\" rel=\"tag\">architects' forum<\/a>, <a href=\"https:\/\/arhitekta.co.rs\/en\/tag\/arhitekta-forum\/\" rel=\"tag\">Arhitekta Forum<\/a>, <a href=\"https:\/\/arhitekta.co.rs\/en\/tag\/belgrade\/\" rel=\"tag\">Belgrade<\/a>, <a href=\"https:\/\/arhitekta.co.rs\/en\/tag\/event\/\" rel=\"tag\">event<\/a><\/div>\t\t\t\t\t\t\t\t<\/nav>\n<\/div>\t\t<\/div>\n\t<\/div>\n<\/div>\t<\/div>\n<\/div>\n\t\t\t\t<\/div>\n\t\t\t<\/div>\n\t\t\t<div class=\"page-content post-header clearfix list-item post-28708 post type-post status-publish format-standard has-post-thumbnail hentry category-events category-news tag-belgrade-business-and-arts-academy-of-applied-studies tag-department-of-art-and-design tag-design tag-furniture tag-plemka tag-salone-del-mobile-milano tag-salone-satellite-2024 tag-serbian-designers tag-spatial-design\" >\n\t\t\t\t<div>\n\t\t\t\t\t<div class=\"post-article has-image-wrapper \">\n\t<div class=\"standard-post-format clearfix as-image \">\n\t\t<div class=\"post-row\">\n\t<div class=\"post-row-left\">\n\t\n<div class=\"post-date\">\n\t\t\t<span class=\"top-part\">\n\t\t\t23\t\t<\/span>\n\t\t<span class=\"bottom-part\">\n\t\t\t04 '24\t\t<\/span>\n\t<\/div><\/div>\n\t<div class=\"post-row-center\">\n\t\t\t\t\t<div class=\"post-media\">\n\t\t\t\t<div class='media-inner'>\n\t\t\t\t\t\n\t\t\t\t\t<img loading=\"lazy\" decoding=\"async\" width=\"446\" height=\"343\" src=\"https:\/\/arhitekta.co.rs\/en\/wp-content\/uploads\/2024\/04\/PLEMKA_all-models-1-446x343.jpg\" class=\"attachment-theme-loop-3 size-theme-loop-3 wp-post-image\" alt=\"\" srcset=\"https:\/\/arhitekta.co.rs\/en\/wp-content\/uploads\/2024\/04\/PLEMKA_all-models-1-446x343.jpg 446w, https:\/\/arhitekta.co.rs\/en\/wp-content\/uploads\/2024\/04\/PLEMKA_all-models-1-800x615.jpg 800w, https:\/\/arhitekta.co.rs\/en\/wp-content\/uploads\/2024\/04\/PLEMKA_all-models-1-685x526.jpg 685w, https:\/\/arhitekta.co.rs\/en\/wp-content\/uploads\/2024\/04\/PLEMKA_all-models-1-327x251.jpg 327w\" sizes=\"auto, (min-width: 900px) 50vw, 100vw\" \/>\n\t\t\t\t\t\t\t\t\t<\/div>\n\t\t\t<\/div>\n\t\t\t\t<div class=\"post-content-outer\">\n\t\t\t\t\t<header class=\"single\">\n\t\t\t<div class=\"content\">\n\t\t\t\t\t\t\t\t<h3>\n\t\t\t\t\t<a href=\"https:\/\/arhitekta.co.rs\/en\/news\/serbian-designers-conquer-the-furniture-fair-in-milan\/\" title=\"Serbian designers conquer the Furniture Fair in Milan\">Serbian designers conquer the Furniture Fair in Milan<\/a>\n\t\t\t\t<\/h3>\n\t\t\t<\/div>\n\t\t<\/header>\n\t<div class=\"post-content the-content\">\n\t<p>PLEMKA PROJECT AT THE FURNITURE FAIR IN MILAN 2024 (Salone Satellite 2024). The works presented by Serbian designers at the Salone Satellite 2024 exhibition as part of the Furniture Fair in Milan (Salone del Mobile Milano) represent the scope of the Furniture Design 2 course, which takes place in the third semester of the Master\u2019s&#8230;<\/p>\n<\/div><div class=\"post-meta\">\n\t<nav class=\"clearfix\">\n\t\t\n\t\t\t\t\t\t\t\t\t<div><span class=\"icon\">&#57451;<\/span><span class=\"visuallyhidden\">Category<\/span><a href=\"https:\/\/arhitekta.co.rs\/en\/category\/events\/\" rel=\"category tag\">Events<\/a>, <a href=\"https:\/\/arhitekta.co.rs\/en\/category\/news\/\" rel=\"category tag\">News<\/a><\/div>\n\t\t\t\t<div class=\"the-tags\"><span class=\"icon\">&#57461;<\/span><span class=\"visuallyhidden\">Category<\/span><a href=\"https:\/\/arhitekta.co.rs\/en\/tag\/belgrade-business-and-arts-academy-of-applied-studies\/\" rel=\"tag\">Belgrade Business and Arts Academy of Applied Studies<\/a>, <a href=\"https:\/\/arhitekta.co.rs\/en\/tag\/department-of-art-and-design\/\" rel=\"tag\">Department of Art and Design<\/a>, <a href=\"https:\/\/arhitekta.co.rs\/en\/tag\/design\/\" rel=\"tag\">design<\/a>, <a href=\"https:\/\/arhitekta.co.rs\/en\/tag\/furniture\/\" rel=\"tag\">furniture<\/a>, <a href=\"https:\/\/arhitekta.co.rs\/en\/tag\/plemka\/\" rel=\"tag\">PLEMKA<\/a>, <a href=\"https:\/\/arhitekta.co.rs\/en\/tag\/salone-del-mobile-milano\/\" rel=\"tag\">Salone del Mobile Milano<\/a>, <a href=\"https:\/\/arhitekta.co.rs\/en\/tag\/salone-satellite-2024\/\" rel=\"tag\">Salone Satellite 2024<\/a>, <a href=\"https:\/\/arhitekta.co.rs\/en\/tag\/serbian-designers\/\" rel=\"tag\">Serbian designers<\/a>, <a href=\"https:\/\/arhitekta.co.rs\/en\/tag\/spatial-design\/\" rel=\"tag\">spatial design<\/a><\/div>\t\t\t\t\t\t\t\t<\/nav>\n<\/div>\t\t<\/div>\n\t<\/div>\n<\/div>\t<\/div>\n<\/div>\n\t\t\t\t<\/div>\n\t\t\t<\/div>\n\t\t\t<div class=\"page-content post-header clearfix list-item post-28328 post type-post status-publish format-standard has-post-thumbnail hentry category-events category-news tag-architecture tag-b2b tag-belgrade tag-civil-engineering tag-construction tag-event tag-interiors\" >\n\t\t\t\t<div>\n\t\t\t\t\t<div class=\"post-article has-image-wrapper \">\n\t<div class=\"standard-post-format clearfix as-image \">\n\t\t<div class=\"post-row\">\n\t<div class=\"post-row-left\">\n\t\n<div class=\"post-date\">\n\t\t\t<span class=\"top-part\">\n\t\t\t15\t\t<\/span>\n\t\t<span class=\"bottom-part\">\n\t\t\t09 '22\t\t<\/span>\n\t<\/div><\/div>\n\t<div class=\"post-row-center\">\n\t\t\t\t\t<div class=\"post-media\">\n\t\t\t\t<div class='media-inner'>\n\t\t\t\t\t\n\t\t\t\t\t<img loading=\"lazy\" decoding=\"async\" width=\"400\" height=\"307\" src=\"https:\/\/arhitekta.co.rs\/en\/wp-content\/uploads\/2022\/09\/event-5-9-septembar-04-400x307.jpg\" class=\"attachment-theme-loop-3 size-theme-loop-3 wp-post-image\" alt=\"\" srcset=\"https:\/\/arhitekta.co.rs\/en\/wp-content\/uploads\/2022\/09\/event-5-9-septembar-04-400x307.jpg 400w, https:\/\/arhitekta.co.rs\/en\/wp-content\/uploads\/2022\/09\/event-5-9-septembar-04-800x615.jpg 800w, https:\/\/arhitekta.co.rs\/en\/wp-content\/uploads\/2022\/09\/event-5-9-septembar-04-615x473.jpg 615w, https:\/\/arhitekta.co.rs\/en\/wp-content\/uploads\/2022\/09\/event-5-9-septembar-04-292x225.jpg 292w\" sizes=\"auto, (min-width: 900px) 50vw, 100vw\" \/>\n\t\t\t\t\t\t\t\t\t<\/div>\n\t\t\t<\/div>\n\t\t\t\t<div class=\"post-content-outer\">\n\t\t\t\t\t<header class=\"single\">\n\t\t\t<div class=\"content\">\n\t\t\t\t\t\t\t\t<h3>\n\t\t\t\t\t<a href=\"https:\/\/arhitekta.co.rs\/en\/news\/five-day-b2b-event-dedicated-to-architecture-construction-and-interior-design\/\" title=\"Five-day B2B event dedicated to architecture, construction and interior design\">Five-day B2B event dedicated to architecture, construction and interior design<\/a>\n\t\t\t\t<\/h3>\n\t\t\t<\/div>\n\t\t<\/header>\n\t<div class=\"post-content the-content\">\n\t<p>September is the month of new beginnings, therefore it is an ideal moment to create a network of professionals, investors and clients. After three fruitful B2B (Business to business) events, the magazines Arhitekta, In\u017eenjer, Materiali and Koncept organized a whole working week of business meetings to keep visitors up to date with innovative materials, products&#8230;<\/p>\n<\/div><div class=\"post-meta\">\n\t<nav class=\"clearfix\">\n\t\t\n\t\t\t\t\t\t\t\t\t<div><span class=\"icon\">&#57451;<\/span><span class=\"visuallyhidden\">Category<\/span><a href=\"https:\/\/arhitekta.co.rs\/en\/category\/events\/\" rel=\"category tag\">Events<\/a>, <a href=\"https:\/\/arhitekta.co.rs\/en\/category\/news\/\" rel=\"category tag\">News<\/a><\/div>\n\t\t\t\t<div class=\"the-tags\"><span class=\"icon\">&#57461;<\/span><span class=\"visuallyhidden\">Category<\/span><a href=\"https:\/\/arhitekta.co.rs\/en\/tag\/architecture\/\" rel=\"tag\">architecture<\/a>, <a href=\"https:\/\/arhitekta.co.rs\/en\/tag\/b2b\/\" rel=\"tag\">B2B<\/a>, <a href=\"https:\/\/arhitekta.co.rs\/en\/tag\/belgrade\/\" rel=\"tag\">Belgrade<\/a>, <a href=\"https:\/\/arhitekta.co.rs\/en\/tag\/civil-engineering\/\" rel=\"tag\">civil engineering<\/a>, <a href=\"https:\/\/arhitekta.co.rs\/en\/tag\/construction\/\" rel=\"tag\">construction<\/a>, <a href=\"https:\/\/arhitekta.co.rs\/en\/tag\/event\/\" rel=\"tag\">event<\/a>, <a href=\"https:\/\/arhitekta.co.rs\/en\/tag\/interiors\/\" rel=\"tag\">interiors<\/a><\/div>\t\t\t\t\t\t\t\t<\/nav>\n<\/div>\t\t<\/div>\n\t<\/div>\n<\/div>\t<\/div>\n<\/div>\n\t\t\t\t<\/div>\n\t\t\t<\/div>\n\t\t\t<div class=\"page-content post-header clearfix list-item post-28313 post type-post status-publish format-standard has-post-thumbnail hentry category-events category-news tag-arhitekta tag-b2b tag-business-to-business tag-event tag-hicad tag-mara-home tag-networking tag-pinoles tag-schneider-electric\" >\n\t\t\t\t<div>\n\t\t\t\t\t<div class=\"post-article has-image-wrapper \">\n\t<div class=\"standard-post-format clearfix as-image \">\n\t\t<div class=\"post-row\">\n\t<div class=\"post-row-left\">\n\t\n<div class=\"post-date\">\n\t\t\t<span class=\"top-part\">\n\t\t\t24\t\t<\/span>\n\t\t<span class=\"bottom-part\">\n\t\t\t05 '22\t\t<\/span>\n\t<\/div><\/div>\n\t<div class=\"post-row-center\">\n\t\t\t\t\t<div class=\"post-media\">\n\t\t\t\t<div class='media-inner'>\n\t\t\t\t\t\n\t\t\t\t\t<img loading=\"lazy\" decoding=\"async\" width=\"400\" height=\"307\" src=\"https:\/\/arhitekta.co.rs\/en\/wp-content\/uploads\/2022\/05\/b2b-event-arhitekta-koncept-19-maj-2022-01-400x307.jpg\" class=\"attachment-theme-loop-3 size-theme-loop-3 wp-post-image\" alt=\"\" srcset=\"https:\/\/arhitekta.co.rs\/en\/wp-content\/uploads\/2022\/05\/b2b-event-arhitekta-koncept-19-maj-2022-01-400x307.jpg 400w, https:\/\/arhitekta.co.rs\/en\/wp-content\/uploads\/2022\/05\/b2b-event-arhitekta-koncept-19-maj-2022-01-800x615.jpg 800w, https:\/\/arhitekta.co.rs\/en\/wp-content\/uploads\/2022\/05\/b2b-event-arhitekta-koncept-19-maj-2022-01-615x473.jpg 615w, https:\/\/arhitekta.co.rs\/en\/wp-content\/uploads\/2022\/05\/b2b-event-arhitekta-koncept-19-maj-2022-01-292x225.jpg 292w\" sizes=\"auto, (min-width: 900px) 50vw, 100vw\" \/>\n\t\t\t\t\t\t\t\t\t<\/div>\n\t\t\t<\/div>\n\t\t\t\t<div class=\"post-content-outer\">\n\t\t\t\t\t<header class=\"single\">\n\t\t\t<div class=\"content\">\n\t\t\t\t\t\t\t\t<h3>\n\t\t\t\t\t<a href=\"https:\/\/arhitekta.co.rs\/en\/news\/the-third-b2b-event-for-architects-was-successfully-held\/\" title=\"The third B2B event for architects was successfully held\">The third B2B event for architects was successfully held<\/a>\n\t\t\t\t<\/h3>\n\t\t\t<\/div>\n\t\t<\/header>\n\t<div class=\"post-content the-content\">\n\t<p>Previous B2B (Business to business) events proved how important it is for experts from different fields to connect with each other and exchange knowledge and experience. Therefore, in the organization of the professional magazines Koncept and Arhitekta, with the cooperation and support of the Serbian Chamber of Commerce, the third consecutive B2B event intended for&#8230;<\/p>\n<\/div><div class=\"post-meta\">\n\t<nav class=\"clearfix\">\n\t\t\n\t\t\t\t\t\t\t\t\t<div><span class=\"icon\">&#57451;<\/span><span class=\"visuallyhidden\">Category<\/span><a href=\"https:\/\/arhitekta.co.rs\/en\/category\/events\/\" rel=\"category tag\">Events<\/a>, <a href=\"https:\/\/arhitekta.co.rs\/en\/category\/news\/\" rel=\"category tag\">News<\/a><\/div>\n\t\t\t\t<div class=\"the-tags\"><span class=\"icon\">&#57461;<\/span><span class=\"visuallyhidden\">Category<\/span><a href=\"https:\/\/arhitekta.co.rs\/en\/tag\/arhitekta\/\" rel=\"tag\">arhitekta<\/a>, <a href=\"https:\/\/arhitekta.co.rs\/en\/tag\/b2b\/\" rel=\"tag\">B2B<\/a>, <a href=\"https:\/\/arhitekta.co.rs\/en\/tag\/business-to-business\/\" rel=\"tag\">Business to business<\/a>, <a href=\"https:\/\/arhitekta.co.rs\/en\/tag\/event\/\" rel=\"tag\">event<\/a>, <a href=\"https:\/\/arhitekta.co.rs\/en\/tag\/hicad\/\" rel=\"tag\">hiCAD<\/a>, <a href=\"https:\/\/arhitekta.co.rs\/en\/tag\/mara-home\/\" rel=\"tag\">Mara Home<\/a>, <a href=\"https:\/\/arhitekta.co.rs\/en\/tag\/networking\/\" rel=\"tag\">Networking<\/a>, <a href=\"https:\/\/arhitekta.co.rs\/en\/tag\/pinoles\/\" rel=\"tag\">Pinoles<\/a>, <a href=\"https:\/\/arhitekta.co.rs\/en\/tag\/schneider-electric\/\" rel=\"tag\">Schneider Electric<\/a><\/div>\t\t\t\t\t\t\t\t<\/nav>\n<\/div>\t\t<\/div>\n\t<\/div>\n<\/div>\t<\/div>\n<\/div>\n\t\t\t\t<\/div>\n\t\t\t<\/div>\n\t\t\t<div class=\"page-content post-header clearfix list-item post-28297 post type-post status-publish format-standard has-post-thumbnail hentry category-events category-news tag-architect tag-b2b tag-engineer tag-event tag-fundermax tag-magazine-arhitekta tag-somfy tag-velux tag-xella\" >\n\t\t\t\t<div>\n\t\t\t\t\t<div class=\"post-article has-image-wrapper \">\n\t<div class=\"standard-post-format clearfix as-image \">\n\t\t<div class=\"post-row\">\n\t<div class=\"post-row-left\">\n\t\n<div class=\"post-date\">\n\t\t\t<span class=\"top-part\">\n\t\t\t21\t\t<\/span>\n\t\t<span class=\"bottom-part\">\n\t\t\t04 '22\t\t<\/span>\n\t<\/div><\/div>\n\t<div class=\"post-row-center\">\n\t\t\t\t\t<div class=\"post-media\">\n\t\t\t\t<div class='media-inner'>\n\t\t\t\t\t\n\t\t\t\t\t<img loading=\"lazy\" decoding=\"async\" width=\"400\" height=\"307\" src=\"https:\/\/arhitekta.co.rs\/en\/wp-content\/uploads\/2022\/04\/b2b-event-P1070313-400x307.jpg\" class=\"attachment-theme-loop-3 size-theme-loop-3 wp-post-image\" alt=\"\" srcset=\"https:\/\/arhitekta.co.rs\/en\/wp-content\/uploads\/2022\/04\/b2b-event-P1070313-400x307.jpg 400w, https:\/\/arhitekta.co.rs\/en\/wp-content\/uploads\/2022\/04\/b2b-event-P1070313-615x473.jpg 615w, https:\/\/arhitekta.co.rs\/en\/wp-content\/uploads\/2022\/04\/b2b-event-P1070313-292x225.jpg 292w\" sizes=\"auto, (min-width: 900px) 50vw, 100vw\" \/>\n\t\t\t\t\t\t\t\t\t<\/div>\n\t\t\t<\/div>\n\t\t\t\t<div class=\"post-content-outer\">\n\t\t\t\t\t<header class=\"single\">\n\t\t\t<div class=\"content\">\n\t\t\t\t\t\t\t\t<h3>\n\t\t\t\t\t<a href=\"https:\/\/arhitekta.co.rs\/en\/events\/the-second-business-meeting-for-architects-and-engineers\/\" title=\"The second business meeting for architects and engineers\">The second business meeting for architects and engineers<\/a>\n\t\t\t\t<\/h3>\n\t\t\t<\/div>\n\t\t<\/header>\n\t<div class=\"post-content the-content\">\n\t<p>The last in a series of B2B meetings was held on April 12 in Belgrade, in the hall of the Belgrade Chamber of Commerce. The In\u017eenjer and Arhitekta magazines, with the cooperation and support of the Association for the Construction Industry of the Serbian Chamber of Commerce, organized this business meeting for architects and experts&#8230;<\/p>\n<\/div><div class=\"post-meta\">\n\t<nav class=\"clearfix\">\n\t\t\n\t\t\t\t\t\t\t\t\t<div><span class=\"icon\">&#57451;<\/span><span class=\"visuallyhidden\">Category<\/span><a href=\"https:\/\/arhitekta.co.rs\/en\/category\/events\/\" rel=\"category tag\">Events<\/a>, <a href=\"https:\/\/arhitekta.co.rs\/en\/category\/news\/\" rel=\"category tag\">News<\/a><\/div>\n\t\t\t\t<div class=\"the-tags\"><span class=\"icon\">&#57461;<\/span><span class=\"visuallyhidden\">Category<\/span><a href=\"https:\/\/arhitekta.co.rs\/en\/tag\/architect\/\" rel=\"tag\">architect<\/a>, <a href=\"https:\/\/arhitekta.co.rs\/en\/tag\/b2b\/\" rel=\"tag\">B2B<\/a>, <a href=\"https:\/\/arhitekta.co.rs\/en\/tag\/engineer\/\" rel=\"tag\">engineer<\/a>, <a href=\"https:\/\/arhitekta.co.rs\/en\/tag\/event\/\" rel=\"tag\">event<\/a>, <a href=\"https:\/\/arhitekta.co.rs\/en\/tag\/fundermax\/\" rel=\"tag\">FunderMax<\/a>, <a href=\"https:\/\/arhitekta.co.rs\/en\/tag\/magazine-arhitekta\/\" rel=\"tag\">magazine Arhitekta<\/a>, <a href=\"https:\/\/arhitekta.co.rs\/en\/tag\/somfy\/\" rel=\"tag\">Somfy<\/a>, <a href=\"https:\/\/arhitekta.co.rs\/en\/tag\/velux\/\" rel=\"tag\">Velux<\/a>, <a href=\"https:\/\/arhitekta.co.rs\/en\/tag\/xella\/\" rel=\"tag\">Xella<\/a><\/div>\t\t\t\t\t\t\t\t<\/nav>\n<\/div>\t\t<\/div>\n\t<\/div>\n<\/div>\t<\/div>\n<\/div>\n\t\t\t\t<\/div>\n\t\t\t<\/div>\n\t\t\t<div class=\"page-content post-header clearfix list-item post-28136 post type-post status-publish format-standard has-post-thumbnail hentry category-events category-news tag-architect tag-b2b tag-eglo tag-engineer tag-event tag-hicad tag-lafarge tag-magazine-arhitekta tag-miele\" >\n\t\t\t\t<div>\n\t\t\t\t\t<div class=\"post-article has-image-wrapper \">\n\t<div class=\"standard-post-format clearfix as-image \">\n\t\t<div class=\"post-row\">\n\t<div class=\"post-row-left\">\n\t\n<div class=\"post-date\">\n\t\t\t<span class=\"top-part\">\n\t\t\t15\t\t<\/span>\n\t\t<span class=\"bottom-part\">\n\t\t\t03 '22\t\t<\/span>\n\t<\/div><\/div>\n\t<div class=\"post-row-center\">\n\t\t\t\t\t<div class=\"post-media\">\n\t\t\t\t<div class='media-inner'>\n\t\t\t\t\t\n\t\t\t\t\t<img loading=\"lazy\" decoding=\"async\" width=\"400\" height=\"307\" src=\"https:\/\/arhitekta.co.rs\/en\/wp-content\/uploads\/2022\/03\/B2B-event-namenjen-arhitektama-01-400x307.jpg\" class=\"attachment-theme-loop-3 size-theme-loop-3 wp-post-image\" alt=\"\" srcset=\"https:\/\/arhitekta.co.rs\/en\/wp-content\/uploads\/2022\/03\/B2B-event-namenjen-arhitektama-01-400x307.jpg 400w, https:\/\/arhitekta.co.rs\/en\/wp-content\/uploads\/2022\/03\/B2B-event-namenjen-arhitektama-01-800x615.jpg 800w, https:\/\/arhitekta.co.rs\/en\/wp-content\/uploads\/2022\/03\/B2B-event-namenjen-arhitektama-01-615x473.jpg 615w, https:\/\/arhitekta.co.rs\/en\/wp-content\/uploads\/2022\/03\/B2B-event-namenjen-arhitektama-01-292x225.jpg 292w\" sizes=\"auto, (min-width: 900px) 50vw, 100vw\" \/>\n\t\t\t\t\t\t\t\t\t<\/div>\n\t\t\t<\/div>\n\t\t\t\t<div class=\"post-content-outer\">\n\t\t\t\t\t<header class=\"single\">\n\t\t\t<div class=\"content\">\n\t\t\t\t\t\t\t\t<h3>\n\t\t\t\t\t<a href=\"https:\/\/arhitekta.co.rs\/en\/news\/b2b-event-for-architects\/\" title=\"B2B event for architects\">B2B event for architects<\/a>\n\t\t\t\t<\/h3>\n\t\t\t<\/div>\n\t\t<\/header>\n\t<div class=\"post-content the-content\">\n\t<p>A new B2B event for architects was organized by the magazine Architect, with the cooperation and support of the Chamber of Commerce and Industry of Serbia, on March 10, 2022. A limited number of guests had the opportunity to listen to prominent speakers from renowned companies: Lafarge Serbia, hiCAD, Miele and Eglo. Good projects require&#8230;<\/p>\n<\/div><div class=\"post-meta\">\n\t<nav class=\"clearfix\">\n\t\t\n\t\t\t\t\t\t\t\t\t<div><span class=\"icon\">&#57451;<\/span><span class=\"visuallyhidden\">Category<\/span><a href=\"https:\/\/arhitekta.co.rs\/en\/category\/events\/\" rel=\"category tag\">Events<\/a>, <a href=\"https:\/\/arhitekta.co.rs\/en\/category\/news\/\" rel=\"category tag\">News<\/a><\/div>\n\t\t\t\t<div class=\"the-tags\"><span class=\"icon\">&#57461;<\/span><span class=\"visuallyhidden\">Category<\/span><a href=\"https:\/\/arhitekta.co.rs\/en\/tag\/architect\/\" rel=\"tag\">architect<\/a>, <a href=\"https:\/\/arhitekta.co.rs\/en\/tag\/b2b\/\" rel=\"tag\">B2B<\/a>, <a href=\"https:\/\/arhitekta.co.rs\/en\/tag\/eglo\/\" rel=\"tag\">Eglo<\/a>, <a href=\"https:\/\/arhitekta.co.rs\/en\/tag\/engineer\/\" rel=\"tag\">engineer<\/a>, <a href=\"https:\/\/arhitekta.co.rs\/en\/tag\/event\/\" rel=\"tag\">event<\/a>, <a href=\"https:\/\/arhitekta.co.rs\/en\/tag\/hicad\/\" rel=\"tag\">hiCAD<\/a>, <a href=\"https:\/\/arhitekta.co.rs\/en\/tag\/lafarge\/\" rel=\"tag\">Lafarge<\/a>, <a href=\"https:\/\/arhitekta.co.rs\/en\/tag\/magazine-arhitekta\/\" rel=\"tag\">magazine Arhitekta<\/a>, <a href=\"https:\/\/arhitekta.co.rs\/en\/tag\/miele\/\" rel=\"tag\">Miele<\/a><\/div>\t\t\t\t\t\t\t\t<\/nav>\n<\/div>\t\t<\/div>\n\t<\/div>\n<\/div>\t<\/div>\n<\/div>\n\t\t\t\t<\/div>\n\t\t\t<\/div>\n<\/div>\n\n<\/div><\/div><\/div>\n","protected":false},"excerpt":{"rendered":"<p>A new B2B event for architects was organized by the magazine Architect, with the cooperation and support of the Chamber of Commerce and Industry of Serbia, on March 10, 2022. A limited number of guests had the opportunity to listen to prominent speakers from renowned companies: Lafarge Serbia, hiCAD, Miele and Eglo. Good projects require&#8230;<\/p>\n","protected":false},"author":1,"featured_media":28286,"parent":0,"menu_order":0,"comment_status":"closed","ping_status":"closed","template":"","meta":{"_exactmetrics_skip_tracking":false,"_vp_format_video_url":"","_vp_image_focal_point":[],"footnotes":""},"class_list":["post-28278","page","type-page","status-publish","has-post-thumbnail","hentry"],"yoast_head":"<!-- This site is optimized with the Yoast SEO plugin v28.1 - https:\/\/yoast.com\/product\/yoast-seo-wordpress\/ -->\n<title>EVENT - Arhitekta - architecture magazine<\/title>\n<meta name=\"description\" content=\"A strong community of professionals is necessary for good projects, and Business to Business (B2B) events are an opportunity for experts from different fields to connect and exchange knowledge and experience.\" \/>\n<meta name=\"robots\" content=\"index, follow, max-snippet:-1, max-image-preview:large, max-video-preview:-1\" \/>\n<link rel=\"canonical\" href=\"https:\/\/arhitekta.co.rs\/en\/event\/\" \/>\n<meta property=\"og:locale\" content=\"en_US\" \/>\n<meta property=\"og:type\" content=\"article\" \/>\n<meta property=\"og:title\" content=\"EVENT - Arhitekta - architecture magazine\" \/>\n<meta property=\"og:description\" content=\"A strong community of professionals is necessary for good projects, and Business to Business (B2B) events are an opportunity for experts from different fields to connect and exchange knowledge and experience.\" \/>\n<meta property=\"og:url\" content=\"https:\/\/arhitekta.co.rs\/en\/event\/\" \/>\n<meta property=\"og:site_name\" content=\"Arhitekta - architecture magazine\" \/>\n<meta property=\"article:publisher\" content=\"https:\/\/www.facebook.com\/ArhitektaCasopis\/\" \/>\n<meta property=\"article:modified_time\" content=\"2022-08-22T19:49:52+00:00\" \/>\n<meta property=\"og:image\" content=\"https:\/\/arhitekta.co.rs\/en\/wp-content\/uploads\/2022\/08\/events.jpg\" \/>\n\t<meta property=\"og:image:width\" content=\"1920\" \/>\n\t<meta property=\"og:image:height\" content=\"1080\" \/>\n\t<meta property=\"og:image:type\" content=\"image\/jpeg\" \/>\n<meta name=\"twitter:card\" content=\"summary_large_image\" \/>\n<meta name=\"twitter:label1\" content=\"Est. reading time\" \/>\n\t<meta name=\"twitter:data1\" content=\"3 minutes\" \/>\n<script type=\"application\/ld+json\" class=\"yoast-schema-graph\">{\"@context\":\"https:\\\/\\\/schema.org\",\"@graph\":[{\"@type\":\"WebPage\",\"@id\":\"https:\\\/\\\/arhitekta.co.rs\\\/en\\\/event\\\/\",\"url\":\"https:\\\/\\\/arhitekta.co.rs\\\/en\\\/event\\\/\",\"name\":\"EVENT - Arhitekta - architecture magazine\",\"isPartOf\":{\"@id\":\"https:\\\/\\\/arhitekta.co.rs\\\/en\\\/#website\"},\"primaryImageOfPage\":{\"@id\":\"https:\\\/\\\/arhitekta.co.rs\\\/en\\\/event\\\/#primaryimage\"},\"image\":{\"@id\":\"https:\\\/\\\/arhitekta.co.rs\\\/en\\\/event\\\/#primaryimage\"},\"thumbnailUrl\":\"https:\\\/\\\/arhitekta.co.rs\\\/en\\\/wp-content\\\/uploads\\\/2022\\\/08\\\/events.jpg\",\"datePublished\":\"2022-08-22T19:48:48+00:00\",\"dateModified\":\"2022-08-22T19:49:52+00:00\",\"description\":\"A strong community of professionals is necessary for good projects, and Business to Business (B2B) events are an opportunity for experts from different fields to connect and exchange knowledge and experience.\",\"breadcrumb\":{\"@id\":\"https:\\\/\\\/arhitekta.co.rs\\\/en\\\/event\\\/#breadcrumb\"},\"inLanguage\":\"en-US\",\"potentialAction\":[{\"@type\":\"ReadAction\",\"target\":[\"https:\\\/\\\/arhitekta.co.rs\\\/en\\\/event\\\/\"]}]},{\"@type\":\"ImageObject\",\"inLanguage\":\"en-US\",\"@id\":\"https:\\\/\\\/arhitekta.co.rs\\\/en\\\/event\\\/#primaryimage\",\"url\":\"https:\\\/\\\/arhitekta.co.rs\\\/en\\\/wp-content\\\/uploads\\\/2022\\\/08\\\/events.jpg\",\"contentUrl\":\"https:\\\/\\\/arhitekta.co.rs\\\/en\\\/wp-content\\\/uploads\\\/2022\\\/08\\\/events.jpg\",\"width\":1920,\"height\":1080},{\"@type\":\"BreadcrumbList\",\"@id\":\"https:\\\/\\\/arhitekta.co.rs\\\/en\\\/event\\\/#breadcrumb\",\"itemListElement\":[{\"@type\":\"ListItem\",\"position\":1,\"name\":\"\u041f\u043e\u0447\u0435\u0442\u043d\u0430\",\"item\":\"https:\\\/\\\/arhitekta.co.rs\\\/en\\\/\"},{\"@type\":\"ListItem\",\"position\":2,\"name\":\"EVENT\"}]},{\"@type\":\"WebSite\",\"@id\":\"https:\\\/\\\/arhitekta.co.rs\\\/en\\\/#website\",\"url\":\"https:\\\/\\\/arhitekta.co.rs\\\/en\\\/\",\"name\":\"Arhitekta - architecture magazine\",\"description\":\"\",\"publisher\":{\"@id\":\"https:\\\/\\\/arhitekta.co.rs\\\/en\\\/#organization\"},\"potentialAction\":[{\"@type\":\"SearchAction\",\"target\":{\"@type\":\"EntryPoint\",\"urlTemplate\":\"https:\\\/\\\/arhitekta.co.rs\\\/en\\\/?s={search_term_string}\"},\"query-input\":{\"@type\":\"PropertyValueSpecification\",\"valueRequired\":true,\"valueName\":\"search_term_string\"}}],\"inLanguage\":\"en-US\"},{\"@type\":\"Organization\",\"@id\":\"https:\\\/\\\/arhitekta.co.rs\\\/en\\\/#organization\",\"name\":\"Arhitekta - architecture magazine\",\"url\":\"https:\\\/\\\/arhitekta.co.rs\\\/en\\\/\",\"logo\":{\"@type\":\"ImageObject\",\"inLanguage\":\"en-US\",\"@id\":\"https:\\\/\\\/arhitekta.co.rs\\\/en\\\/#\\\/schema\\\/logo\\\/image\\\/\",\"url\":\"https:\\\/\\\/arhitekta.co.rs\\\/en\\\/wp-content\\\/uploads\\\/2020\\\/06\\\/logo-black.png\",\"contentUrl\":\"https:\\\/\\\/arhitekta.co.rs\\\/en\\\/wp-content\\\/uploads\\\/2020\\\/06\\\/logo-black.png\",\"width\":648,\"height\":173,\"caption\":\"Arhitekta - architecture magazine\"},\"image\":{\"@id\":\"https:\\\/\\\/arhitekta.co.rs\\\/en\\\/#\\\/schema\\\/logo\\\/image\\\/\"},\"sameAs\":[\"https:\\\/\\\/www.facebook.com\\\/ArhitektaCasopis\\\/\",\"https:\\\/\\\/www.linkedin.com\\\/in\\\/arhitekta-casopis\\\/\",\"https:\\\/\\\/www.youtube.com\\\/@arhitekta-casopis\\\/podcasts\",\"https:\\\/\\\/podcasters.spotify.com\\\/pod\\\/show\\\/arhitekta-podcast\"]}]}<\/script>\n<!-- \/ Yoast SEO plugin. -->","yoast_head_json":{"title":"EVENT - Arhitekta - architecture magazine","description":"A strong community of professionals is necessary for good projects, and Business to Business (B2B) events are an opportunity for experts from different fields to connect and exchange knowledge and experience.","robots":{"index":"index","follow":"follow","max-snippet":"max-snippet:-1","max-image-preview":"max-image-preview:large","max-video-preview":"max-video-preview:-1"},"canonical":"https:\/\/arhitekta.co.rs\/en\/event\/","og_locale":"en_US","og_type":"article","og_title":"EVENT - Arhitekta - architecture magazine","og_description":"A strong community of professionals is necessary for good projects, and Business to Business (B2B) events are an opportunity for experts from different fields to connect and exchange knowledge and experience.","og_url":"https:\/\/arhitekta.co.rs\/en\/event\/","og_site_name":"Arhitekta - architecture magazine","article_publisher":"https:\/\/www.facebook.com\/ArhitektaCasopis\/","article_modified_time":"2022-08-22T19:49:52+00:00","og_image":[{"width":1920,"height":1080,"url":"https:\/\/arhitekta.co.rs\/en\/wp-content\/uploads\/2022\/08\/events.jpg","type":"image\/jpeg"}],"twitter_card":"summary_large_image","twitter_misc":{"Est. reading time":"3 minutes"},"schema":{"@context":"https:\/\/schema.org","@graph":[{"@type":"WebPage","@id":"https:\/\/arhitekta.co.rs\/en\/event\/","url":"https:\/\/arhitekta.co.rs\/en\/event\/","name":"EVENT - Arhitekta - architecture magazine","isPartOf":{"@id":"https:\/\/arhitekta.co.rs\/en\/#website"},"primaryImageOfPage":{"@id":"https:\/\/arhitekta.co.rs\/en\/event\/#primaryimage"},"image":{"@id":"https:\/\/arhitekta.co.rs\/en\/event\/#primaryimage"},"thumbnailUrl":"https:\/\/arhitekta.co.rs\/en\/wp-content\/uploads\/2022\/08\/events.jpg","datePublished":"2022-08-22T19:48:48+00:00","dateModified":"2022-08-22T19:49:52+00:00","description":"A strong community of professionals is necessary for good projects, and Business to Business (B2B) events are an opportunity for experts from different fields to connect and exchange knowledge and experience.","breadcrumb":{"@id":"https:\/\/arhitekta.co.rs\/en\/event\/#breadcrumb"},"inLanguage":"en-US","potentialAction":[{"@type":"ReadAction","target":["https:\/\/arhitekta.co.rs\/en\/event\/"]}]},{"@type":"ImageObject","inLanguage":"en-US","@id":"https:\/\/arhitekta.co.rs\/en\/event\/#primaryimage","url":"https:\/\/arhitekta.co.rs\/en\/wp-content\/uploads\/2022\/08\/events.jpg","contentUrl":"https:\/\/arhitekta.co.rs\/en\/wp-content\/uploads\/2022\/08\/events.jpg","width":1920,"height":1080},{"@type":"BreadcrumbList","@id":"https:\/\/arhitekta.co.rs\/en\/event\/#breadcrumb","itemListElement":[{"@type":"ListItem","position":1,"name":"\u041f\u043e\u0447\u0435\u0442\u043d\u0430","item":"https:\/\/arhitekta.co.rs\/en\/"},{"@type":"ListItem","position":2,"name":"EVENT"}]},{"@type":"WebSite","@id":"https:\/\/arhitekta.co.rs\/en\/#website","url":"https:\/\/arhitekta.co.rs\/en\/","name":"Arhitekta - architecture magazine","description":"","publisher":{"@id":"https:\/\/arhitekta.co.rs\/en\/#organization"},"potentialAction":[{"@type":"SearchAction","target":{"@type":"EntryPoint","urlTemplate":"https:\/\/arhitekta.co.rs\/en\/?s={search_term_string}"},"query-input":{"@type":"PropertyValueSpecification","valueRequired":true,"valueName":"search_term_string"}}],"inLanguage":"en-US"},{"@type":"Organization","@id":"https:\/\/arhitekta.co.rs\/en\/#organization","name":"Arhitekta - architecture magazine","url":"https:\/\/arhitekta.co.rs\/en\/","logo":{"@type":"ImageObject","inLanguage":"en-US","@id":"https:\/\/arhitekta.co.rs\/en\/#\/schema\/logo\/image\/","url":"https:\/\/arhitekta.co.rs\/en\/wp-content\/uploads\/2020\/06\/logo-black.png","contentUrl":"https:\/\/arhitekta.co.rs\/en\/wp-content\/uploads\/2020\/06\/logo-black.png","width":648,"height":173,"caption":"Arhitekta - architecture magazine"},"image":{"@id":"https:\/\/arhitekta.co.rs\/en\/#\/schema\/logo\/image\/"},"sameAs":["https:\/\/www.facebook.com\/ArhitektaCasopis\/","https:\/\/www.linkedin.com\/in\/arhitekta-casopis\/","https:\/\/www.youtube.com\/@arhitekta-casopis\/podcasts","https:\/\/podcasters.spotify.com\/pod\/show\/arhitekta-podcast"]}]}},"_links":{"self":[{"href":"https:\/\/arhitekta.co.rs\/en\/wp-json\/wp\/v2\/pages\/28278","targetHints":{"allow":["GET"]}}],"collection":[{"href":"https:\/\/arhitekta.co.rs\/en\/wp-json\/wp\/v2\/pages"}],"about":[{"href":"https:\/\/arhitekta.co.rs\/en\/wp-json\/wp\/v2\/types\/page"}],"author":[{"embeddable":true,"href":"https:\/\/arhitekta.co.rs\/en\/wp-json\/wp\/v2\/users\/1"}],"replies":[{"embeddable":true,"href":"https:\/\/arhitekta.co.rs\/en\/wp-json\/wp\/v2\/comments?post=28278"}],"version-history":[{"count":13,"href":"https:\/\/arhitekta.co.rs\/en\/wp-json\/wp\/v2\/pages\/28278\/revisions"}],"predecessor-version":[{"id":28292,"href":"https:\/\/arhitekta.co.rs\/en\/wp-json\/wp\/v2\/pages\/28278\/revisions\/28292"}],"wp:featuredmedia":[{"embeddable":true,"href":"https:\/\/arhitekta.co.rs\/en\/wp-json\/wp\/v2\/media\/28286"}],"wp:attachment":[{"href":"https:\/\/arhitekta.co.rs\/en\/wp-json\/wp\/v2\/media?parent=28278"}],"curies":[{"name":"wp","href":"https:\/\/api.w.org\/{rel}","templated":true}]}}