{"id":9901,"date":"2021-10-20T10:39:40","date_gmt":"2021-10-20T08:39:40","guid":{"rendered":"https:\/\/construction.vamtam.com\/?page_id=9901"},"modified":"2026-06-10T02:32:51","modified_gmt":"2026-06-10T00:32:51","slug":"home","status":"publish","type":"page","link":"https:\/\/arhitekta.co.rs\/en\/","title":{"rendered":"HOME"},"content":{"rendered":"<div class=\"limit-wrapper\"><div class=\"row \"><div class=\"wpv-grid grid-1-1  wpv-first-level first unextended has-extended-padding\" style=\"padding-top:0.05px;padding-bottom:0.05px;\" id=\"wpv-column-75d6a2ba1d7aba57732848baedec052d\" ><div class=\"row \"><div class=\"wpv-grid grid-1-4  first unextended animation-from-bottom animated-active no-extended-padding\" style=\"padding-top:0.05px;padding-bottom:0.05px;\" id=\"wpv-column-9dd8121e3ec3f369b9d47dddd395371f\" ><p style=\"text-align: center;\"><a href=\"https:\/\/arhitekta.co.rs\/en\/news\/\" target=\"_blank\" rel=\"noopener\"><img loading=\"lazy\" decoding=\"async\" class=\"aligncenter wp-image-28375\" src=\"https:\/\/arhitekta.co.rs\/en\/wp-content\/uploads\/2023\/04\/novosti.png\" alt=\"\" width=\"60\" height=\"60\" srcset=\"https:\/\/arhitekta.co.rs\/en\/wp-content\/uploads\/2023\/04\/novosti.png 512w, https:\/\/arhitekta.co.rs\/en\/wp-content\/uploads\/2023\/04\/novosti-150x150.png 150w, https:\/\/arhitekta.co.rs\/en\/wp-content\/uploads\/2023\/04\/novosti-500x500.png 500w, https:\/\/arhitekta.co.rs\/en\/wp-content\/uploads\/2023\/04\/novosti-60x60.png 60w, https:\/\/arhitekta.co.rs\/en\/wp-content\/uploads\/2023\/04\/novosti-43x43.png 43w, https:\/\/arhitekta.co.rs\/en\/wp-content\/uploads\/2023\/04\/novosti-400x400.png 400w, https:\/\/arhitekta.co.rs\/en\/wp-content\/uploads\/2023\/04\/novosti-292x292.png 292w, https:\/\/arhitekta.co.rs\/en\/wp-content\/uploads\/2023\/04\/novosti-300x300.png 300w, https:\/\/arhitekta.co.rs\/en\/wp-content\/uploads\/2023\/04\/novosti-100x100.png 100w\" sizes=\"auto, (max-width: 60px) 100vw, 60px\" \/><\/a><\/p>\n<h3 style=\"text-align: center;\"><a href=\"https:\/\/arhitekta.co.rs\/en\/news\/\">NEWS<\/a><\/h3>\n<p style=\"text-align: center;\"><a href=\"https:\/\/arhitekta.co.rs\/en\/news\/\">For professionals in their field<\/a><\/div>\n<div class=\"wpv-grid grid-1-4  unextended animation-from-bottom animated-active no-extended-padding\" style=\"padding-top:0.05px;padding-bottom:0.05px;\" id=\"wpv-column-80ff1b4f716bc5f9e8b7601d65411203\" ><p style=\"text-align: center;\"><a href=\"https:\/\/arhitekta.co.rs\/en\/worldwide-architecture\/\"><img loading=\"lazy\" decoding=\"async\" class=\"aligncenter wp-image-28374\" src=\"https:\/\/arhitekta.co.rs\/en\/wp-content\/uploads\/2023\/04\/world-arch.png\" alt=\"\" width=\"60\" height=\"60\" srcset=\"https:\/\/arhitekta.co.rs\/en\/wp-content\/uploads\/2023\/04\/world-arch.png 512w, https:\/\/arhitekta.co.rs\/en\/wp-content\/uploads\/2023\/04\/world-arch-150x150.png 150w, https:\/\/arhitekta.co.rs\/en\/wp-content\/uploads\/2023\/04\/world-arch-500x500.png 500w, https:\/\/arhitekta.co.rs\/en\/wp-content\/uploads\/2023\/04\/world-arch-60x60.png 60w, https:\/\/arhitekta.co.rs\/en\/wp-content\/uploads\/2023\/04\/world-arch-43x43.png 43w, https:\/\/arhitekta.co.rs\/en\/wp-content\/uploads\/2023\/04\/world-arch-400x400.png 400w, https:\/\/arhitekta.co.rs\/en\/wp-content\/uploads\/2023\/04\/world-arch-292x292.png 292w, https:\/\/arhitekta.co.rs\/en\/wp-content\/uploads\/2023\/04\/world-arch-300x300.png 300w, https:\/\/arhitekta.co.rs\/en\/wp-content\/uploads\/2023\/04\/world-arch-100x100.png 100w\" sizes=\"auto, (max-width: 60px) 100vw, 60px\" \/><\/a><\/p>\n<h3 style=\"text-align: center;\"><a href=\"https:\/\/arhitekta.co.rs\/en\/worldwide-architecture\/\">WORLDWIDE<\/a><\/h3>\n<p style=\"text-align: center;\"><a href=\"https:\/\/arhitekta.co.rs\/en\/worldwide-architecture\/\">Architecture around the world<\/a><\/div>\n<div class=\"wpv-grid grid-1-4  unextended animation-from-bottom animated-active no-extended-padding\" style=\"padding-top:0.05px;padding-bottom:0.05px;\" id=\"wpv-column-75115518534211c8930f05a2c348f6e4\" ><p style=\"text-align: center;\"><a href=\"https:\/\/arhitekta.co.rs\/en\/serbian-architecture\/\"><img loading=\"lazy\" decoding=\"async\" class=\"aligncenter wp-image-27791\" src=\"https:\/\/arhitekta.co.rs\/en\/wp-content\/uploads\/2021\/10\/kilim-icon.png\" alt=\"\" width=\"60\" height=\"60\" srcset=\"https:\/\/arhitekta.co.rs\/en\/wp-content\/uploads\/2021\/10\/kilim-icon.png 500w, https:\/\/arhitekta.co.rs\/en\/wp-content\/uploads\/2021\/10\/kilim-icon-300x300.png 300w, https:\/\/arhitekta.co.rs\/en\/wp-content\/uploads\/2021\/10\/kilim-icon-100x100.png 100w, https:\/\/arhitekta.co.rs\/en\/wp-content\/uploads\/2021\/10\/kilim-icon-150x150.png 150w, https:\/\/arhitekta.co.rs\/en\/wp-content\/uploads\/2021\/10\/kilim-icon-60x60.png 60w, https:\/\/arhitekta.co.rs\/en\/wp-content\/uploads\/2021\/10\/kilim-icon-43x43.png 43w, https:\/\/arhitekta.co.rs\/en\/wp-content\/uploads\/2021\/10\/kilim-icon-400x400.png 400w, https:\/\/arhitekta.co.rs\/en\/wp-content\/uploads\/2021\/10\/kilim-icon-292x292.png 292w\" sizes=\"auto, (max-width: 60px) 100vw, 60px\" \/><\/a><\/p>\n<h3 style=\"text-align: center;\"><a href=\"https:\/\/arhitekta.co.rs\/en\/serbian-architecture\/\">SERBIAN<\/a><\/h3>\n<p style=\"text-align: center;\"><a href=\"https:\/\/arhitekta.co.rs\/en\/serbian-architecture\/\">Selected Serbian architecture<\/a><\/div>\n<div class=\"wpv-grid grid-1-4  unextended animation-from-bottom animated-active no-extended-padding\" style=\"padding-top:0.05px;padding-bottom:0.05px;\" id=\"wpv-column-5b4e4d6cb35e46bac6e25041cbd17ed7\" ><p style=\"text-align: center;\"><a href=\"https:\/\/arhitekta.co.rs\/en\/interview\/\"><img loading=\"lazy\" decoding=\"async\" class=\"aligncenter wp-image-28377\" src=\"https:\/\/arhitekta.co.rs\/en\/wp-content\/uploads\/2023\/04\/intervju.png\" alt=\"\" width=\"60\" height=\"60\" srcset=\"https:\/\/arhitekta.co.rs\/en\/wp-content\/uploads\/2023\/04\/intervju.png 512w, https:\/\/arhitekta.co.rs\/en\/wp-content\/uploads\/2023\/04\/intervju-150x150.png 150w, https:\/\/arhitekta.co.rs\/en\/wp-content\/uploads\/2023\/04\/intervju-500x500.png 500w, https:\/\/arhitekta.co.rs\/en\/wp-content\/uploads\/2023\/04\/intervju-60x60.png 60w, https:\/\/arhitekta.co.rs\/en\/wp-content\/uploads\/2023\/04\/intervju-43x43.png 43w, https:\/\/arhitekta.co.rs\/en\/wp-content\/uploads\/2023\/04\/intervju-400x400.png 400w, https:\/\/arhitekta.co.rs\/en\/wp-content\/uploads\/2023\/04\/intervju-292x292.png 292w, https:\/\/arhitekta.co.rs\/en\/wp-content\/uploads\/2023\/04\/intervju-300x300.png 300w, https:\/\/arhitekta.co.rs\/en\/wp-content\/uploads\/2023\/04\/intervju-100x100.png 100w\" sizes=\"auto, (max-width: 60px) 100vw, 60px\" \/><\/a><\/p>\n<h3 style=\"text-align: center;\"><a href=\"https:\/\/arhitekta.co.rs\/en\/interview\/\">INTERVIEW<\/a><\/h3>\n<p style=\"text-align: center;\"><a href=\"https:\/\/arhitekta.co.rs\/en\/interview\/\">The most creative people<\/a><\/div><\/div>\n<div class=\"push  wpv-hide-lowres\" style=\"height:70px\"><\/div>\n<div class=\"row \"><div class=\"wpv-grid grid-1-1  parallax-bg first has-background extended no-extended-padding\" style=\"\n\t\t\t\tbackground: url( &#039;https:\/\/arhitekta.co.rs\/en\/wp-content\/uploads\/2019\/06\/Arhitekta-4.jpg&#039; ) no-repeat center top;\n\t\t\t\tbackground-size: auto;\n\t\t\tbackground-attachment: fixed;padding-top:120px;padding-bottom:120px;\" id=\"wpv-column-07c211641973f87d5bc25c31833731f6\"  data-parallax-method=\"to-centre\" data-parallax-inertia=\"-0.2\"><div class=\"limit-wrapper\"><div class=\"extended-column-inner\"><div class=\"row \"><div class=\"wpv-grid grid-1-2  first unextended no-extended-padding\" style=\"padding-top:0.05px;padding-bottom:0.05px;\" id=\"wpv-column-9b3a4fb12c7c01ff2c2030382066bdd7\" ><h2 style=\"text-align: center; padding-left: 120px;\">ABOUT US<\/h2>\n<p style=\"padding-left: 120px;\"><div class=\"push  wpv-hide-lowres\" style=\"height:10px\"><\/div>\n<p style=\"text-align: center; padding-left: 120px;\"><span style=\"color: #000000;\">ARHITEKTA is a professional magazine that shows analysis, explanation and construction details of selected projects. Our goal is to inform architects and other experts in the field of construction about famous and new buildings, as well as to hear what they have to say. Each project is carefully selected and presented in details\u2026 <\/span><\/p>\n<p style=\"text-align: center; padding-left: 120px;\"><span style=\"color: #000000;\"><a href=\"https:\/\/arhitekta.co.rs\/en\/arhitekta-magazine\/about-us\/\" target=\"https:\/\/arhitekta.co.rs\/en\/arhitekta-magazine\/about-us\/\" style='font-size: 10px;' class=\"vamtam-button accent1  button-border hover-accent3 \"><span class=\"btext\" data-text=\"VIEW MORE\">VIEW MORE<\/span><\/a>\n<\/span><\/p>\n<p style=\"text-align: center; padding-left: 120px;\"><div class=\"push  wpv-hide-lowres\" style=\"height:20px\"><\/div><\/div>\n<div class=\"wpv-grid grid-1-5  unextended no-extended-padding\" style=\"padding-top:0.05px;padding-bottom:0.05px;\" id=\"wpv-column-89aac3d9feb1586831bcecda574e1053\" ><div class=\"wpv-progress number\" data-number=\"3215\" style=\"color:#364352\"><span class='icon shortcode theme  use-hover' style=''>&#57559;<\/span><span>0<\/span>+<\/div><div class=\"wpv-progress-content\">\n<strong><span class=\"VIiyi\" lang=\"en\"><span class=\"JLqJ4b ChMk0b\" data-language-for-alternatives=\"en\" data-language-to-translate-into=\"sr\" data-phrase-index=\"0\" data-number-of-phrases=\"1\">MAGAZINE SUBSCRIPTION<\/span><\/span><\/strong><\/div><\/div>\n<div class=\"wpv-grid grid-1-5  unextended no-extended-padding\" style=\"padding-top:0.05px;padding-bottom:0.05px;\" id=\"wpv-column-24744b2535c5c83ed4c73f8aa27597a8\" ><div class=\"wpv-progress number\" data-number=\"385\" style=\"color:#364352\"><span class='icon shortcode theme  use-hover' style=''>&#57506;<\/span><span>0<\/span>+<\/div><div class=\"wpv-progress-content\">\n<strong><span class=\"VIiyi\" lang=\"en\"><span class=\"JLqJ4b ChMk0b C1N51c\" data-language-for-alternatives=\"en\" data-language-to-translate-into=\"sr\" data-phrase-index=\"0\" data-number-of-phrases=\"1\">SATISFIED CLIENTS<\/span><\/span><\/strong><\/div><\/div><\/div><\/div><\/div><\/div><\/div>\n<div class=\"push \" style=\"height:120px\"><\/div>\n<div class=\"row \"><div class=\"wpv-grid grid-3-5  first unextended no-extended-padding\" style=\"padding-top:0.05px;padding-bottom:0.05px;\" id=\"wpv-column-175ead52ac2016585ca1309425b8fa41\" ><div class=\"push \" style=\"height:30px\"><\/div>\n<div class=\"row \"><div class=\"wpv-grid grid-1-1  parallax-bg first unextended no-extended-padding\" style=\"padding-top:0.05px;padding-bottom:0.05px;\" id=\"wpv-column-7003102d74ed08d56dbf3e1b37e75e9c\"  data-parallax-method=\"to-centre\" data-parallax-inertia=\"-0.2\"><div class=\"row \"><div class=\"wpv-grid grid-1-1  first unextended no-extended-padding\" style=\"padding-top:0.05px;padding-bottom:0.05px;\" id=\"wpv-column-090ea5169322c84c6b39a22b675dc1e7\" >\n\t\t\t<!-- START slider casopis REVOLUTION SLIDER 6.6.14 --><p class=\"rs-p-wp-fix\"><\/p>\n\t\t\t<rs-module-wrap id=\"rev_slider_20_1_wrapper\" data-source=\"gallery\" style=\"visibility:hidden;background:transparent;padding:0;margin:0px auto;margin-top:0;margin-bottom:0;\">\n\t\t\t\t<rs-module id=\"rev_slider_20_1\" style=\"\" data-version=\"6.6.14\">\n\t\t\t\t\t<rs-slides style=\"overflow: hidden; position: absolute;\">\n\t\t\t\t\t\t<rs-slide style=\"position: absolute;\" data-key=\"rs-43\" data-title=\"Slide\" data-link=\"\/\/arhitekta.co.rs\/en\/magazine\/editions-overview\/\" data-tag=\"l\" data-target=\"_self\" data-seoz=\"front\" data-anim=\"ms:600;\" data-in=\"o:0;\" data-out=\"a:false;\">\n\t\t\t\t\t\t\t<img decoding=\"async\" src=\"\/\/arhitekta.co.rs\/en\/wp-content\/plugins\/revslider\/public\/assets\/assets\/dummy.png\" alt=\"\" title=\"Arhitekta 27\" width=\"900\" height=\"720\" class=\"rev-slidebg tp-rs-img rs-lazyload\" data-lazyload=\"\/\/arhitekta.co.rs\/en\/wp-content\/uploads\/2026\/03\/arhitekta-27.jpg\" data-no-retina>\n<!---->\t\t\t\t\t\t<\/rs-slide>\n\t\t\t\t\t<\/rs-slides>\n\t\t\t\t<\/rs-module>\n\t\t\t\t<script>\n\t\t\t\t\tsetREVStartSize({c: 'rev_slider_20_1',rl:[1240,1024,778,480],el:[868],gw:[1240],gh:[868],type:'standard',justify:'',layout:'fullwidth',mh:\"0\"});if (window.RS_MODULES!==undefined && window.RS_MODULES.modules!==undefined && window.RS_MODULES.modules[\"revslider201\"]!==undefined) {window.RS_MODULES.modules[\"revslider201\"].once = false;window.revapi20 = undefined;if (window.RS_MODULES.checkMinimal!==undefined) window.RS_MODULES.checkMinimal()}\n\t\t\t\t<\/script>\n\t\t\t<\/rs-module-wrap>\n\t\t\t<!-- END REVOLUTION SLIDER -->\n<\/div><\/div><\/div><\/div>\n<div class=\"row \"><div class=\"wpv-grid grid-1-1  first unextended has-extended-padding\" style=\"padding-top:0.05px;padding-bottom:0.05px;\" id=\"wpv-column-9c88dfa86265f42546040b1442c94dfb\" ><div class=\"row \"><div class=\"wpv-grid grid-1-1  first unextended animation-from-left animated-active no-extended-padding\" style=\"padding-top:0.05px;padding-bottom:0.05px;\" id=\"wpv-column-6670b1ae6c1f66917d4122019a8c423a\" ><div class=\"slogan clearfix  has-button\">\n\t<div class=\"slogan-content\">\n\t\t\n<h4>A new issue of the magazine Arhitekta No. 27\/2026<br \/>\n<span style=\"color: #bfa148;\">Order your copy!<\/span><\/h4>\n\t<\/div>\n\t\t<div class=\"button-wrp\">\n\t\t<a href=\"mailto:info@arhitekta.co.rs\" class=\"vamtam-button accent2  button-filled hover-accent1 \"><span class=\"btext\" data-text=\"ORDER YOUR COPY\">ORDER YOUR COPY<\/span><\/a>\t<\/div>\n\t<\/div>\n<\/div><\/div><\/div><\/div><\/div>\n<div class=\"wpv-grid grid-2-5  unextended no-extended-padding\" style=\"padding-top:0.05px;padding-bottom:0.05px;\" id=\"wpv-column-fc7eedb97b2e2916a1f1a7e2a2a622d5\" ><div class=\"row \"><div class=\"wpv-grid grid-1-1  first unextended no-extended-padding\" style=\"padding-top:0.05px;padding-bottom:0.05px;\" id=\"wpv-column-9818299a7f26a62732ffcf9b7d3a211f\" ><p style=\"text-align: center;\"><span class='icon shortcode theme  use-hover' style='color:#364352;font-size:60px !important;'>&#57473;<\/span>\n<h4 style=\"text-align: center;\"><strong>WHAT OTHERS SAY<\/strong><\/h4><\/div><\/div>\n<div class=\"row \"><div class=\"wpv-grid grid-1-1  first unextended animation-from-bottom animated-active no-extended-padding\" style=\"padding-top:0.05px;padding-bottom:0.05px;\" id=\"wpv-column-180fdc2aef9d3942779ce92b345902cc\" ><div class=\"blockquote-list\">\n<blockquote class='clearfix small simple class=\"post-13559 testimonials type-testimonials status-publish hentry testimonials_category-slider-no-photo\"'>\n\t<h3 class=\"quote-summary\">A unique magazine in this area<\/h3><div class=\"quote-title-wrapper clearfix\"><div class='quote-title'><span class='icon shortcode   use-hover' style='color:#F8DF04;'>&#57864;<\/span><span class='icon shortcode   use-hover' style='color:#F8DF04;'>&#57864;<\/span><span class='icon shortcode   use-hover' style='color:#F8DF04;'>&#57864;<\/span><span class='icon shortcode   use-hover' style='color:#F8DF04;'>&#57864;<\/span><span class='icon shortcode   use-hover' style='color:#F8DF04;'>&#57864;<\/span> &mdash; <span class='the-title'>Predrag Obradovi\u0107, &#8220;Delight d.o.o.&#8221;, Executive Director of Marketing and Corporate Communications<\/span><\/div><\/div>\t<div class='quote-text'><div class=\"quote-content\">\"The only specialized magazine in our area that unites all categories in modern architecture and interior design. We have recognized them as support and partners in promoting and educating readers about our products and services, as well as modern and contemporary trends in furnishing business interiors and workspaces.\"<\/div><\/div>\n<\/blockquote><\/div><\/div><\/div>\n<div class=\"row \"><div class=\"wpv-grid grid-1-1  first unextended animation-from-bottom animated-active no-extended-padding\" style=\"padding-top:0.05px;padding-bottom:0.05px;\" id=\"wpv-column-83fa7d07224e19a744ace856186de6ea\" ><div class=\"blockquote-list\">\n<blockquote class='clearfix small simple class=\"post-7587 testimonials type-testimonials status-publish hentry testimonials_category-slider-no-photo\"'>\n\t<h3 class=\"quote-summary\">Warm recommendation to all<\/h3><div class=\"quote-title-wrapper clearfix\"><div class='quote-title'><span class='icon shortcode   use-hover' style='color:#F8DF04;'>&#57864;<\/span><span class='icon shortcode   use-hover' style='color:#F8DF04;'>&#57864;<\/span><span class='icon shortcode   use-hover' style='color:#F8DF04;'>&#57864;<\/span><span class='icon shortcode   use-hover' style='color:#F8DF04;'>&#57864;<\/span><span class='icon shortcode   use-hover' style='color:#F8DF04;'>&#57864;<\/span> &mdash; <span class='the-title'>Dejan Aleksi\u0107, &#8220;Mister Door&#8221;, Company owner and Director<\/span><\/div><\/div>\t<div class='quote-text'><div class=\"quote-content\">\"The Arhitekta magazine offers much more than any magazine with similar content. New trends, new materials, complete projects. Warm recommendation to all architects.\"<\/div><\/div>\n<\/blockquote><\/div><\/div><\/div><\/div><\/div>\n<div class=\"sep\"><\/div>\n<div class=\"row \"><div class=\"wpv-grid grid-1-1  first unextended animation-zoom-in animated-active no-extended-padding\" style=\"padding-top:0.05px;padding-bottom:0.05px;\" id=\"wpv-column-9fbf39b3da00269aded46e4ea713f590\" ><div class=\"push  wpv-hide-lowres\" style=\"height:20px\"><\/div>\n<h2 style=\"text-align: center;\">WORLD OF ARCHITECTURE AND DESIGN<\/h2>\n<div class=\"push  wpv-hide-lowres\" style=\"height:30px\"><\/div><\/div><\/div>\n<div class=\"row \"><div class=\"wpv-grid grid-1-1  first unextended no-extended-padding\" style=\"padding-top:0.05px;padding-bottom:0.05px;\" id=\"wpv-column-7e6943111e27477aed32fddb6d9fe469\" ><div class=\"loop-wrapper clearfix news scroll-x\">\n\t<div class=\"vamtam-cubeportfolio cbp cbp-slider-edge\" data-options=\"{&quot;layoutMode&quot;:&quot;slider&quot;,&quot;drag&quot;:true,&quot;auto&quot;:false,&quot;autoTimeout&quot;:5000,&quot;autoPauseOnHover&quot;:true,&quot;showNavigation&quot;:true,&quot;showPagination&quot;:false,&quot;scrollByPage&quot;:false,&quot;gridAdjustment&quot;:&quot;responsive&quot;,&quot;mediaQueries&quot;:[{&quot;width&quot;:1280,&quot;cols&quot;:4},{&quot;width&quot;:952.5,&quot;cols&quot;:3},{&quot;width&quot;:625,&quot;cols&quot;:2},{&quot;width&quot;:297.5,&quot;cols&quot;:1}],&quot;gapHorizontal&quot;:0,&quot;gapVertical&quot;:30,&quot;displayTypeSpeed&quot;:100}\">\n\t\t\t\t\t\t<div class=\"page-content post-head list-item cbp-item post-29446 post type-post status-publish format-standard has-post-thumbnail hentry category-arhitekta-forum category-events category-news tag-arhitekta-forum-5 tag-arhitekta-magazine tag-belgrade-architecture tag-mts-dvorana tag-reurbanization tag-urbanism\">\n\t\t\t\t\t<div class=\"post-article has-image-wrapper \">\n\t<div class=\"standard-post-format clearfix as-image \">\n\t\t<div class=\"post-media-date\">\n\t\t\t<div class=\"thumbnail\">\n\t\t\t\t\t\t\t<a href=\"https:\/\/arhitekta.co.rs\/en\/events\/arhitekta-forum-5-belgrade-reurbanization\/\" title=\"Arhitekta Forum 5: Reurbanization as the Key to Future Cities\">\n\t\t\t\t\t<img loading=\"lazy\" decoding=\"async\" width=\"327\" height=\"251\" src=\"https:\/\/arhitekta.co.rs\/en\/wp-content\/uploads\/2026\/04\/Arhitekta-Forum-5-327x251.jpg\" class=\"attachment-theme-loop-4 size-theme-loop-4 wp-post-image\" alt=\"\" srcset=\"https:\/\/arhitekta.co.rs\/en\/wp-content\/uploads\/2026\/04\/Arhitekta-Forum-5-327x251.jpg 327w, https:\/\/arhitekta.co.rs\/en\/wp-content\/uploads\/2026\/04\/Arhitekta-Forum-5-446x343.jpg 446w\" sizes=\"auto, (min-width: 900px) 50vw, 100vw\" \/>\t\t\t\t\t<span class='icon shortcode theme  use-hover' style=''>&#58897;<\/span>\t\t\t\t<\/a>\n\t\t\t\t\t<\/div>\n\t\t<div class=\"post-actions-wrapper clearfix\">\n\t\t\t\t\t<div class=\"post-date\">\n\t\t\t\tApril 9, 2026\t\t\t<\/div>\n\t\t\t\t\t\t\t\n\t\t\t\t\t\t<\/div>\n\n<\/div>\n\t<div class=\"post-content-wrapper\">\n\t\t\t\t<header class=\"single\">\n\t\t\t<div class=\"content\">\n\t\t\t\t<h3>\n\t\t\t\t\t<a href=\"https:\/\/arhitekta.co.rs\/en\/events\/arhitekta-forum-5-belgrade-reurbanization\/\" title=\"Arhitekta Forum 5: Reurbanization as the Key to Future Cities\" class=\"entry-title\">Arhitekta Forum 5: Reurbanization as the Key to Future Cities<\/a>\n\t\t\t\t<\/h3>\n\t\t\t<\/div>\n\t\t<\/header>\n\t\n\t\t<div class=\"post-content-outer\">\n\t\t\t<p>On May 9, 2026, Belgrade will once again become the epicenter of the architectural profession&#8230;.<\/p>\n\t\t<\/div>\n\n\t\t\n\t\t\t\t\t<div class=\"post-content-meta\">\n\t\t\t\t<div>\n\t\t\t\t\tPosted in:  <a href=\"https:\/\/arhitekta.co.rs\/en\/category\/arhitekta-forum\/\" rel=\"category tag\">Arhitekta Forum<\/a>, <a href=\"https:\/\/arhitekta.co.rs\/en\/category\/events\/\" rel=\"category tag\">Events<\/a>, <a href=\"https:\/\/arhitekta.co.rs\/en\/category\/news\/\" rel=\"category tag\">News<\/a>\t\t\t\t<\/div>\n\t\t\t\t<div class=\"the-tags\">Tags: <a href=\"https:\/\/arhitekta.co.rs\/en\/tag\/arhitekta-forum-5\/\" rel=\"tag\">Arhitekta Forum 5<\/a>, <a href=\"https:\/\/arhitekta.co.rs\/en\/tag\/arhitekta-magazine\/\" rel=\"tag\">Arhitekta Magazine<\/a>, <a href=\"https:\/\/arhitekta.co.rs\/en\/tag\/belgrade-architecture\/\" rel=\"tag\">Belgrade Architecture<\/a>, <a href=\"https:\/\/arhitekta.co.rs\/en\/tag\/mts-dvorana\/\" rel=\"tag\">MTS Dvorana<\/a>, <a href=\"https:\/\/arhitekta.co.rs\/en\/tag\/reurbanization\/\" rel=\"tag\">Reurbanization<\/a>, <a href=\"https:\/\/arhitekta.co.rs\/en\/tag\/urbanism\/\" rel=\"tag\">urbanism<\/a><\/div>\t\t\t<\/div>\n\t\t\t<\/div>\n\t<\/div>\n<\/div>\n\t\t\t\t<\/div>\n\t\t\t\t\t\t\t<div class=\"page-content post-head list-item cbp-item post-29423 post type-post status-publish format-standard has-post-thumbnail hentry category-events category-news tag-budapest-architecture-events tag-climate-adaptive-design tag-edge-architecture-festival-budapest-2026 tag-edge-fest-budapest tag-epiteszforum tag-experimental-architecture tag-future-cities tag-mvrdv tag-oppenheim-architecture tag-studio-gang tag-urban-design tag-winy-maas\">\n\t\t\t\t\t<div class=\"post-article has-image-wrapper \">\n\t<div class=\"standard-post-format clearfix as-image \">\n\t\t<div class=\"post-media-date\">\n\t\t\t<div class=\"thumbnail\">\n\t\t\t\t\t\t\t<a href=\"https:\/\/arhitekta.co.rs\/en\/events\/edge-architecture-festival-budapest-2026\/\" title=\"Winy Maas (MVRDV), Studio Gang and Oppenheim Architecture Among Speakers at EDGE Architecture Festival Budapest 2026\">\n\t\t\t\t\t<img loading=\"lazy\" decoding=\"async\" width=\"327\" height=\"251\" src=\"https:\/\/arhitekta.co.rs\/en\/wp-content\/uploads\/2026\/04\/EDGE-Fest-roundtable-327x251.jpg\" class=\"attachment-theme-loop-4 size-theme-loop-4 wp-post-image\" alt=\"Highlights from the EDGE Architecture Festival Budapest 2025 - EDGE Fest Archive\" srcset=\"https:\/\/arhitekta.co.rs\/en\/wp-content\/uploads\/2026\/04\/EDGE-Fest-roundtable-327x251.jpg 327w, https:\/\/arhitekta.co.rs\/en\/wp-content\/uploads\/2026\/04\/EDGE-Fest-roundtable-800x615.jpg 800w, https:\/\/arhitekta.co.rs\/en\/wp-content\/uploads\/2026\/04\/EDGE-Fest-roundtable-685x526.jpg 685w, https:\/\/arhitekta.co.rs\/en\/wp-content\/uploads\/2026\/04\/EDGE-Fest-roundtable-446x343.jpg 446w\" sizes=\"auto, (min-width: 900px) 50vw, 100vw\" \/>\t\t\t\t\t<span class='icon shortcode theme  use-hover' style=''>&#58897;<\/span>\t\t\t\t<\/a>\n\t\t\t\t\t<\/div>\n\t\t<div class=\"post-actions-wrapper clearfix\">\n\t\t\t\t\t<div class=\"post-date\">\n\t\t\t\tApril 8, 2026\t\t\t<\/div>\n\t\t\t\t\t\t\t\n\t\t\t\t\t\t<\/div>\n\n<\/div>\n\t<div class=\"post-content-wrapper\">\n\t\t\t\t<header class=\"single\">\n\t\t\t<div class=\"content\">\n\t\t\t\t<h3>\n\t\t\t\t\t<a href=\"https:\/\/arhitekta.co.rs\/en\/events\/edge-architecture-festival-budapest-2026\/\" title=\"Winy Maas (MVRDV), Studio Gang and Oppenheim Architecture Among Speakers at EDGE Architecture Festival Budapest 2026\" class=\"entry-title\">Winy Maas (MVRDV), Studio Gang and Oppenheim Architecture Among Speakers at EDGE Architecture Festival Budapest 2026<\/a>\n\t\t\t\t<\/h3>\n\t\t\t<\/div>\n\t\t<\/header>\n\t\n\t\t<div class=\"post-content-outer\">\n\t\t\t<p>The second edition of EDGE Architecture Festival Budapest (EDGE Fest), organised by \u00c9p\u00edt\u00e9szf\u00f3rum, will take&#8230;<\/p>\n\t\t<\/div>\n\n\t\t\n\t\t\t\t\t<div class=\"post-content-meta\">\n\t\t\t\t<div>\n\t\t\t\t\tPosted in:  <a href=\"https:\/\/arhitekta.co.rs\/en\/category\/events\/\" rel=\"category tag\">Events<\/a>, <a href=\"https:\/\/arhitekta.co.rs\/en\/category\/news\/\" rel=\"category tag\">News<\/a>\t\t\t\t<\/div>\n\t\t\t\t<div class=\"the-tags\">Tags: <a href=\"https:\/\/arhitekta.co.rs\/en\/tag\/budapest-architecture-events\/\" rel=\"tag\">Budapest architecture events<\/a>, <a href=\"https:\/\/arhitekta.co.rs\/en\/tag\/climate-adaptive-design\/\" rel=\"tag\">climate-adaptive design<\/a>, <a href=\"https:\/\/arhitekta.co.rs\/en\/tag\/edge-architecture-festival-budapest-2026\/\" rel=\"tag\">EDGE Architecture Festival Budapest 2026<\/a>, <a href=\"https:\/\/arhitekta.co.rs\/en\/tag\/edge-fest-budapest\/\" rel=\"tag\">EDGE Fest Budapest<\/a>, <a href=\"https:\/\/arhitekta.co.rs\/en\/tag\/epiteszforum\/\" rel=\"tag\">\u00c9p\u00edt\u00e9szf\u00f3rum<\/a>, <a href=\"https:\/\/arhitekta.co.rs\/en\/tag\/experimental-architecture\/\" rel=\"tag\">experimental architecture<\/a>, <a href=\"https:\/\/arhitekta.co.rs\/en\/tag\/future-cities\/\" rel=\"tag\">future cities<\/a>, <a href=\"https:\/\/arhitekta.co.rs\/en\/tag\/mvrdv\/\" rel=\"tag\">MVRDV<\/a>, <a href=\"https:\/\/arhitekta.co.rs\/en\/tag\/oppenheim-architecture\/\" rel=\"tag\">Oppenheim Architecture<\/a>, <a href=\"https:\/\/arhitekta.co.rs\/en\/tag\/studio-gang\/\" rel=\"tag\">Studio Gang<\/a>, <a href=\"https:\/\/arhitekta.co.rs\/en\/tag\/urban-design\/\" rel=\"tag\">urban design<\/a>, <a href=\"https:\/\/arhitekta.co.rs\/en\/tag\/winy-maas\/\" rel=\"tag\">Winy Maas<\/a><\/div>\t\t\t<\/div>\n\t\t\t<\/div>\n\t<\/div>\n<\/div>\n\t\t\t\t<\/div>\n\t\t\t\t\t\t\t<div class=\"page-content post-head list-item cbp-item post-29389 post type-post status-publish format-standard has-post-thumbnail hentry category-events category-news tag-architecture-festival-slovenia tag-big-see-awards tag-big-see-festival-2026 tag-design-conference-2026 tag-foster-partners tag-grando-portoroz tag-portoroz-events tag-product-design-awards tag-renzo-piano-building-workshop tag-south-east-europe-design tag-sustainable-architecture\">\n\t\t\t\t\t<div class=\"post-article has-image-wrapper \">\n\t<div class=\"standard-post-format clearfix as-image \">\n\t\t<div class=\"post-media-date\">\n\t\t\t<div class=\"thumbnail\">\n\t\t\t\t\t\t\t<a href=\"https:\/\/arhitekta.co.rs\/en\/events\/big-see-festival-2026-portoroz\/\" title=\"BIG SEE Festival 2026 | Architecture. Design. Make Sense.\">\n\t\t\t\t\t<img loading=\"lazy\" decoding=\"async\" width=\"327\" height=\"251\" src=\"https:\/\/arhitekta.co.rs\/en\/wp-content\/uploads\/2026\/04\/BIG-SEE-Festival-2026-Portoroz-arhitektura-327x251.jpg\" class=\"attachment-theme-loop-4 size-theme-loop-4 wp-post-image\" alt=\"BIG SEE Festival 2026: Architecture &amp; Design in Portoro\u017e\" srcset=\"https:\/\/arhitekta.co.rs\/en\/wp-content\/uploads\/2026\/04\/BIG-SEE-Festival-2026-Portoroz-arhitektura-327x251.jpg 327w, https:\/\/arhitekta.co.rs\/en\/wp-content\/uploads\/2026\/04\/BIG-SEE-Festival-2026-Portoroz-arhitektura-800x615.jpg 800w, https:\/\/arhitekta.co.rs\/en\/wp-content\/uploads\/2026\/04\/BIG-SEE-Festival-2026-Portoroz-arhitektura-685x526.jpg 685w, https:\/\/arhitekta.co.rs\/en\/wp-content\/uploads\/2026\/04\/BIG-SEE-Festival-2026-Portoroz-arhitektura-446x343.jpg 446w\" sizes=\"auto, (min-width: 900px) 50vw, 100vw\" \/>\t\t\t\t\t<span class='icon shortcode theme  use-hover' style=''>&#58897;<\/span>\t\t\t\t<\/a>\n\t\t\t\t\t<\/div>\n\t\t<div class=\"post-actions-wrapper clearfix\">\n\t\t\t\t\t<div class=\"post-date\">\n\t\t\t\tApril 4, 2026\t\t\t<\/div>\n\t\t\t\t\t\t\t\n\t\t\t\t\t\t<\/div>\n\n<\/div>\n\t<div class=\"post-content-wrapper\">\n\t\t\t\t<header class=\"single\">\n\t\t\t<div class=\"content\">\n\t\t\t\t<h3>\n\t\t\t\t\t<a href=\"https:\/\/arhitekta.co.rs\/en\/events\/big-see-festival-2026-portoroz\/\" title=\"BIG SEE Festival 2026 | Architecture. Design. Make Sense.\" class=\"entry-title\">BIG SEE Festival 2026 | Architecture. Design. Make Sense.<\/a>\n\t\t\t\t<\/h3>\n\t\t\t<\/div>\n\t\t<\/header>\n\t\n\t\t<div class=\"post-content-outer\">\n\t\t\t<p>The BIG SEE Festival returns on May 21-22, 2026, to Portoro\u017e, Slovenia, as the leading&#8230;<\/p>\n\t\t<\/div>\n\n\t\t\n\t\t\t\t\t<div class=\"post-content-meta\">\n\t\t\t\t<div>\n\t\t\t\t\tPosted in:  <a href=\"https:\/\/arhitekta.co.rs\/en\/category\/events\/\" rel=\"category tag\">Events<\/a>, <a href=\"https:\/\/arhitekta.co.rs\/en\/category\/news\/\" rel=\"category tag\">News<\/a>\t\t\t\t<\/div>\n\t\t\t\t<div class=\"the-tags\">Tags: <a href=\"https:\/\/arhitekta.co.rs\/en\/tag\/architecture-festival-slovenia\/\" rel=\"tag\">Architecture Festival Slovenia<\/a>, <a href=\"https:\/\/arhitekta.co.rs\/en\/tag\/big-see-awards\/\" rel=\"tag\">BIG SEE Awards<\/a>, <a href=\"https:\/\/arhitekta.co.rs\/en\/tag\/big-see-festival-2026\/\" rel=\"tag\">BIG SEE Festival 2026<\/a>, <a href=\"https:\/\/arhitekta.co.rs\/en\/tag\/design-conference-2026\/\" rel=\"tag\">Design Conference 2026<\/a>, <a href=\"https:\/\/arhitekta.co.rs\/en\/tag\/foster-partners\/\" rel=\"tag\">Foster + Partners<\/a>, <a href=\"https:\/\/arhitekta.co.rs\/en\/tag\/grando-portoroz\/\" rel=\"tag\">Grando Portoro\u017e<\/a>, <a href=\"https:\/\/arhitekta.co.rs\/en\/tag\/portoroz-events\/\" rel=\"tag\">Portoro\u017e events<\/a>, <a href=\"https:\/\/arhitekta.co.rs\/en\/tag\/product-design-awards\/\" rel=\"tag\">product design awards<\/a>, <a href=\"https:\/\/arhitekta.co.rs\/en\/tag\/renzo-piano-building-workshop\/\" rel=\"tag\">Renzo Piano Building Workshop<\/a>, <a href=\"https:\/\/arhitekta.co.rs\/en\/tag\/south-east-europe-design\/\" rel=\"tag\">South-East Europe design<\/a>, <a href=\"https:\/\/arhitekta.co.rs\/en\/tag\/sustainable-architecture\/\" rel=\"tag\">sustainable architecture<\/a><\/div>\t\t\t<\/div>\n\t\t\t<\/div>\n\t<\/div>\n<\/div>\n\t\t\t\t<\/div>\n\t\t\t\t\t\t\t<div class=\"page-content post-head list-item cbp-item post-29086 post type-post status-publish format-standard has-post-thumbnail hentry category-events category-news tag-architecture tag-architecture-conference-2025 tag-big-see tag-festival tag-portoroz tag-slovenia\">\n\t\t\t\t\t<div class=\"post-article has-image-wrapper \">\n\t<div class=\"standard-post-format clearfix as-image \">\n\t\t<div class=\"post-media-date\">\n\t\t\t<div class=\"thumbnail\">\n\t\t\t\t\t\t\t<a href=\"https:\/\/arhitekta.co.rs\/en\/events\/big-architecture-festival-2025\/\" title=\"BIG Architecture Festival 2025\">\n\t\t\t\t\t<img loading=\"lazy\" decoding=\"async\" width=\"327\" height=\"251\" src=\"https:\/\/arhitekta.co.rs\/en\/wp-content\/uploads\/2025\/04\/01-big-architecture-festival-2024-klemen-krzic-327x251.jpg\" class=\"attachment-theme-loop-4 size-theme-loop-4 wp-post-image\" alt=\"\" srcset=\"https:\/\/arhitekta.co.rs\/en\/wp-content\/uploads\/2025\/04\/01-big-architecture-festival-2024-klemen-krzic-327x251.jpg 327w, https:\/\/arhitekta.co.rs\/en\/wp-content\/uploads\/2025\/04\/01-big-architecture-festival-2024-klemen-krzic-800x615.jpg 800w, https:\/\/arhitekta.co.rs\/en\/wp-content\/uploads\/2025\/04\/01-big-architecture-festival-2024-klemen-krzic-685x526.jpg 685w, https:\/\/arhitekta.co.rs\/en\/wp-content\/uploads\/2025\/04\/01-big-architecture-festival-2024-klemen-krzic-446x343.jpg 446w\" sizes=\"auto, (min-width: 900px) 50vw, 100vw\" \/>\t\t\t\t\t<span class='icon shortcode theme  use-hover' style=''>&#58897;<\/span>\t\t\t\t<\/a>\n\t\t\t\t\t<\/div>\n\t\t<div class=\"post-actions-wrapper clearfix\">\n\t\t\t\t\t<div class=\"post-date\">\n\t\t\t\tApril 15, 2025\t\t\t<\/div>\n\t\t\t\t\t\t\t\n\t\t\t\t\t\t<\/div>\n\n<\/div>\n\t<div class=\"post-content-wrapper\">\n\t\t\t\t<header class=\"single\">\n\t\t\t<div class=\"content\">\n\t\t\t\t<h3>\n\t\t\t\t\t<a href=\"https:\/\/arhitekta.co.rs\/en\/events\/big-architecture-festival-2025\/\" title=\"BIG Architecture Festival 2025\" class=\"entry-title\">BIG Architecture Festival 2025<\/a>\n\t\t\t\t<\/h3>\n\t\t\t<\/div>\n\t\t<\/header>\n\t\n\t\t<div class=\"post-content-outer\">\n\t\t\t<p>A Visionary Platform for Innovation and \u201cCommon Sense\u201d in Architecture As one of the most&#8230;<\/p>\n\t\t<\/div>\n\n\t\t\n\t\t\t\t\t<div class=\"post-content-meta\">\n\t\t\t\t<div>\n\t\t\t\t\tPosted in:  <a href=\"https:\/\/arhitekta.co.rs\/en\/category\/events\/\" rel=\"category tag\">Events<\/a>, <a href=\"https:\/\/arhitekta.co.rs\/en\/category\/news\/\" rel=\"category tag\">News<\/a>\t\t\t\t<\/div>\n\t\t\t\t<div class=\"the-tags\">Tags: <a href=\"https:\/\/arhitekta.co.rs\/en\/tag\/architecture\/\" rel=\"tag\">architecture<\/a>, <a href=\"https:\/\/arhitekta.co.rs\/en\/tag\/architecture-conference-2025\/\" rel=\"tag\">Architecture Conference 2025<\/a>, <a href=\"https:\/\/arhitekta.co.rs\/en\/tag\/big-see\/\" rel=\"tag\">BIG SEE<\/a>, <a href=\"https:\/\/arhitekta.co.rs\/en\/tag\/festival\/\" rel=\"tag\">festival<\/a>, <a href=\"https:\/\/arhitekta.co.rs\/en\/tag\/portoroz\/\" rel=\"tag\">Portoro\u017e<\/a>, <a href=\"https:\/\/arhitekta.co.rs\/en\/tag\/slovenia\/\" rel=\"tag\">Slovenia<\/a><\/div>\t\t\t<\/div>\n\t\t\t<\/div>\n\t<\/div>\n<\/div>\n\t\t\t\t<\/div>\n\t\t\t\t\t\t\t<div class=\"page-content post-head list-item cbp-item post-28887 post type-post status-publish format-standard has-post-thumbnail hentry category-design category-materials category-news tag-delight-showroom-belgrade tag-design tag-interiors tag-office-furniture\">\n\t\t\t\t\t<div class=\"post-article has-image-wrapper \">\n\t<div class=\"standard-post-format clearfix as-image \">\n\t\t<div class=\"post-media-date\">\n\t\t\t<div class=\"thumbnail\">\n\t\t\t\t\t\t\t<a href=\"https:\/\/arhitekta.co.rs\/en\/news\/delight-showroom-a-modern-workspace-organized-into-neighborhoods\/\" title=\"Delight Showroom \u2013 A Modern Workspace Organized into &#8220;Neighborhoods&#8221;\">\n\t\t\t\t\t<img loading=\"lazy\" decoding=\"async\" width=\"327\" height=\"251\" src=\"https:\/\/arhitekta.co.rs\/en\/wp-content\/uploads\/2025\/02\/P1381250-327x251.jpg\" class=\"attachment-theme-loop-4 size-theme-loop-4 wp-post-image\" alt=\"Delight Showroom\" srcset=\"https:\/\/arhitekta.co.rs\/en\/wp-content\/uploads\/2025\/02\/P1381250-327x251.jpg 327w, https:\/\/arhitekta.co.rs\/en\/wp-content\/uploads\/2025\/02\/P1381250-800x615.jpg 800w, https:\/\/arhitekta.co.rs\/en\/wp-content\/uploads\/2025\/02\/P1381250-685x526.jpg 685w, https:\/\/arhitekta.co.rs\/en\/wp-content\/uploads\/2025\/02\/P1381250-446x343.jpg 446w\" sizes=\"auto, (min-width: 900px) 50vw, 100vw\" \/>\t\t\t\t\t<span class='icon shortcode theme  use-hover' style=''>&#58897;<\/span>\t\t\t\t<\/a>\n\t\t\t\t\t<\/div>\n\t\t<div class=\"post-actions-wrapper clearfix\">\n\t\t\t\t\t<div class=\"post-date\">\n\t\t\t\tFebruary 5, 2025\t\t\t<\/div>\n\t\t\t\t\t\t\t\n\t\t\t\t\t\t<\/div>\n\n<\/div>\n\t<div class=\"post-content-wrapper\">\n\t\t\t\t<header class=\"single\">\n\t\t\t<div class=\"content\">\n\t\t\t\t<h3>\n\t\t\t\t\t<a href=\"https:\/\/arhitekta.co.rs\/en\/news\/delight-showroom-a-modern-workspace-organized-into-neighborhoods\/\" title=\"Delight Showroom \u2013 A Modern Workspace Organized into &#8220;Neighborhoods&#8221;\" class=\"entry-title\">Delight Showroom \u2013 A Modern Workspace Organized into &#8220;Neighborhoods&#8221;<\/a>\n\t\t\t\t<\/h3>\n\t\t\t<\/div>\n\t\t<\/header>\n\t\n\t\t<div class=\"post-content-outer\">\n\t\t\t<p>In today&#8217;s business world, a pleasant and functional work environment is crucial for success. The&#8230;<\/p>\n\t\t<\/div>\n\n\t\t\n\t\t\t\t\t<div class=\"post-content-meta\">\n\t\t\t\t<div>\n\t\t\t\t\tPosted in:  <a href=\"https:\/\/arhitekta.co.rs\/en\/category\/design\/\" rel=\"category tag\">Design<\/a>, <a href=\"https:\/\/arhitekta.co.rs\/en\/category\/materials\/\" rel=\"category tag\">Materials<\/a>, <a href=\"https:\/\/arhitekta.co.rs\/en\/category\/news\/\" rel=\"category tag\">News<\/a>\t\t\t\t<\/div>\n\t\t\t\t<div class=\"the-tags\">Tags: <a href=\"https:\/\/arhitekta.co.rs\/en\/tag\/delight-showroom-belgrade\/\" rel=\"tag\">Delight Showroom Belgrade<\/a>, <a href=\"https:\/\/arhitekta.co.rs\/en\/tag\/design\/\" rel=\"tag\">design<\/a>, <a href=\"https:\/\/arhitekta.co.rs\/en\/tag\/interiors\/\" rel=\"tag\">interiors<\/a>, <a href=\"https:\/\/arhitekta.co.rs\/en\/tag\/office-furniture\/\" rel=\"tag\">office furniture<\/a><\/div>\t\t\t<\/div>\n\t\t\t<\/div>\n\t<\/div>\n<\/div>\n\t\t\t\t<\/div>\n\t\t\t\t\t\t\t<div class=\"page-content post-head list-item cbp-item post-28830 post type-post status-publish format-standard has-post-thumbnail hentry category-arhitekta-forum category-events category-news tag-architects tag-architects-forum tag-arhitekta-forum tag-belgrade tag-event\">\n\t\t\t\t\t<div class=\"post-article has-image-wrapper \">\n\t<div class=\"standard-post-format clearfix as-image \">\n\t\t<div class=\"post-media-date\">\n\t\t\t<div class=\"thumbnail\">\n\t\t\t\t\t\t\t<a href=\"https:\/\/arhitekta.co.rs\/en\/arhitekta-forum\/arhitekta-forum-next-level\/\" title=\"Arhitekta Forum: Next Level\">\n\t\t\t\t\t<img loading=\"lazy\" decoding=\"async\" width=\"327\" height=\"251\" src=\"https:\/\/arhitekta.co.rs\/en\/wp-content\/uploads\/2024\/05\/arhitekta-forum-no.1-327x251.jpg\" class=\"attachment-theme-loop-4 size-theme-loop-4 wp-post-image\" alt=\"\" srcset=\"https:\/\/arhitekta.co.rs\/en\/wp-content\/uploads\/2024\/05\/arhitekta-forum-no.1-327x251.jpg 327w, https:\/\/arhitekta.co.rs\/en\/wp-content\/uploads\/2024\/05\/arhitekta-forum-no.1-800x615.jpg 800w, https:\/\/arhitekta.co.rs\/en\/wp-content\/uploads\/2024\/05\/arhitekta-forum-no.1-685x526.jpg 685w, https:\/\/arhitekta.co.rs\/en\/wp-content\/uploads\/2024\/05\/arhitekta-forum-no.1-446x343.jpg 446w\" sizes=\"auto, (min-width: 900px) 50vw, 100vw\" \/>\t\t\t\t\t<span class='icon shortcode theme  use-hover' style=''>&#58897;<\/span>\t\t\t\t<\/a>\n\t\t\t\t\t<\/div>\n\t\t<div class=\"post-actions-wrapper clearfix\">\n\t\t\t\t\t<div class=\"post-date\">\n\t\t\t\tJune 11, 2024\t\t\t<\/div>\n\t\t\t\t\t\t\t\n\t\t\t\t\t\t<\/div>\n\n<\/div>\n\t<div class=\"post-content-wrapper\">\n\t\t\t\t<header class=\"single\">\n\t\t\t<div class=\"content\">\n\t\t\t\t<h3>\n\t\t\t\t\t<a href=\"https:\/\/arhitekta.co.rs\/en\/arhitekta-forum\/arhitekta-forum-next-level\/\" title=\"Arhitekta Forum: Next Level\" class=\"entry-title\">Arhitekta Forum: Next Level<\/a>\n\t\t\t\t<\/h3>\n\t\t\t<\/div>\n\t\t<\/header>\n\t\n\t\t<div class=\"post-content-outer\">\n\t\t\t<p>May this year was special. Typically sunny and warm, but also full of surprises because&#8230;<\/p>\n\t\t<\/div>\n\n\t\t\n\t\t\t\t\t<div class=\"post-content-meta\">\n\t\t\t\t<div>\n\t\t\t\t\tPosted in:  <a href=\"https:\/\/arhitekta.co.rs\/en\/category\/arhitekta-forum\/\" rel=\"category tag\">Arhitekta Forum<\/a>, <a href=\"https:\/\/arhitekta.co.rs\/en\/category\/events\/\" rel=\"category tag\">Events<\/a>, <a href=\"https:\/\/arhitekta.co.rs\/en\/category\/news\/\" rel=\"category tag\">News<\/a>\t\t\t\t<\/div>\n\t\t\t\t<div class=\"the-tags\">Tags: <a href=\"https:\/\/arhitekta.co.rs\/en\/tag\/architects\/\" rel=\"tag\">architects<\/a>, <a href=\"https:\/\/arhitekta.co.rs\/en\/tag\/architects-forum\/\" rel=\"tag\">architects' forum<\/a>, <a href=\"https:\/\/arhitekta.co.rs\/en\/tag\/arhitekta-forum\/\" rel=\"tag\">Arhitekta Forum<\/a>, <a href=\"https:\/\/arhitekta.co.rs\/en\/tag\/belgrade\/\" rel=\"tag\">Belgrade<\/a>, <a href=\"https:\/\/arhitekta.co.rs\/en\/tag\/event\/\" rel=\"tag\">event<\/a><\/div>\t\t\t<\/div>\n\t\t\t<\/div>\n\t<\/div>\n<\/div>\n\t\t\t\t<\/div>\n\t\t\t\t\t\t\t<div class=\"page-content post-head list-item cbp-item post-28708 post type-post status-publish format-standard has-post-thumbnail hentry category-events category-news tag-belgrade-business-and-arts-academy-of-applied-studies tag-department-of-art-and-design tag-design tag-furniture tag-plemka tag-salone-del-mobile-milano tag-salone-satellite-2024 tag-serbian-designers tag-spatial-design\">\n\t\t\t\t\t<div class=\"post-article has-image-wrapper \">\n\t<div class=\"standard-post-format clearfix as-image \">\n\t\t<div class=\"post-media-date\">\n\t\t\t<div class=\"thumbnail\">\n\t\t\t\t\t\t\t<a href=\"https:\/\/arhitekta.co.rs\/en\/news\/serbian-designers-conquer-the-furniture-fair-in-milan\/\" title=\"Serbian designers conquer the Furniture Fair in Milan\">\n\t\t\t\t\t<img loading=\"lazy\" decoding=\"async\" width=\"327\" height=\"251\" src=\"https:\/\/arhitekta.co.rs\/en\/wp-content\/uploads\/2024\/04\/PLEMKA_all-models-1-327x251.jpg\" class=\"attachment-theme-loop-4 size-theme-loop-4 wp-post-image\" alt=\"\" srcset=\"https:\/\/arhitekta.co.rs\/en\/wp-content\/uploads\/2024\/04\/PLEMKA_all-models-1-327x251.jpg 327w, https:\/\/arhitekta.co.rs\/en\/wp-content\/uploads\/2024\/04\/PLEMKA_all-models-1-800x615.jpg 800w, https:\/\/arhitekta.co.rs\/en\/wp-content\/uploads\/2024\/04\/PLEMKA_all-models-1-685x526.jpg 685w, https:\/\/arhitekta.co.rs\/en\/wp-content\/uploads\/2024\/04\/PLEMKA_all-models-1-446x343.jpg 446w\" sizes=\"auto, (min-width: 900px) 50vw, 100vw\" \/>\t\t\t\t\t<span class='icon shortcode theme  use-hover' style=''>&#58897;<\/span>\t\t\t\t<\/a>\n\t\t\t\t\t<\/div>\n\t\t<div class=\"post-actions-wrapper clearfix\">\n\t\t\t\t\t<div class=\"post-date\">\n\t\t\t\tApril 23, 2024\t\t\t<\/div>\n\t\t\t\t\t\t\t\n\t\t\t\t\t\t<\/div>\n\n<\/div>\n\t<div class=\"post-content-wrapper\">\n\t\t\t\t<header class=\"single\">\n\t\t\t<div class=\"content\">\n\t\t\t\t<h3>\n\t\t\t\t\t<a href=\"https:\/\/arhitekta.co.rs\/en\/news\/serbian-designers-conquer-the-furniture-fair-in-milan\/\" title=\"Serbian designers conquer the Furniture Fair in Milan\" class=\"entry-title\">Serbian designers conquer the Furniture Fair in Milan<\/a>\n\t\t\t\t<\/h3>\n\t\t\t<\/div>\n\t\t<\/header>\n\t\n\t\t<div class=\"post-content-outer\">\n\t\t\t<p>PLEMKA PROJECT AT THE FURNITURE FAIR IN MILAN 2024 (Salone Satellite 2024). The works presented&#8230;<\/p>\n\t\t<\/div>\n\n\t\t\n\t\t\t\t\t<div class=\"post-content-meta\">\n\t\t\t\t<div>\n\t\t\t\t\tPosted in:  <a href=\"https:\/\/arhitekta.co.rs\/en\/category\/events\/\" rel=\"category tag\">Events<\/a>, <a href=\"https:\/\/arhitekta.co.rs\/en\/category\/news\/\" rel=\"category tag\">News<\/a>\t\t\t\t<\/div>\n\t\t\t\t<div class=\"the-tags\">Tags: <a href=\"https:\/\/arhitekta.co.rs\/en\/tag\/belgrade-business-and-arts-academy-of-applied-studies\/\" rel=\"tag\">Belgrade Business and Arts Academy of Applied Studies<\/a>, <a href=\"https:\/\/arhitekta.co.rs\/en\/tag\/department-of-art-and-design\/\" rel=\"tag\">Department of Art and Design<\/a>, <a href=\"https:\/\/arhitekta.co.rs\/en\/tag\/design\/\" rel=\"tag\">design<\/a>, <a href=\"https:\/\/arhitekta.co.rs\/en\/tag\/furniture\/\" rel=\"tag\">furniture<\/a>, <a href=\"https:\/\/arhitekta.co.rs\/en\/tag\/plemka\/\" rel=\"tag\">PLEMKA<\/a>, <a href=\"https:\/\/arhitekta.co.rs\/en\/tag\/salone-del-mobile-milano\/\" rel=\"tag\">Salone del Mobile Milano<\/a>, <a href=\"https:\/\/arhitekta.co.rs\/en\/tag\/salone-satellite-2024\/\" rel=\"tag\">Salone Satellite 2024<\/a>, <a href=\"https:\/\/arhitekta.co.rs\/en\/tag\/serbian-designers\/\" rel=\"tag\">Serbian designers<\/a>, <a href=\"https:\/\/arhitekta.co.rs\/en\/tag\/spatial-design\/\" rel=\"tag\">spatial design<\/a><\/div>\t\t\t<\/div>\n\t\t\t<\/div>\n\t<\/div>\n<\/div>\n\t\t\t\t<\/div>\n\t\t\t\t\t\t\t<div class=\"page-content post-head list-item cbp-item post-28328 post type-post status-publish format-standard has-post-thumbnail hentry category-events category-news tag-architecture tag-b2b tag-belgrade tag-civil-engineering tag-construction tag-event tag-interiors\">\n\t\t\t\t\t<div class=\"post-article has-image-wrapper \">\n\t<div class=\"standard-post-format clearfix as-image \">\n\t\t<div class=\"post-media-date\">\n\t\t\t<div class=\"thumbnail\">\n\t\t\t\t\t\t\t<a href=\"https:\/\/arhitekta.co.rs\/en\/news\/five-day-b2b-event-dedicated-to-architecture-construction-and-interior-design\/\" title=\"Five-day B2B event dedicated to architecture, construction and interior design\">\n\t\t\t\t\t<img loading=\"lazy\" decoding=\"async\" width=\"292\" height=\"225\" src=\"https:\/\/arhitekta.co.rs\/en\/wp-content\/uploads\/2022\/09\/event-5-9-septembar-04-292x225.jpg\" class=\"attachment-theme-loop-4 size-theme-loop-4 wp-post-image\" alt=\"\" srcset=\"https:\/\/arhitekta.co.rs\/en\/wp-content\/uploads\/2022\/09\/event-5-9-septembar-04-292x225.jpg 292w, https:\/\/arhitekta.co.rs\/en\/wp-content\/uploads\/2022\/09\/event-5-9-septembar-04-800x615.jpg 800w, https:\/\/arhitekta.co.rs\/en\/wp-content\/uploads\/2022\/09\/event-5-9-septembar-04-615x473.jpg 615w, https:\/\/arhitekta.co.rs\/en\/wp-content\/uploads\/2022\/09\/event-5-9-septembar-04-400x307.jpg 400w\" sizes=\"auto, (min-width: 900px) 50vw, 100vw\" \/>\t\t\t\t\t<span class='icon shortcode theme  use-hover' style=''>&#58897;<\/span>\t\t\t\t<\/a>\n\t\t\t\t\t<\/div>\n\t\t<div class=\"post-actions-wrapper clearfix\">\n\t\t\t\t\t<div class=\"post-date\">\n\t\t\t\tSeptember 15, 2022\t\t\t<\/div>\n\t\t\t\t\t\t\t\n\t\t\t\t\t\t<\/div>\n\n<\/div>\n\t<div class=\"post-content-wrapper\">\n\t\t\t\t<header class=\"single\">\n\t\t\t<div class=\"content\">\n\t\t\t\t<h3>\n\t\t\t\t\t<a href=\"https:\/\/arhitekta.co.rs\/en\/news\/five-day-b2b-event-dedicated-to-architecture-construction-and-interior-design\/\" title=\"Five-day B2B event dedicated to architecture, construction and interior design\" class=\"entry-title\">Five-day B2B event dedicated to architecture, construction and interior design<\/a>\n\t\t\t\t<\/h3>\n\t\t\t<\/div>\n\t\t<\/header>\n\t\n\t\t<div class=\"post-content-outer\">\n\t\t\t<p>September is the month of new beginnings, therefore it is an ideal moment to create&#8230;<\/p>\n\t\t<\/div>\n\n\t\t\n\t\t\t\t\t<div class=\"post-content-meta\">\n\t\t\t\t<div>\n\t\t\t\t\tPosted in:  <a href=\"https:\/\/arhitekta.co.rs\/en\/category\/events\/\" rel=\"category tag\">Events<\/a>, <a href=\"https:\/\/arhitekta.co.rs\/en\/category\/news\/\" rel=\"category tag\">News<\/a>\t\t\t\t<\/div>\n\t\t\t\t<div class=\"the-tags\">Tags: <a href=\"https:\/\/arhitekta.co.rs\/en\/tag\/architecture\/\" rel=\"tag\">architecture<\/a>, <a href=\"https:\/\/arhitekta.co.rs\/en\/tag\/b2b\/\" rel=\"tag\">B2B<\/a>, <a href=\"https:\/\/arhitekta.co.rs\/en\/tag\/belgrade\/\" rel=\"tag\">Belgrade<\/a>, <a href=\"https:\/\/arhitekta.co.rs\/en\/tag\/civil-engineering\/\" rel=\"tag\">civil engineering<\/a>, <a href=\"https:\/\/arhitekta.co.rs\/en\/tag\/construction\/\" rel=\"tag\">construction<\/a>, <a href=\"https:\/\/arhitekta.co.rs\/en\/tag\/event\/\" rel=\"tag\">event<\/a>, <a href=\"https:\/\/arhitekta.co.rs\/en\/tag\/interiors\/\" rel=\"tag\">interiors<\/a><\/div>\t\t\t<\/div>\n\t\t\t<\/div>\n\t<\/div>\n<\/div>\n\t\t\t\t<\/div>\n\t\t\t\t\t\t\t<div class=\"page-content post-head list-item cbp-item post-28313 post type-post status-publish format-standard has-post-thumbnail hentry category-events category-news tag-arhitekta tag-b2b tag-business-to-business tag-event tag-hicad tag-mara-home tag-networking tag-pinoles tag-schneider-electric\">\n\t\t\t\t\t<div class=\"post-article has-image-wrapper \">\n\t<div class=\"standard-post-format clearfix as-image \">\n\t\t<div class=\"post-media-date\">\n\t\t\t<div class=\"thumbnail\">\n\t\t\t\t\t\t\t<a href=\"https:\/\/arhitekta.co.rs\/en\/news\/the-third-b2b-event-for-architects-was-successfully-held\/\" title=\"The third B2B event for architects was successfully held\">\n\t\t\t\t\t<img loading=\"lazy\" decoding=\"async\" width=\"292\" height=\"225\" src=\"https:\/\/arhitekta.co.rs\/en\/wp-content\/uploads\/2022\/05\/b2b-event-arhitekta-koncept-19-maj-2022-01-292x225.jpg\" class=\"attachment-theme-loop-4 size-theme-loop-4 wp-post-image\" alt=\"\" srcset=\"https:\/\/arhitekta.co.rs\/en\/wp-content\/uploads\/2022\/05\/b2b-event-arhitekta-koncept-19-maj-2022-01-292x225.jpg 292w, https:\/\/arhitekta.co.rs\/en\/wp-content\/uploads\/2022\/05\/b2b-event-arhitekta-koncept-19-maj-2022-01-800x615.jpg 800w, https:\/\/arhitekta.co.rs\/en\/wp-content\/uploads\/2022\/05\/b2b-event-arhitekta-koncept-19-maj-2022-01-615x473.jpg 615w, https:\/\/arhitekta.co.rs\/en\/wp-content\/uploads\/2022\/05\/b2b-event-arhitekta-koncept-19-maj-2022-01-400x307.jpg 400w\" sizes=\"auto, (min-width: 900px) 50vw, 100vw\" \/>\t\t\t\t\t<span class='icon shortcode theme  use-hover' style=''>&#58897;<\/span>\t\t\t\t<\/a>\n\t\t\t\t\t<\/div>\n\t\t<div class=\"post-actions-wrapper clearfix\">\n\t\t\t\t\t<div class=\"post-date\">\n\t\t\t\tMay 24, 2022\t\t\t<\/div>\n\t\t\t\t\t\t\t\n\t\t\t\t\t\t<\/div>\n\n<\/div>\n\t<div class=\"post-content-wrapper\">\n\t\t\t\t<header class=\"single\">\n\t\t\t<div class=\"content\">\n\t\t\t\t<h3>\n\t\t\t\t\t<a href=\"https:\/\/arhitekta.co.rs\/en\/news\/the-third-b2b-event-for-architects-was-successfully-held\/\" title=\"The third B2B event for architects was successfully held\" class=\"entry-title\">The third B2B event for architects was successfully held<\/a>\n\t\t\t\t<\/h3>\n\t\t\t<\/div>\n\t\t<\/header>\n\t\n\t\t<div class=\"post-content-outer\">\n\t\t\t<p>Previous B2B (Business to business) events proved how important it is for experts from different&#8230;<\/p>\n\t\t<\/div>\n\n\t\t\n\t\t\t\t\t<div class=\"post-content-meta\">\n\t\t\t\t<div>\n\t\t\t\t\tPosted in:  <a href=\"https:\/\/arhitekta.co.rs\/en\/category\/events\/\" rel=\"category tag\">Events<\/a>, <a href=\"https:\/\/arhitekta.co.rs\/en\/category\/news\/\" rel=\"category tag\">News<\/a>\t\t\t\t<\/div>\n\t\t\t\t<div class=\"the-tags\">Tags: <a href=\"https:\/\/arhitekta.co.rs\/en\/tag\/arhitekta\/\" rel=\"tag\">arhitekta<\/a>, <a href=\"https:\/\/arhitekta.co.rs\/en\/tag\/b2b\/\" rel=\"tag\">B2B<\/a>, <a href=\"https:\/\/arhitekta.co.rs\/en\/tag\/business-to-business\/\" rel=\"tag\">Business to business<\/a>, <a href=\"https:\/\/arhitekta.co.rs\/en\/tag\/event\/\" rel=\"tag\">event<\/a>, <a href=\"https:\/\/arhitekta.co.rs\/en\/tag\/hicad\/\" rel=\"tag\">hiCAD<\/a>, <a href=\"https:\/\/arhitekta.co.rs\/en\/tag\/mara-home\/\" rel=\"tag\">Mara Home<\/a>, <a href=\"https:\/\/arhitekta.co.rs\/en\/tag\/networking\/\" rel=\"tag\">Networking<\/a>, <a href=\"https:\/\/arhitekta.co.rs\/en\/tag\/pinoles\/\" rel=\"tag\">Pinoles<\/a>, <a href=\"https:\/\/arhitekta.co.rs\/en\/tag\/schneider-electric\/\" rel=\"tag\">Schneider Electric<\/a><\/div>\t\t\t<\/div>\n\t\t\t<\/div>\n\t<\/div>\n<\/div>\n\t\t\t\t<\/div>\n\t\t\t\t\t\t\t<div class=\"page-content post-head list-item cbp-item post-28297 post type-post status-publish format-standard has-post-thumbnail hentry category-events category-news tag-architect tag-b2b tag-engineer tag-event tag-fundermax tag-magazine-arhitekta tag-somfy tag-velux tag-xella\">\n\t\t\t\t\t<div class=\"post-article has-image-wrapper \">\n\t<div class=\"standard-post-format clearfix as-image \">\n\t\t<div class=\"post-media-date\">\n\t\t\t<div class=\"thumbnail\">\n\t\t\t\t\t\t\t<a href=\"https:\/\/arhitekta.co.rs\/en\/events\/the-second-business-meeting-for-architects-and-engineers\/\" title=\"The second business meeting for architects and engineers\">\n\t\t\t\t\t<img loading=\"lazy\" decoding=\"async\" width=\"292\" height=\"225\" src=\"https:\/\/arhitekta.co.rs\/en\/wp-content\/uploads\/2022\/04\/b2b-event-P1070313-292x225.jpg\" class=\"attachment-theme-loop-4 size-theme-loop-4 wp-post-image\" alt=\"\" srcset=\"https:\/\/arhitekta.co.rs\/en\/wp-content\/uploads\/2022\/04\/b2b-event-P1070313-292x225.jpg 292w, https:\/\/arhitekta.co.rs\/en\/wp-content\/uploads\/2022\/04\/b2b-event-P1070313-615x473.jpg 615w, https:\/\/arhitekta.co.rs\/en\/wp-content\/uploads\/2022\/04\/b2b-event-P1070313-400x307.jpg 400w\" sizes=\"auto, (min-width: 900px) 50vw, 100vw\" \/>\t\t\t\t\t<span class='icon shortcode theme  use-hover' style=''>&#58897;<\/span>\t\t\t\t<\/a>\n\t\t\t\t\t<\/div>\n\t\t<div class=\"post-actions-wrapper clearfix\">\n\t\t\t\t\t<div class=\"post-date\">\n\t\t\t\tApril 21, 2022\t\t\t<\/div>\n\t\t\t\t\t\t\t\n\t\t\t\t\t\t<\/div>\n\n<\/div>\n\t<div class=\"post-content-wrapper\">\n\t\t\t\t<header class=\"single\">\n\t\t\t<div class=\"content\">\n\t\t\t\t<h3>\n\t\t\t\t\t<a href=\"https:\/\/arhitekta.co.rs\/en\/events\/the-second-business-meeting-for-architects-and-engineers\/\" title=\"The second business meeting for architects and engineers\" class=\"entry-title\">The second business meeting for architects and engineers<\/a>\n\t\t\t\t<\/h3>\n\t\t\t<\/div>\n\t\t<\/header>\n\t\n\t\t<div class=\"post-content-outer\">\n\t\t\t<p>The last in a series of B2B meetings was held on April 12 in Belgrade,&#8230;<\/p>\n\t\t<\/div>\n\n\t\t\n\t\t\t\t\t<div class=\"post-content-meta\">\n\t\t\t\t<div>\n\t\t\t\t\tPosted in:  <a href=\"https:\/\/arhitekta.co.rs\/en\/category\/events\/\" rel=\"category tag\">Events<\/a>, <a href=\"https:\/\/arhitekta.co.rs\/en\/category\/news\/\" rel=\"category tag\">News<\/a>\t\t\t\t<\/div>\n\t\t\t\t<div class=\"the-tags\">Tags: <a href=\"https:\/\/arhitekta.co.rs\/en\/tag\/architect\/\" rel=\"tag\">architect<\/a>, <a href=\"https:\/\/arhitekta.co.rs\/en\/tag\/b2b\/\" rel=\"tag\">B2B<\/a>, <a href=\"https:\/\/arhitekta.co.rs\/en\/tag\/engineer\/\" rel=\"tag\">engineer<\/a>, <a href=\"https:\/\/arhitekta.co.rs\/en\/tag\/event\/\" rel=\"tag\">event<\/a>, <a href=\"https:\/\/arhitekta.co.rs\/en\/tag\/fundermax\/\" rel=\"tag\">FunderMax<\/a>, <a href=\"https:\/\/arhitekta.co.rs\/en\/tag\/magazine-arhitekta\/\" rel=\"tag\">magazine Arhitekta<\/a>, <a href=\"https:\/\/arhitekta.co.rs\/en\/tag\/somfy\/\" rel=\"tag\">Somfy<\/a>, <a href=\"https:\/\/arhitekta.co.rs\/en\/tag\/velux\/\" rel=\"tag\">Velux<\/a>, <a href=\"https:\/\/arhitekta.co.rs\/en\/tag\/xella\/\" rel=\"tag\">Xella<\/a><\/div>\t\t\t<\/div>\n\t\t\t<\/div>\n\t<\/div>\n<\/div>\n\t\t\t\t<\/div>\n\t\t\t\t\t\t\t<div class=\"page-content post-head list-item cbp-item post-28221 post type-post status-publish format-standard has-post-thumbnail hentry category-interview tag-architect tag-architecture tag-dimitrije-mita-mladenovic tag-interview tag-professor tag-urbanism\">\n\t\t\t\t\t<div class=\"post-article has-image-wrapper \">\n\t<div class=\"standard-post-format clearfix as-image \">\n\t\t<div class=\"post-media-date\">\n\t\t\t<div class=\"thumbnail\">\n\t\t\t\t\t\t\t<a href=\"https:\/\/arhitekta.co.rs\/en\/interview\/dimitrije-mita-mladenovic-the-golden-moments-of-urbanism\/\" title=\"DIMITRIJE MITA MLADENOVI\u0106: The golden moments of urbanism\">\n\t\t\t\t\t<img loading=\"lazy\" decoding=\"async\" width=\"292\" height=\"225\" src=\"https:\/\/arhitekta.co.rs\/en\/wp-content\/uploads\/2022\/04\/Arch-Dimitrije-Mita-Mladenovic-photography-Slavomir-Matejic-292x225.jpg\" class=\"attachment-theme-loop-4 size-theme-loop-4 wp-post-image\" alt=\"\" srcset=\"https:\/\/arhitekta.co.rs\/en\/wp-content\/uploads\/2022\/04\/Arch-Dimitrije-Mita-Mladenovic-photography-Slavomir-Matejic-292x225.jpg 292w, https:\/\/arhitekta.co.rs\/en\/wp-content\/uploads\/2022\/04\/Arch-Dimitrije-Mita-Mladenovic-photography-Slavomir-Matejic-800x615.jpg 800w, https:\/\/arhitekta.co.rs\/en\/wp-content\/uploads\/2022\/04\/Arch-Dimitrije-Mita-Mladenovic-photography-Slavomir-Matejic-615x473.jpg 615w, https:\/\/arhitekta.co.rs\/en\/wp-content\/uploads\/2022\/04\/Arch-Dimitrije-Mita-Mladenovic-photography-Slavomir-Matejic-400x307.jpg 400w\" sizes=\"auto, (min-width: 900px) 50vw, 100vw\" \/>\t\t\t\t\t<span class='icon shortcode theme  use-hover' style=''>&#58897;<\/span>\t\t\t\t<\/a>\n\t\t\t\t\t<\/div>\n\t\t<div class=\"post-actions-wrapper clearfix\">\n\t\t\t\t\t<div class=\"post-date\">\n\t\t\t\tApril 13, 2022\t\t\t<\/div>\n\t\t\t\t\t\t\t\n\t\t\t\t\t\t<\/div>\n\n<\/div>\n\t<div class=\"post-content-wrapper\">\n\t\t\t\t<header class=\"single\">\n\t\t\t<div class=\"content\">\n\t\t\t\t<h3>\n\t\t\t\t\t<a href=\"https:\/\/arhitekta.co.rs\/en\/interview\/dimitrije-mita-mladenovic-the-golden-moments-of-urbanism\/\" title=\"DIMITRIJE MITA MLADENOVI\u0106: The golden moments of urbanism\" class=\"entry-title\">DIMITRIJE MITA MLADENOVI\u0106: The golden moments of urbanism<\/a>\n\t\t\t\t<\/h3>\n\t\t\t<\/div>\n\t\t<\/header>\n\t\n\t\t<div class=\"post-content-outer\">\n\t\t\t<p>FROM THE MIDDLE OF THE 20th CENTURY TO THE END OF THE 1980s. The conversation&#8230;<\/p>\n\t\t<\/div>\n\n\t\t\n\t\t\t\t\t<div class=\"post-content-meta\">\n\t\t\t\t<div>\n\t\t\t\t\tPosted in:  <a href=\"https:\/\/arhitekta.co.rs\/en\/category\/interview\/\" rel=\"category tag\">Interview<\/a>\t\t\t\t<\/div>\n\t\t\t\t<div class=\"the-tags\">Tags: <a href=\"https:\/\/arhitekta.co.rs\/en\/tag\/architect\/\" rel=\"tag\">architect<\/a>, <a href=\"https:\/\/arhitekta.co.rs\/en\/tag\/architecture\/\" rel=\"tag\">architecture<\/a>, <a href=\"https:\/\/arhitekta.co.rs\/en\/tag\/dimitrije-mita-mladenovic\/\" rel=\"tag\">Dimitrije Mita Mladenovi\u0107<\/a>, <a href=\"https:\/\/arhitekta.co.rs\/en\/tag\/interview\/\" rel=\"tag\">interview<\/a>, <a href=\"https:\/\/arhitekta.co.rs\/en\/tag\/professor\/\" rel=\"tag\">professor<\/a>, <a href=\"https:\/\/arhitekta.co.rs\/en\/tag\/urbanism\/\" rel=\"tag\">urbanism<\/a><\/div>\t\t\t<\/div>\n\t\t\t<\/div>\n\t<\/div>\n<\/div>\n\t\t\t\t<\/div>\n\t\t\t\t\t\t\t<div class=\"page-content post-head list-item cbp-item post-28182 post type-post status-publish format-standard has-post-thumbnail hentry category-serbian-architecture tag-belgrade tag-energy-efficiency tag-passive-house tag-renewable-energy tag-urban-villa\">\n\t\t\t\t\t<div class=\"post-article has-image-wrapper \">\n\t<div class=\"standard-post-format clearfix as-image \">\n\t\t<div class=\"post-media-date\">\n\t\t\t<div class=\"thumbnail\">\n\t\t\t\t\t\t\t<a href=\"https:\/\/arhitekta.co.rs\/en\/serbian-architecture\/zero-house-project-the-architect-the-consumer-and-the-investor-on-the-same-team\/\" title=\"ZERO HOUSE PROJECT: The architect, the consumer &#038; the investor on the same team\">\n\t\t\t\t\t<img loading=\"lazy\" decoding=\"async\" width=\"292\" height=\"225\" src=\"https:\/\/arhitekta.co.rs\/en\/wp-content\/uploads\/2022\/04\/Zero-House-project-292x225.jpg\" class=\"attachment-theme-loop-4 size-theme-loop-4 wp-post-image\" alt=\"\" srcset=\"https:\/\/arhitekta.co.rs\/en\/wp-content\/uploads\/2022\/04\/Zero-House-project-292x225.jpg 292w, https:\/\/arhitekta.co.rs\/en\/wp-content\/uploads\/2022\/04\/Zero-House-project-800x615.jpg 800w, https:\/\/arhitekta.co.rs\/en\/wp-content\/uploads\/2022\/04\/Zero-House-project-615x473.jpg 615w, https:\/\/arhitekta.co.rs\/en\/wp-content\/uploads\/2022\/04\/Zero-House-project-400x307.jpg 400w\" sizes=\"auto, (min-width: 900px) 50vw, 100vw\" \/>\t\t\t\t\t<span class='icon shortcode theme  use-hover' style=''>&#58897;<\/span>\t\t\t\t<\/a>\n\t\t\t\t\t<\/div>\n\t\t<div class=\"post-actions-wrapper clearfix\">\n\t\t\t\t\t<div class=\"post-date\">\n\t\t\t\tApril 11, 2022\t\t\t<\/div>\n\t\t\t\t\t\t\t\n\t\t\t\t\t\t<\/div>\n\n<\/div>\n\t<div class=\"post-content-wrapper\">\n\t\t\t\t<header class=\"single\">\n\t\t\t<div class=\"content\">\n\t\t\t\t<h3>\n\t\t\t\t\t<a href=\"https:\/\/arhitekta.co.rs\/en\/serbian-architecture\/zero-house-project-the-architect-the-consumer-and-the-investor-on-the-same-team\/\" title=\"ZERO HOUSE PROJECT: The architect, the consumer &#038; the investor on the same team\" class=\"entry-title\">ZERO HOUSE PROJECT: The architect, the consumer &#038; the investor on the same team<\/a>\n\t\t\t\t<\/h3>\n\t\t\t<\/div>\n\t\t<\/header>\n\t\n\t\t<div class=\"post-content-outer\">\n\t\t\t<p>&#8220;Zero House&#8221; is the first entirely passive urban villa in Belgrade created as a result&#8230;<\/p>\n\t\t<\/div>\n\n\t\t\n\t\t\t\t\t<div class=\"post-content-meta\">\n\t\t\t\t<div>\n\t\t\t\t\tPosted in:  <a href=\"https:\/\/arhitekta.co.rs\/en\/category\/serbian-architecture\/\" rel=\"category tag\">Serbian architecture<\/a>\t\t\t\t<\/div>\n\t\t\t\t<div class=\"the-tags\">Tags: <a href=\"https:\/\/arhitekta.co.rs\/en\/tag\/belgrade\/\" rel=\"tag\">Belgrade<\/a>, <a href=\"https:\/\/arhitekta.co.rs\/en\/tag\/energy-efficiency\/\" rel=\"tag\">energy efficiency<\/a>, <a href=\"https:\/\/arhitekta.co.rs\/en\/tag\/passive-house\/\" rel=\"tag\">passive house<\/a>, <a href=\"https:\/\/arhitekta.co.rs\/en\/tag\/renewable-energy\/\" rel=\"tag\">renewable energy<\/a>, <a href=\"https:\/\/arhitekta.co.rs\/en\/tag\/urban-villa\/\" rel=\"tag\">urban villa<\/a><\/div>\t\t\t<\/div>\n\t\t\t<\/div>\n\t<\/div>\n<\/div>\n\t\t\t\t<\/div>\n\t\t\t\t\t\t\t<div class=\"page-content post-head list-item cbp-item post-28086 post type-post status-publish format-standard has-post-thumbnail hentry category-interview tag-architect tag-architecture tag-china tag-curator tag-design-society tag-historian tag-hong-kong tag-interview tag-netherlands-architecture-institute tag-ole-bouman tag-shenzhen tag-uabb tag-urban-border tag-urbanism tag-volume-magazine tag-writer\">\n\t\t\t\t\t<div class=\"post-article has-image-wrapper \">\n\t<div class=\"standard-post-format clearfix as-image \">\n\t\t<div class=\"post-media-date\">\n\t\t\t<div class=\"thumbnail\">\n\t\t\t\t\t\t\t<a href=\"https:\/\/arhitekta.co.rs\/en\/interview\/ole-bouman-saturating-urban-insensibilities\/\" title=\"OLE BOUMAN: Saturating urban insensibilities\">\n\t\t\t\t\t<img loading=\"lazy\" decoding=\"async\" width=\"292\" height=\"225\" src=\"https:\/\/arhitekta.co.rs\/en\/wp-content\/uploads\/2022\/04\/ole-bouman-292x225.jpg\" class=\"attachment-theme-loop-4 size-theme-loop-4 wp-post-image\" alt=\"\" srcset=\"https:\/\/arhitekta.co.rs\/en\/wp-content\/uploads\/2022\/04\/ole-bouman-292x225.jpg 292w, https:\/\/arhitekta.co.rs\/en\/wp-content\/uploads\/2022\/04\/ole-bouman-800x615.jpg 800w, https:\/\/arhitekta.co.rs\/en\/wp-content\/uploads\/2022\/04\/ole-bouman-615x473.jpg 615w, https:\/\/arhitekta.co.rs\/en\/wp-content\/uploads\/2022\/04\/ole-bouman-400x307.jpg 400w\" sizes=\"auto, (min-width: 900px) 50vw, 100vw\" \/>\t\t\t\t\t<span class='icon shortcode theme  use-hover' style=''>&#58897;<\/span>\t\t\t\t<\/a>\n\t\t\t\t\t<\/div>\n\t\t<div class=\"post-actions-wrapper clearfix\">\n\t\t\t\t\t<div class=\"post-date\">\n\t\t\t\tApril 8, 2022\t\t\t<\/div>\n\t\t\t\t\t\t\t\n\t\t\t\t\t\t<\/div>\n\n<\/div>\n\t<div class=\"post-content-wrapper\">\n\t\t\t\t<header class=\"single\">\n\t\t\t<div class=\"content\">\n\t\t\t\t<h3>\n\t\t\t\t\t<a href=\"https:\/\/arhitekta.co.rs\/en\/interview\/ole-bouman-saturating-urban-insensibilities\/\" title=\"OLE BOUMAN: Saturating urban insensibilities\" class=\"entry-title\">OLE BOUMAN: Saturating urban insensibilities<\/a>\n\t\t\t\t<\/h3>\n\t\t\t<\/div>\n\t\t<\/header>\n\t\n\t\t<div class=\"post-content-outer\">\n\t\t\t<p>Historian, writer, curator in urbanism design and architecture &#8211; Ole Bouman. Ole Bouman has been&#8230;<\/p>\n\t\t<\/div>\n\n\t\t\n\t\t\t\t\t<div class=\"post-content-meta\">\n\t\t\t\t<div>\n\t\t\t\t\tPosted in:  <a href=\"https:\/\/arhitekta.co.rs\/en\/category\/interview\/\" rel=\"category tag\">Interview<\/a>\t\t\t\t<\/div>\n\t\t\t\t<div class=\"the-tags\">Tags: <a href=\"https:\/\/arhitekta.co.rs\/en\/tag\/architect\/\" rel=\"tag\">architect<\/a>, <a href=\"https:\/\/arhitekta.co.rs\/en\/tag\/architecture\/\" rel=\"tag\">architecture<\/a>, <a href=\"https:\/\/arhitekta.co.rs\/en\/tag\/china\/\" rel=\"tag\">China<\/a>, <a href=\"https:\/\/arhitekta.co.rs\/en\/tag\/curator\/\" rel=\"tag\">curator<\/a>, <a href=\"https:\/\/arhitekta.co.rs\/en\/tag\/design-society\/\" rel=\"tag\">Design Society<\/a>, <a href=\"https:\/\/arhitekta.co.rs\/en\/tag\/historian\/\" rel=\"tag\">historian<\/a>, <a href=\"https:\/\/arhitekta.co.rs\/en\/tag\/hong-kong\/\" rel=\"tag\">Hong Kong<\/a>, <a href=\"https:\/\/arhitekta.co.rs\/en\/tag\/interview\/\" rel=\"tag\">interview<\/a>, <a href=\"https:\/\/arhitekta.co.rs\/en\/tag\/netherlands-architecture-institute\/\" rel=\"tag\">Netherlands Architecture Institute<\/a>, <a href=\"https:\/\/arhitekta.co.rs\/en\/tag\/ole-bouman\/\" rel=\"tag\">Ole Bouman<\/a>, <a href=\"https:\/\/arhitekta.co.rs\/en\/tag\/shenzhen\/\" rel=\"tag\">Shenzhen<\/a>, <a href=\"https:\/\/arhitekta.co.rs\/en\/tag\/uabb\/\" rel=\"tag\">UABB<\/a>, <a href=\"https:\/\/arhitekta.co.rs\/en\/tag\/urban-border\/\" rel=\"tag\">Urban Border<\/a>, <a href=\"https:\/\/arhitekta.co.rs\/en\/tag\/urbanism\/\" rel=\"tag\">urbanism<\/a>, <a href=\"https:\/\/arhitekta.co.rs\/en\/tag\/volume-magazine\/\" rel=\"tag\">Volume magazine<\/a>, <a href=\"https:\/\/arhitekta.co.rs\/en\/tag\/writer\/\" rel=\"tag\">writer<\/a><\/div>\t\t\t<\/div>\n\t\t\t<\/div>\n\t<\/div>\n<\/div>\n\t\t\t\t<\/div>\n\t\t\t\t\t\t\t<div class=\"page-content post-head list-item cbp-item post-28011 post type-post status-publish format-standard has-post-thumbnail hentry category-world-architecture tag-architect tag-architecture tag-china-project tag-he-art-museum tag-japanese-architecture tag-tadao-ando\">\n\t\t\t\t\t<div class=\"post-article has-image-wrapper \">\n\t<div class=\"standard-post-format clearfix as-image \">\n\t\t<div class=\"post-media-date\">\n\t\t\t<div class=\"thumbnail\">\n\t\t\t\t\t\t\t<a href=\"https:\/\/arhitekta.co.rs\/en\/world-architecture\/architecture-as-a-heritage-disclosure-medium\/\" title=\"ARCHITECTURE AS A HERITAGE DISCLOSURE MEDIUM\">\n\t\t\t\t\t<img loading=\"lazy\" decoding=\"async\" width=\"292\" height=\"225\" src=\"https:\/\/arhitekta.co.rs\/en\/wp-content\/uploads\/2022\/04\/1-292x225.jpg\" class=\"attachment-theme-loop-4 size-theme-loop-4 wp-post-image\" alt=\"\" srcset=\"https:\/\/arhitekta.co.rs\/en\/wp-content\/uploads\/2022\/04\/1-292x225.jpg 292w, https:\/\/arhitekta.co.rs\/en\/wp-content\/uploads\/2022\/04\/1-1260x969.jpg 1260w, https:\/\/arhitekta.co.rs\/en\/wp-content\/uploads\/2022\/04\/1-800x615.jpg 800w, https:\/\/arhitekta.co.rs\/en\/wp-content\/uploads\/2022\/04\/1-615x473.jpg 615w, https:\/\/arhitekta.co.rs\/en\/wp-content\/uploads\/2022\/04\/1-400x307.jpg 400w\" sizes=\"auto, (min-width: 900px) 50vw, 100vw\" \/>\t\t\t\t\t<span class='icon shortcode theme  use-hover' style=''>&#58897;<\/span>\t\t\t\t<\/a>\n\t\t\t\t\t<\/div>\n\t\t<div class=\"post-actions-wrapper clearfix\">\n\t\t\t\t\t<div class=\"post-date\">\n\t\t\t\tApril 8, 2022\t\t\t<\/div>\n\t\t\t\t\t\t\t\n\t\t\t\t\t\t<\/div>\n\n<\/div>\n\t<div class=\"post-content-wrapper\">\n\t\t\t\t<header class=\"single\">\n\t\t\t<div class=\"content\">\n\t\t\t\t<h3>\n\t\t\t\t\t<a href=\"https:\/\/arhitekta.co.rs\/en\/world-architecture\/architecture-as-a-heritage-disclosure-medium\/\" title=\"ARCHITECTURE AS A HERITAGE DISCLOSURE MEDIUM\" class=\"entry-title\">ARCHITECTURE AS A HERITAGE DISCLOSURE MEDIUM<\/a>\n\t\t\t\t<\/h3>\n\t\t\t<\/div>\n\t\t<\/header>\n\t\n\t\t<div class=\"post-content-outer\">\n\t\t\t<p>Many papers say that Tadao Ando\u2019s architecture is not subjected to Western criticism, which is&#8230;<\/p>\n\t\t<\/div>\n\n\t\t\n\t\t\t\t\t<div class=\"post-content-meta\">\n\t\t\t\t<div>\n\t\t\t\t\tPosted in:  <a href=\"https:\/\/arhitekta.co.rs\/en\/category\/world-architecture\/\" rel=\"category tag\">World architecture<\/a>\t\t\t\t<\/div>\n\t\t\t\t<div class=\"the-tags\">Tags: <a href=\"https:\/\/arhitekta.co.rs\/en\/tag\/architect\/\" rel=\"tag\">architect<\/a>, <a href=\"https:\/\/arhitekta.co.rs\/en\/tag\/architecture\/\" rel=\"tag\">architecture<\/a>, <a href=\"https:\/\/arhitekta.co.rs\/en\/tag\/china-project\/\" rel=\"tag\">China project<\/a>, <a href=\"https:\/\/arhitekta.co.rs\/en\/tag\/he-art-museum\/\" rel=\"tag\">He Art Museum<\/a>, <a href=\"https:\/\/arhitekta.co.rs\/en\/tag\/japanese-architecture\/\" rel=\"tag\">Japanese architecture<\/a>, <a href=\"https:\/\/arhitekta.co.rs\/en\/tag\/tadao-ando\/\" rel=\"tag\">Tadao Ando<\/a><\/div>\t\t\t<\/div>\n\t\t\t<\/div>\n\t<\/div>\n<\/div>\n\t\t\t\t<\/div>\n\t\t\t\t\t\t\t<div class=\"page-content post-head list-item cbp-item post-28136 post type-post status-publish format-standard has-post-thumbnail hentry category-events category-news tag-architect tag-b2b tag-eglo tag-engineer tag-event tag-hicad tag-lafarge tag-magazine-arhitekta tag-miele\">\n\t\t\t\t\t<div class=\"post-article has-image-wrapper \">\n\t<div class=\"standard-post-format clearfix as-image \">\n\t\t<div class=\"post-media-date\">\n\t\t\t<div class=\"thumbnail\">\n\t\t\t\t\t\t\t<a href=\"https:\/\/arhitekta.co.rs\/en\/news\/b2b-event-for-architects\/\" title=\"B2B event for architects\">\n\t\t\t\t\t<img loading=\"lazy\" decoding=\"async\" width=\"292\" height=\"225\" src=\"https:\/\/arhitekta.co.rs\/en\/wp-content\/uploads\/2022\/03\/B2B-event-namenjen-arhitektama-01-292x225.jpg\" class=\"attachment-theme-loop-4 size-theme-loop-4 wp-post-image\" alt=\"\" srcset=\"https:\/\/arhitekta.co.rs\/en\/wp-content\/uploads\/2022\/03\/B2B-event-namenjen-arhitektama-01-292x225.jpg 292w, https:\/\/arhitekta.co.rs\/en\/wp-content\/uploads\/2022\/03\/B2B-event-namenjen-arhitektama-01-800x615.jpg 800w, https:\/\/arhitekta.co.rs\/en\/wp-content\/uploads\/2022\/03\/B2B-event-namenjen-arhitektama-01-615x473.jpg 615w, https:\/\/arhitekta.co.rs\/en\/wp-content\/uploads\/2022\/03\/B2B-event-namenjen-arhitektama-01-400x307.jpg 400w\" sizes=\"auto, (min-width: 900px) 50vw, 100vw\" \/>\t\t\t\t\t<span class='icon shortcode theme  use-hover' style=''>&#58897;<\/span>\t\t\t\t<\/a>\n\t\t\t\t\t<\/div>\n\t\t<div class=\"post-actions-wrapper clearfix\">\n\t\t\t\t\t<div class=\"post-date\">\n\t\t\t\tMarch 15, 2022\t\t\t<\/div>\n\t\t\t\t\t\t\t\n\t\t\t\t\t\t<\/div>\n\n<\/div>\n\t<div class=\"post-content-wrapper\">\n\t\t\t\t<header class=\"single\">\n\t\t\t<div class=\"content\">\n\t\t\t\t<h3>\n\t\t\t\t\t<a href=\"https:\/\/arhitekta.co.rs\/en\/news\/b2b-event-for-architects\/\" title=\"B2B event for architects\" class=\"entry-title\">B2B event for architects<\/a>\n\t\t\t\t<\/h3>\n\t\t\t<\/div>\n\t\t<\/header>\n\t\n\t\t<div class=\"post-content-outer\">\n\t\t\t<p>A new B2B event for architects was organized by the magazine Architect, with the cooperation&#8230;<\/p>\n\t\t<\/div>\n\n\t\t\n\t\t\t\t\t<div class=\"post-content-meta\">\n\t\t\t\t<div>\n\t\t\t\t\tPosted in:  <a href=\"https:\/\/arhitekta.co.rs\/en\/category\/events\/\" rel=\"category tag\">Events<\/a>, <a href=\"https:\/\/arhitekta.co.rs\/en\/category\/news\/\" rel=\"category tag\">News<\/a>\t\t\t\t<\/div>\n\t\t\t\t<div class=\"the-tags\">Tags: <a href=\"https:\/\/arhitekta.co.rs\/en\/tag\/architect\/\" rel=\"tag\">architect<\/a>, <a href=\"https:\/\/arhitekta.co.rs\/en\/tag\/b2b\/\" rel=\"tag\">B2B<\/a>, <a href=\"https:\/\/arhitekta.co.rs\/en\/tag\/eglo\/\" rel=\"tag\">Eglo<\/a>, <a href=\"https:\/\/arhitekta.co.rs\/en\/tag\/engineer\/\" rel=\"tag\">engineer<\/a>, <a href=\"https:\/\/arhitekta.co.rs\/en\/tag\/event\/\" rel=\"tag\">event<\/a>, <a href=\"https:\/\/arhitekta.co.rs\/en\/tag\/hicad\/\" rel=\"tag\">hiCAD<\/a>, <a href=\"https:\/\/arhitekta.co.rs\/en\/tag\/lafarge\/\" rel=\"tag\">Lafarge<\/a>, <a href=\"https:\/\/arhitekta.co.rs\/en\/tag\/magazine-arhitekta\/\" rel=\"tag\">magazine Arhitekta<\/a>, <a href=\"https:\/\/arhitekta.co.rs\/en\/tag\/miele\/\" rel=\"tag\">Miele<\/a><\/div>\t\t\t<\/div>\n\t\t\t<\/div>\n\t<\/div>\n<\/div>\n\t\t\t\t<\/div>\n\t\t\t\t\t\t\t<div class=\"page-content post-head list-item cbp-item post-28056 post type-post status-publish format-standard has-post-thumbnail hentry category-serbian-architecture tag-project tag-serbian-architecture tag-serbian-orthodox-church\">\n\t\t\t\t\t<div class=\"post-article has-image-wrapper \">\n\t<div class=\"standard-post-format clearfix as-image \">\n\t\t<div class=\"post-media-date\">\n\t\t\t<div class=\"thumbnail\">\n\t\t\t\t\t\t\t<a href=\"https:\/\/arhitekta.co.rs\/en\/serbian-architecture\/serbian-orthodox-church-project\/\" title=\"SERBIAN ORTHODOX CHURCH PROJECT\">\n\t\t\t\t\t<img loading=\"lazy\" decoding=\"async\" width=\"292\" height=\"225\" src=\"https:\/\/arhitekta.co.rs\/en\/wp-content\/uploads\/2022\/02\/Projekat-srpske-pravoslavne-crkve-Serbian-orthodox-church-project-\u00a9-Architects-MD-www.architectsmd.com-Matija-Djedovic_01-292x225.jpg\" class=\"attachment-theme-loop-4 size-theme-loop-4 wp-post-image\" alt=\"\" srcset=\"https:\/\/arhitekta.co.rs\/en\/wp-content\/uploads\/2022\/02\/Projekat-srpske-pravoslavne-crkve-Serbian-orthodox-church-project-\u00a9-Architects-MD-www.architectsmd.com-Matija-Djedovic_01-292x225.jpg 292w, https:\/\/arhitekta.co.rs\/en\/wp-content\/uploads\/2022\/02\/Projekat-srpske-pravoslavne-crkve-Serbian-orthodox-church-project-\u00a9-Architects-MD-www.architectsmd.com-Matija-Djedovic_01-800x615.jpg 800w, https:\/\/arhitekta.co.rs\/en\/wp-content\/uploads\/2022\/02\/Projekat-srpske-pravoslavne-crkve-Serbian-orthodox-church-project-\u00a9-Architects-MD-www.architectsmd.com-Matija-Djedovic_01-615x473.jpg 615w, https:\/\/arhitekta.co.rs\/en\/wp-content\/uploads\/2022\/02\/Projekat-srpske-pravoslavne-crkve-Serbian-orthodox-church-project-\u00a9-Architects-MD-www.architectsmd.com-Matija-Djedovic_01-400x307.jpg 400w\" sizes=\"auto, (min-width: 900px) 50vw, 100vw\" \/>\t\t\t\t\t<span class='icon shortcode theme  use-hover' style=''>&#58897;<\/span>\t\t\t\t<\/a>\n\t\t\t\t\t<\/div>\n\t\t<div class=\"post-actions-wrapper clearfix\">\n\t\t\t\t\t<div class=\"post-date\">\n\t\t\t\tFebruary 22, 2022\t\t\t<\/div>\n\t\t\t\t\t\t\t\n\t\t\t\t\t\t<\/div>\n\n<\/div>\n\t<div class=\"post-content-wrapper\">\n\t\t\t\t<header class=\"single\">\n\t\t\t<div class=\"content\">\n\t\t\t\t<h3>\n\t\t\t\t\t<a href=\"https:\/\/arhitekta.co.rs\/en\/serbian-architecture\/serbian-orthodox-church-project\/\" title=\"SERBIAN ORTHODOX CHURCH PROJECT\" class=\"entry-title\">SERBIAN ORTHODOX CHURCH PROJECT<\/a>\n\t\t\t\t<\/h3>\n\t\t\t<\/div>\n\t\t<\/header>\n\t\n\t\t<div class=\"post-content-outer\">\n\t\t\t<p>In contrast to the traditional church architecture, Orthodox Church is designed in a contemporary way&#8230;<\/p>\n\t\t<\/div>\n\n\t\t\n\t\t\t\t\t<div class=\"post-content-meta\">\n\t\t\t\t<div>\n\t\t\t\t\tPosted in:  <a href=\"https:\/\/arhitekta.co.rs\/en\/category\/serbian-architecture\/\" rel=\"category tag\">Serbian architecture<\/a>\t\t\t\t<\/div>\n\t\t\t\t<div class=\"the-tags\">Tags: <a href=\"https:\/\/arhitekta.co.rs\/en\/tag\/project\/\" rel=\"tag\">project<\/a>, <a href=\"https:\/\/arhitekta.co.rs\/en\/tag\/serbian-architecture\/\" rel=\"tag\">Serbian architecture<\/a>, <a href=\"https:\/\/arhitekta.co.rs\/en\/tag\/serbian-orthodox-church\/\" rel=\"tag\">Serbian orthodox church<\/a><\/div>\t\t\t<\/div>\n\t\t\t<\/div>\n\t<\/div>\n<\/div>\n\t\t\t\t<\/div>\n\t\t\t\t\t\t\t<div class=\"page-content post-head list-item cbp-item post-27956 post type-post status-publish format-standard has-post-thumbnail hentry category-serbian-architecture tag-architects-md tag-matija-djedovic\">\n\t\t\t\t\t<div class=\"post-article has-image-wrapper \">\n\t<div class=\"standard-post-format clearfix as-image \">\n\t\t<div class=\"post-media-date\">\n\t\t\t<div class=\"thumbnail\">\n\t\t\t\t\t\t\t<a href=\"https:\/\/arhitekta.co.rs\/en\/serbian-architecture\/a-design-that-resists-time\/\" title=\"A DESIGN THAT RESISTS TIME\">\n\t\t\t\t\t<img loading=\"lazy\" decoding=\"async\" width=\"292\" height=\"225\" src=\"https:\/\/arhitekta.co.rs\/en\/wp-content\/uploads\/2021\/12\/17-292x225.jpg\" class=\"attachment-theme-loop-4 size-theme-loop-4 wp-post-image\" alt=\"\" srcset=\"https:\/\/arhitekta.co.rs\/en\/wp-content\/uploads\/2021\/12\/17-292x225.jpg 292w, https:\/\/arhitekta.co.rs\/en\/wp-content\/uploads\/2021\/12\/17-800x615.jpg 800w, https:\/\/arhitekta.co.rs\/en\/wp-content\/uploads\/2021\/12\/17-615x473.jpg 615w, https:\/\/arhitekta.co.rs\/en\/wp-content\/uploads\/2021\/12\/17-400x307.jpg 400w\" sizes=\"auto, (min-width: 900px) 50vw, 100vw\" \/>\t\t\t\t\t<span class='icon shortcode theme  use-hover' style=''>&#58897;<\/span>\t\t\t\t<\/a>\n\t\t\t\t\t<\/div>\n\t\t<div class=\"post-actions-wrapper clearfix\">\n\t\t\t\t\t<div class=\"post-date\">\n\t\t\t\tDecember 2, 2021\t\t\t<\/div>\n\t\t\t\t\t\t\t\n\t\t\t\t\t\t<\/div>\n\n<\/div>\n\t<div class=\"post-content-wrapper\">\n\t\t\t\t<header class=\"single\">\n\t\t\t<div class=\"content\">\n\t\t\t\t<h3>\n\t\t\t\t\t<a href=\"https:\/\/arhitekta.co.rs\/en\/serbian-architecture\/a-design-that-resists-time\/\" title=\"A DESIGN THAT RESISTS TIME\" class=\"entry-title\">A DESIGN THAT RESISTS TIME<\/a>\n\t\t\t\t<\/h3>\n\t\t\t<\/div>\n\t\t<\/header>\n\t\n\t\t<div class=\"post-content-outer\">\n\t\t\t<p>An apartment that exudes comfort, luxury and functionality&#8230; This apartment was specially designed according to&#8230;<\/p>\n\t\t<\/div>\n\n\t\t\n\t\t\t\t\t<div class=\"post-content-meta\">\n\t\t\t\t<div>\n\t\t\t\t\tPosted in:  <a href=\"https:\/\/arhitekta.co.rs\/en\/category\/serbian-architecture\/\" rel=\"category tag\">Serbian architecture<\/a>\t\t\t\t<\/div>\n\t\t\t\t<div class=\"the-tags\">Tags: <a href=\"https:\/\/arhitekta.co.rs\/en\/tag\/architects-md\/\" rel=\"tag\">Architects MD<\/a>, <a href=\"https:\/\/arhitekta.co.rs\/en\/tag\/matija-djedovic\/\" rel=\"tag\">Matija Djedovic<\/a><\/div>\t\t\t<\/div>\n\t\t\t<\/div>\n\t<\/div>\n<\/div>\n\t\t\t\t<\/div>\n\t\t\t\t<\/div>\n<\/div>\n\n<\/div><\/div>\n<div class=\"push \" style=\"height:30px\"><\/div><\/div><\/div><\/div>\n","protected":false},"excerpt":{"rendered":"<p>An apartment that exudes comfort, luxury and functionality&#8230; This apartment was specially designed according to the wishes, dreams and needs of the client. Connecting simplicity and luxury, functionality and prestige. Merge to the look of incompatible. Project: interior of DS apartment Place: \u010ca\u010dak, Serbia Year: project 2019 &#8211; execution 2021 Surface: 63 m\u00b2 Author: Architects&#8230;<\/p>\n","protected":false},"author":1,"featured_media":29312,"parent":0,"menu_order":0,"comment_status":"closed","ping_status":"closed","template":"","meta":{"_exactmetrics_skip_tracking":false,"_vp_format_video_url":"","_vp_image_focal_point":[],"footnotes":""},"class_list":["post-9901","page","type-page","status-publish","has-post-thumbnail","hentry"],"yoast_head":"<!-- This site is optimized with the Yoast SEO plugin v28.1 - https:\/\/yoast.com\/product\/yoast-seo-wordpress\/ -->\n<title>Arhitekta - architecture magazine<\/title>\n<meta name=\"description\" content=\"World architecture, projects, interviews, the most creative people and news. Arhitekta is a modern, professional magazine about architecture. Each project is carefully selected and presented in details...\" \/>\n<meta name=\"robots\" content=\"index, follow, max-snippet:-1, max-image-preview:large, max-video-preview:-1\" \/>\n<link rel=\"canonical\" href=\"https:\/\/arhitekta.co.rs\/en\/\" \/>\n<meta property=\"og:locale\" content=\"en_US\" \/>\n<meta property=\"og:type\" content=\"article\" \/>\n<meta property=\"og:title\" content=\"Arhitekta - architecture magazine\" \/>\n<meta property=\"og:description\" content=\"World architecture, projects, interviews, the most creative people and news. Arhitekta is a modern, professional magazine about architecture. Each project is carefully selected and presented in details...\" \/>\n<meta property=\"og:url\" content=\"https:\/\/arhitekta.co.rs\/en\/\" \/>\n<meta property=\"og:site_name\" content=\"Arhitekta - architecture magazine\" \/>\n<meta property=\"article:publisher\" content=\"https:\/\/www.facebook.com\/ArhitektaCasopis\/\" \/>\n<meta property=\"article:modified_time\" content=\"2026-06-10T00:32:51+00:00\" \/>\n<meta property=\"og:image\" content=\"https:\/\/arhitekta.co.rs\/en\/wp-content\/uploads\/revslider\/homepage-af-5-holcim\/dreamstime_430599013.jpg\" \/>\n\t<meta property=\"og:image:width\" content=\"2000\" \/>\n\t<meta property=\"og:image:height\" content=\"1121\" \/>\n\t<meta property=\"og:image:type\" content=\"image\/jpeg\" \/>\n<meta name=\"twitter:card\" content=\"summary_large_image\" \/>\n<meta name=\"twitter:label1\" content=\"Est. reading time\" \/>\n\t<meta name=\"twitter:data1\" content=\"4 minutes\" \/>\n<script type=\"application\/ld+json\" class=\"yoast-schema-graph\">{\"@context\":\"https:\\\/\\\/schema.org\",\"@graph\":[{\"@type\":\"WebPage\",\"@id\":\"https:\\\/\\\/arhitekta.co.rs\\\/en\\\/\",\"url\":\"https:\\\/\\\/arhitekta.co.rs\\\/en\\\/\",\"name\":\"Arhitekta - architecture magazine\",\"isPartOf\":{\"@id\":\"https:\\\/\\\/arhitekta.co.rs\\\/en\\\/#website\"},\"primaryImageOfPage\":{\"@id\":\"https:\\\/\\\/arhitekta.co.rs\\\/en\\\/#primaryimage\"},\"image\":{\"@id\":\"https:\\\/\\\/arhitekta.co.rs\\\/en\\\/#primaryimage\"},\"thumbnailUrl\":\"https:\\\/\\\/arhitekta.co.rs\\\/en\\\/wp-content\\\/uploads\\\/revslider\\\/homepage-af-5-holcim\\\/dreamstime_430599013.jpg\",\"datePublished\":\"2021-10-20T08:39:40+00:00\",\"dateModified\":\"2026-06-10T00:32:51+00:00\",\"description\":\"World architecture, projects, interviews, the most creative people and news. Arhitekta is a modern, professional magazine about architecture. Each project is carefully selected and presented in details...\",\"breadcrumb\":{\"@id\":\"https:\\\/\\\/arhitekta.co.rs\\\/en\\\/#breadcrumb\"},\"inLanguage\":\"en-US\",\"potentialAction\":[{\"@type\":\"ReadAction\",\"target\":[\"https:\\\/\\\/arhitekta.co.rs\\\/en\\\/\"]}]},{\"@type\":\"ImageObject\",\"inLanguage\":\"en-US\",\"@id\":\"https:\\\/\\\/arhitekta.co.rs\\\/en\\\/#primaryimage\",\"url\":\"https:\\\/\\\/arhitekta.co.rs\\\/en\\\/wp-content\\\/uploads\\\/revslider\\\/homepage-af-5-holcim\\\/dreamstime_430599013.jpg\",\"contentUrl\":\"https:\\\/\\\/arhitekta.co.rs\\\/en\\\/wp-content\\\/uploads\\\/revslider\\\/homepage-af-5-holcim\\\/dreamstime_430599013.jpg\",\"width\":2000,\"height\":1121},{\"@type\":\"BreadcrumbList\",\"@id\":\"https:\\\/\\\/arhitekta.co.rs\\\/en\\\/#breadcrumb\",\"itemListElement\":[{\"@type\":\"ListItem\",\"position\":1,\"name\":\"\u041f\u043e\u0447\u0435\u0442\u043d\u0430\",\"item\":\"https:\\\/\\\/arhitekta.co.rs\\\/en\\\/\"},{\"@type\":\"ListItem\",\"position\":2,\"name\":\"HOME\"}]},{\"@type\":\"WebSite\",\"@id\":\"https:\\\/\\\/arhitekta.co.rs\\\/en\\\/#website\",\"url\":\"https:\\\/\\\/arhitekta.co.rs\\\/en\\\/\",\"name\":\"Arhitekta - architecture magazine\",\"description\":\"\",\"publisher\":{\"@id\":\"https:\\\/\\\/arhitekta.co.rs\\\/en\\\/#organization\"},\"potentialAction\":[{\"@type\":\"SearchAction\",\"target\":{\"@type\":\"EntryPoint\",\"urlTemplate\":\"https:\\\/\\\/arhitekta.co.rs\\\/en\\\/?s={search_term_string}\"},\"query-input\":{\"@type\":\"PropertyValueSpecification\",\"valueRequired\":true,\"valueName\":\"search_term_string\"}}],\"inLanguage\":\"en-US\"},{\"@type\":\"Organization\",\"@id\":\"https:\\\/\\\/arhitekta.co.rs\\\/en\\\/#organization\",\"name\":\"Arhitekta - architecture magazine\",\"url\":\"https:\\\/\\\/arhitekta.co.rs\\\/en\\\/\",\"logo\":{\"@type\":\"ImageObject\",\"inLanguage\":\"en-US\",\"@id\":\"https:\\\/\\\/arhitekta.co.rs\\\/en\\\/#\\\/schema\\\/logo\\\/image\\\/\",\"url\":\"https:\\\/\\\/arhitekta.co.rs\\\/en\\\/wp-content\\\/uploads\\\/2020\\\/06\\\/logo-black.png\",\"contentUrl\":\"https:\\\/\\\/arhitekta.co.rs\\\/en\\\/wp-content\\\/uploads\\\/2020\\\/06\\\/logo-black.png\",\"width\":648,\"height\":173,\"caption\":\"Arhitekta - architecture magazine\"},\"image\":{\"@id\":\"https:\\\/\\\/arhitekta.co.rs\\\/en\\\/#\\\/schema\\\/logo\\\/image\\\/\"},\"sameAs\":[\"https:\\\/\\\/www.facebook.com\\\/ArhitektaCasopis\\\/\",\"https:\\\/\\\/www.linkedin.com\\\/in\\\/arhitekta-casopis\\\/\",\"https:\\\/\\\/www.youtube.com\\\/@arhitekta-casopis\\\/podcasts\",\"https:\\\/\\\/podcasters.spotify.com\\\/pod\\\/show\\\/arhitekta-podcast\"]}]}<\/script>\n<!-- \/ Yoast SEO plugin. -->","yoast_head_json":{"title":"Arhitekta - architecture magazine","description":"World architecture, projects, interviews, the most creative people and news. Arhitekta is a modern, professional magazine about architecture. Each project is carefully selected and presented in details...","robots":{"index":"index","follow":"follow","max-snippet":"max-snippet:-1","max-image-preview":"max-image-preview:large","max-video-preview":"max-video-preview:-1"},"canonical":"https:\/\/arhitekta.co.rs\/en\/","og_locale":"en_US","og_type":"article","og_title":"Arhitekta - architecture magazine","og_description":"World architecture, projects, interviews, the most creative people and news. Arhitekta is a modern, professional magazine about architecture. Each project is carefully selected and presented in details...","og_url":"https:\/\/arhitekta.co.rs\/en\/","og_site_name":"Arhitekta - architecture magazine","article_publisher":"https:\/\/www.facebook.com\/ArhitektaCasopis\/","article_modified_time":"2026-06-10T00:32:51+00:00","og_image":[{"width":2000,"height":1121,"url":"https:\/\/arhitekta.co.rs\/en\/wp-content\/uploads\/revslider\/homepage-af-5-holcim\/dreamstime_430599013.jpg","type":"image\/jpeg"}],"twitter_card":"summary_large_image","twitter_misc":{"Est. reading time":"4 minutes"},"schema":{"@context":"https:\/\/schema.org","@graph":[{"@type":"WebPage","@id":"https:\/\/arhitekta.co.rs\/en\/","url":"https:\/\/arhitekta.co.rs\/en\/","name":"Arhitekta - architecture magazine","isPartOf":{"@id":"https:\/\/arhitekta.co.rs\/en\/#website"},"primaryImageOfPage":{"@id":"https:\/\/arhitekta.co.rs\/en\/#primaryimage"},"image":{"@id":"https:\/\/arhitekta.co.rs\/en\/#primaryimage"},"thumbnailUrl":"https:\/\/arhitekta.co.rs\/en\/wp-content\/uploads\/revslider\/homepage-af-5-holcim\/dreamstime_430599013.jpg","datePublished":"2021-10-20T08:39:40+00:00","dateModified":"2026-06-10T00:32:51+00:00","description":"World architecture, projects, interviews, the most creative people and news. Arhitekta is a modern, professional magazine about architecture. Each project is carefully selected and presented in details...","breadcrumb":{"@id":"https:\/\/arhitekta.co.rs\/en\/#breadcrumb"},"inLanguage":"en-US","potentialAction":[{"@type":"ReadAction","target":["https:\/\/arhitekta.co.rs\/en\/"]}]},{"@type":"ImageObject","inLanguage":"en-US","@id":"https:\/\/arhitekta.co.rs\/en\/#primaryimage","url":"https:\/\/arhitekta.co.rs\/en\/wp-content\/uploads\/revslider\/homepage-af-5-holcim\/dreamstime_430599013.jpg","contentUrl":"https:\/\/arhitekta.co.rs\/en\/wp-content\/uploads\/revslider\/homepage-af-5-holcim\/dreamstime_430599013.jpg","width":2000,"height":1121},{"@type":"BreadcrumbList","@id":"https:\/\/arhitekta.co.rs\/en\/#breadcrumb","itemListElement":[{"@type":"ListItem","position":1,"name":"\u041f\u043e\u0447\u0435\u0442\u043d\u0430","item":"https:\/\/arhitekta.co.rs\/en\/"},{"@type":"ListItem","position":2,"name":"HOME"}]},{"@type":"WebSite","@id":"https:\/\/arhitekta.co.rs\/en\/#website","url":"https:\/\/arhitekta.co.rs\/en\/","name":"Arhitekta - architecture magazine","description":"","publisher":{"@id":"https:\/\/arhitekta.co.rs\/en\/#organization"},"potentialAction":[{"@type":"SearchAction","target":{"@type":"EntryPoint","urlTemplate":"https:\/\/arhitekta.co.rs\/en\/?s={search_term_string}"},"query-input":{"@type":"PropertyValueSpecification","valueRequired":true,"valueName":"search_term_string"}}],"inLanguage":"en-US"},{"@type":"Organization","@id":"https:\/\/arhitekta.co.rs\/en\/#organization","name":"Arhitekta - architecture magazine","url":"https:\/\/arhitekta.co.rs\/en\/","logo":{"@type":"ImageObject","inLanguage":"en-US","@id":"https:\/\/arhitekta.co.rs\/en\/#\/schema\/logo\/image\/","url":"https:\/\/arhitekta.co.rs\/en\/wp-content\/uploads\/2020\/06\/logo-black.png","contentUrl":"https:\/\/arhitekta.co.rs\/en\/wp-content\/uploads\/2020\/06\/logo-black.png","width":648,"height":173,"caption":"Arhitekta - architecture magazine"},"image":{"@id":"https:\/\/arhitekta.co.rs\/en\/#\/schema\/logo\/image\/"},"sameAs":["https:\/\/www.facebook.com\/ArhitektaCasopis\/","https:\/\/www.linkedin.com\/in\/arhitekta-casopis\/","https:\/\/www.youtube.com\/@arhitekta-casopis\/podcasts","https:\/\/podcasters.spotify.com\/pod\/show\/arhitekta-podcast"]}]}},"_links":{"self":[{"href":"https:\/\/arhitekta.co.rs\/en\/wp-json\/wp\/v2\/pages\/9901","targetHints":{"allow":["GET"]}}],"collection":[{"href":"https:\/\/arhitekta.co.rs\/en\/wp-json\/wp\/v2\/pages"}],"about":[{"href":"https:\/\/arhitekta.co.rs\/en\/wp-json\/wp\/v2\/types\/page"}],"author":[{"embeddable":true,"href":"https:\/\/arhitekta.co.rs\/en\/wp-json\/wp\/v2\/users\/1"}],"replies":[{"embeddable":true,"href":"https:\/\/arhitekta.co.rs\/en\/wp-json\/wp\/v2\/comments?post=9901"}],"version-history":[{"count":108,"href":"https:\/\/arhitekta.co.rs\/en\/wp-json\/wp\/v2\/pages\/9901\/revisions"}],"predecessor-version":[{"id":29377,"href":"https:\/\/arhitekta.co.rs\/en\/wp-json\/wp\/v2\/pages\/9901\/revisions\/29377"}],"wp:featuredmedia":[{"embeddable":true,"href":"https:\/\/arhitekta.co.rs\/en\/wp-json\/wp\/v2\/media\/29312"}],"wp:attachment":[{"href":"https:\/\/arhitekta.co.rs\/en\/wp-json\/wp\/v2\/media?parent=9901"}],"curies":[{"name":"wp","href":"https:\/\/api.w.org\/{rel}","templated":true}]}}